{"id":841,"date":"2020-05-25T06:07:56","date_gmt":"2020-05-25T05:07:56","guid":{"rendered":"http:\/\/neukirch-sachsen.de\/?page_id=841"},"modified":"2020-05-25T06:08:41","modified_gmt":"2020-05-25T05:08:41","slug":"allgemeine-beitraege","status":"publish","type":"page","link":"https:\/\/neukirch-sachsen.de\/?page_id=841","title":{"rendered":"Allgemeine Beitr\u00e4ge"},"content":{"rendered":"<ul class=\"wp-block-latest-posts__list wp-block-latest-posts\"><li><a class=\"wp-block-latest-posts__post-title\" href=\"https:\/\/neukirch-sachsen.de\/?p=3242\">Kalender 2026<\/a><div class=\"wp-block-latest-posts__post-full-content\"><!-- wp:paragraph -->\n<p>Liebe Freunde unserer Kulturlandschaft,<\/p>\n<!-- \/wp:paragraph -->\n\n<!-- wp:paragraph -->\n<p>f\u00fcr 2026 haben wir f\u00fcr Euch wieder einen Fotokalender mit stimmungsvollen Aufnahmen aus unserer sch\u00f6nen Gegend zusammengestellt. Dank der Unterst\u00fctzung engagierter Hobbyfotografen und vieler eigener Entdeckungstouren im Laufe des Jahres zeigt sich darin eine neue Qualit\u00e4t und Vielfalt.<br>Wer Freude an sch\u00f6nen, regionalen Fotos hat und\/oder noch ein passendes Geschenk sucht, kann den Kalender f\u00fcr 10 Euro erwerben.<\/p>\n<!-- \/wp:paragraph -->\n\n<!-- wp:paragraph -->\n<p>Er ist ab November auch in folgenden Gesch\u00e4ften erh\u00e4ltlich:<\/p>\n<!-- \/wp:paragraph -->\n\n<!-- wp:uagb\/icon-list {\"block_id\":\"f577dd8c\",\"classMigrate\":true,\"childMigrate\":true,\"fontSize\":16,\"fontWeight\":\"\",\"fontTransform\":\"\",\"fontDecoration\":\"\",\"lineHeight\":0.6,\"labelLetterSpacing\":0,\"blockTopMargin\":16,\"blockRightMargin\":0,\"blockLeftMargin\":0,\"blockBottomMargin\":16,\"blockTopPadding\":20,\"blockRightPadding\":38,\"blockLeftPadding\":38,\"blockBottomPadding\":20} -->\n<div class=\"wp-block-uagb-icon-list uagb-block-f577dd8c\"><div class=\"uagb-icon-list__wrap\"><!-- wp:uagb\/icon-list-child {\"block_id\":\"e24ec622\",\"label\":\"B\u00e4ckerei Heydn in Neukirch\",\"label_color\":\"\"} -->\n<div class=\"wp-block-uagb-icon-list-child uagb-block-e24ec622\"><span class=\"uagb-icon-list__source-wrap\"><svg xmlns=\"https:\/\/www.w3.org\/2000\/svg\" viewBox=\"0 0 512 512\"><path d=\"M256 0C114.6 0 0 114.6 0 256c0 141.4 114.6 256 256 256s256-114.6 256-256C512 114.6 397.4 0 256 0zM406.6 278.6l-103.1 103.1c-12.5 12.5-32.75 12.5-45.25 0s-12.5-32.75 0-45.25L306.8 288H128C110.3 288 96 273.7 96 256s14.31-32 32-32h178.8l-49.38-49.38c-12.5-12.5-12.5-32.75 0-45.25s32.75-12.5 45.25 0l103.1 103.1C414.6 241.3 416 251.1 416 256C416 260.9 414.6 270.7 406.6 278.6z\"><\/path><\/svg><\/span><span class=\"uagb-icon-list__label\">B\u00e4ckerei Heydn in Neukirch<\/span><\/div>\n<!-- \/wp:uagb\/icon-list-child -->\n\n<!-- wp:uagb\/icon-list-child {\"block_id\":\"278e7aa5\",\"label\":\"Buchhandlung Kamenz (Markt 6)\",\"label_color\":\"\"} -->\n<div class=\"wp-block-uagb-icon-list-child uagb-block-278e7aa5\"><span class=\"uagb-icon-list__source-wrap\"><svg xmlns=\"https:\/\/www.w3.org\/2000\/svg\" viewBox=\"0 0 512 512\"><path d=\"M256 0C114.6 0 0 114.6 0 256c0 141.4 114.6 256 256 256s256-114.6 256-256C512 114.6 397.4 0 256 0zM406.6 278.6l-103.1 103.1c-12.5 12.5-32.75 12.5-45.25 0s-12.5-32.75 0-45.25L306.8 288H128C110.3 288 96 273.7 96 256s14.31-32 32-32h178.8l-49.38-49.38c-12.5-12.5-12.5-32.75 0-45.25s32.75-12.5 45.25 0l103.1 103.1C414.6 241.3 416 251.1 416 256C416 260.9 414.6 270.7 406.6 278.6z\"><\/path><\/svg><\/span><span class=\"uagb-icon-list__label\">Buchhandlung Kamenz (Markt 6)<\/span><\/div>\n<!-- \/wp:uagb\/icon-list-child -->\n\n<!-- wp:uagb\/icon-list-child {\"block_id\":\"2941b988\",\"label\":\"Friseurstudio Silvia Tanner in Brauna (Am Wiesenteich 6)\"} -->\n<div class=\"wp-block-uagb-icon-list-child uagb-block-2941b988\"><span class=\"uagb-icon-list__source-wrap\"><svg xmlns=\"https:\/\/www.w3.org\/2000\/svg\" viewBox=\"0 0 512 512\"><path d=\"M256 0C114.6 0 0 114.6 0 256c0 141.4 114.6 256 256 256s256-114.6 256-256C512 114.6 397.4 0 256 0zM406.6 278.6l-103.1 103.1c-12.5 12.5-32.75 12.5-45.25 0s-12.5-32.75 0-45.25L306.8 288H128C110.3 288 96 273.7 96 256s14.31-32 32-32h178.8l-49.38-49.38c-12.5-12.5-12.5-32.75 0-45.25s32.75-12.5 45.25 0l103.1 103.1C414.6 241.3 416 251.1 416 256C416 260.9 414.6 270.7 406.6 278.6z\"><\/path><\/svg><\/span><span class=\"uagb-icon-list__label\">Friseurstudio Silvia Tanner in Brauna (Am Wiesenteich 6)<\/span><\/div>\n<!-- \/wp:uagb\/icon-list-child --><\/div><\/div>\n<!-- \/wp:uagb\/icon-list -->\n\n<!-- wp:paragraph -->\n<p>Au\u00dferdem auf den Weihnachtsm\u00e4rkten in<\/p>\n<!-- \/wp:paragraph -->\n\n<!-- wp:uagb\/icon-list {\"block_id\":\"18bcf327\",\"classMigrate\":true,\"childMigrate\":true,\"fontSize\":16,\"fontWeight\":\"\",\"fontTransform\":\"\",\"fontDecoration\":\"\",\"lineHeight\":0.6,\"labelLetterSpacing\":0,\"blockTopMargin\":16,\"blockRightMargin\":0,\"blockLeftMargin\":0,\"blockBottomMargin\":16,\"blockTopPadding\":20,\"blockRightPadding\":38,\"blockLeftPadding\":38,\"blockBottomPadding\":20} -->\n<div class=\"wp-block-uagb-icon-list uagb-block-18bcf327\"><div class=\"uagb-icon-list__wrap\"><!-- wp:uagb\/icon-list-child {\"block_id\":\"b50fd7ce\",\"label\":\"Brauna, 28. November, ab 17 Uhr\",\"label_color\":\"\"} -->\n<div class=\"wp-block-uagb-icon-list-child uagb-block-b50fd7ce\"><span class=\"uagb-icon-list__source-wrap\"><svg xmlns=\"https:\/\/www.w3.org\/2000\/svg\" viewBox=\"0 0 512 512\"><path d=\"M256 0C114.6 0 0 114.6 0 256c0 141.4 114.6 256 256 256s256-114.6 256-256C512 114.6 397.4 0 256 0zM406.6 278.6l-103.1 103.1c-12.5 12.5-32.75 12.5-45.25 0s-12.5-32.75 0-45.25L306.8 288H128C110.3 288 96 273.7 96 256s14.31-32 32-32h178.8l-49.38-49.38c-12.5-12.5-12.5-32.75 0-45.25s32.75-12.5 45.25 0l103.1 103.1C414.6 241.3 416 251.1 416 256C416 260.9 414.6 270.7 406.6 278.6z\"><\/path><\/svg><\/span><span class=\"uagb-icon-list__label\">Brauna, 28. November, ab 17 Uhr<\/span><\/div>\n<!-- \/wp:uagb\/icon-list-child -->\n\n<!-- wp:uagb\/icon-list-child {\"block_id\":\"270a0c5f\",\"label\":\"Gottschdorf (2. Advent)\",\"label_color\":\"\"} -->\n<div class=\"wp-block-uagb-icon-list-child uagb-block-270a0c5f\"><span class=\"uagb-icon-list__source-wrap\"><svg xmlns=\"https:\/\/www.w3.org\/2000\/svg\" viewBox=\"0 0 512 512\"><path d=\"M256 0C114.6 0 0 114.6 0 256c0 141.4 114.6 256 256 256s256-114.6 256-256C512 114.6 397.4 0 256 0zM406.6 278.6l-103.1 103.1c-12.5 12.5-32.75 12.5-45.25 0s-12.5-32.75 0-45.25L306.8 288H128C110.3 288 96 273.7 96 256s14.31-32 32-32h178.8l-49.38-49.38c-12.5-12.5-12.5-32.75 0-45.25s32.75-12.5 45.25 0l103.1 103.1C414.6 241.3 416 251.1 416 256C416 260.9 414.6 270.7 406.6 278.6z\"><\/path><\/svg><\/span><span class=\"uagb-icon-list__label\">Gottschdorf (2. Advent)<\/span><\/div>\n<!-- \/wp:uagb\/icon-list-child -->\n\n<!-- wp:uagb\/icon-list-child {\"block_id\":\"a3f0f321\",\"label\":\"Neukirch (3. Advent)\",\"label_color\":\"\"} -->\n<div class=\"wp-block-uagb-icon-list-child uagb-block-a3f0f321\"><span class=\"uagb-icon-list__source-wrap\"><svg xmlns=\"https:\/\/www.w3.org\/2000\/svg\" viewBox=\"0 0 512 512\"><path d=\"M256 0C114.6 0 0 114.6 0 256c0 141.4 114.6 256 256 256s256-114.6 256-256C512 114.6 397.4 0 256 0zM406.6 278.6l-103.1 103.1c-12.5 12.5-32.75 12.5-45.25 0s-12.5-32.75 0-45.25L306.8 288H128C110.3 288 96 273.7 96 256s14.31-32 32-32h178.8l-49.38-49.38c-12.5-12.5-12.5-32.75 0-45.25s32.75-12.5 45.25 0l103.1 103.1C414.6 241.3 416 251.1 416 256C416 260.9 414.6 270.7 406.6 278.6z\"><\/path><\/svg><\/span><span class=\"uagb-icon-list__label\">Neukirch (3. Advent)<\/span><\/div>\n<!-- \/wp:uagb\/icon-list-child -->\n\n<!-- wp:uagb\/icon-list-child {\"block_id\":\"958980bf\",\"label\":\"Schwepnitz (Bude der Kirchgemeinde), 29.\/30. November, ab 12 Uhr\",\"label_color\":\"\"} -->\n<div class=\"wp-block-uagb-icon-list-child uagb-block-958980bf\"><span class=\"uagb-icon-list__source-wrap\"><svg xmlns=\"https:\/\/www.w3.org\/2000\/svg\" viewBox=\"0 0 512 512\"><path d=\"M256 0C114.6 0 0 114.6 0 256c0 141.4 114.6 256 256 256s256-114.6 256-256C512 114.6 397.4 0 256 0zM406.6 278.6l-103.1 103.1c-12.5 12.5-32.75 12.5-45.25 0s-12.5-32.75 0-45.25L306.8 288H128C110.3 288 96 273.7 96 256s14.31-32 32-32h178.8l-49.38-49.38c-12.5-12.5-12.5-32.75 0-45.25s32.75-12.5 45.25 0l103.1 103.1C414.6 241.3 416 251.1 416 256C416 260.9 414.6 270.7 406.6 278.6z\"><\/path><\/svg><\/span><span class=\"uagb-icon-list__label\">Schwepnitz (Bude der Kirchgemeinde), 29.\/30. November, ab 12 Uhr<\/span><\/div>\n<!-- \/wp:uagb\/icon-list-child --><\/div><\/div>\n<!-- \/wp:uagb\/icon-list -->\n\n<!-- wp:paragraph -->\n<p>Nat\u00fcrlich k\u00f6nnt Ihr Euch gleich direkt an uns wenden oder eine E-Mail schreiben an kulturlandschaft@mail.de. <\/p>\n<!-- \/wp:paragraph -->\n\n<!-- wp:paragraph -->\n<p>Herzliche Gr\u00fc\u00dfe<br>Eure Kulturlandschafter<\/p>\n<!-- \/wp:paragraph -->\n\n<!-- wp:image {\"id\":3244,\"sizeSlug\":\"large\",\"linkDestination\":\"none\"} -->\n<figure class=\"wp-block-image size-large\"><img loading=\"lazy\" decoding=\"async\" width=\"1024\" height=\"728\" src=\"https:\/\/neukirch-sachsen.de\/wp-content\/uploads\/2025\/10\/1-1024x728.jpeg\" alt=\"\" class=\"wp-image-3244\" srcset=\"https:\/\/neukirch-sachsen.de\/wp-content\/uploads\/2025\/10\/1-1024x728.jpeg 1024w, https:\/\/neukirch-sachsen.de\/wp-content\/uploads\/2025\/10\/1-300x213.jpeg 300w, https:\/\/neukirch-sachsen.de\/wp-content\/uploads\/2025\/10\/1-768x546.jpeg 768w, https:\/\/neukirch-sachsen.de\/wp-content\/uploads\/2025\/10\/1-1536x1093.jpeg 1536w, https:\/\/neukirch-sachsen.de\/wp-content\/uploads\/2025\/10\/1-2048x1457.jpeg 2048w\" sizes=\"auto, (max-width: 1024px) 100vw, 1024px\" \/><\/figure>\n<!-- \/wp:image --><\/div><\/li>\n<li><a class=\"wp-block-latest-posts__post-title\" href=\"https:\/\/neukirch-sachsen.de\/?p=3219\">Tag des Offenen Denkmals<\/a><div class=\"wp-block-latest-posts__post-full-content\"><!-- wp:paragraph -->\n<p>Herzliche Einladung mal vorbei zu schauen!<\/p>\n<!-- \/wp:paragraph -->\n\n<!-- wp:image {\"id\":3222,\"sizeSlug\":\"large\",\"linkDestination\":\"none\"} -->\n<figure class=\"wp-block-image size-large\"><img loading=\"lazy\" decoding=\"async\" width=\"732\" height=\"1024\" src=\"https:\/\/neukirch-sachsen.de\/wp-content\/uploads\/2025\/09\/RGB_TdoD_2025_0001_PDF_zu_JPG-732x1024.jpg\" alt=\"\" class=\"wp-image-3222\" srcset=\"https:\/\/neukirch-sachsen.de\/wp-content\/uploads\/2025\/09\/RGB_TdoD_2025_0001_PDF_zu_JPG-732x1024.jpg 732w, https:\/\/neukirch-sachsen.de\/wp-content\/uploads\/2025\/09\/RGB_TdoD_2025_0001_PDF_zu_JPG-214x300.jpg 214w, https:\/\/neukirch-sachsen.de\/wp-content\/uploads\/2025\/09\/RGB_TdoD_2025_0001_PDF_zu_JPG-768x1075.jpg 768w, https:\/\/neukirch-sachsen.de\/wp-content\/uploads\/2025\/09\/RGB_TdoD_2025_0001_PDF_zu_JPG-1097x1536.jpg 1097w, https:\/\/neukirch-sachsen.de\/wp-content\/uploads\/2025\/09\/RGB_TdoD_2025_0001_PDF_zu_JPG-1463x2048.jpg 1463w, https:\/\/neukirch-sachsen.de\/wp-content\/uploads\/2025\/09\/RGB_TdoD_2025_0001_PDF_zu_JPG-scaled.jpg 1829w\" sizes=\"auto, (max-width: 732px) 100vw, 732px\" \/><\/figure>\n<!-- \/wp:image --><\/div><\/li>\n<li><a class=\"wp-block-latest-posts__post-title\" href=\"https:\/\/neukirch-sachsen.de\/?p=3209\">Wanderlust und R\u00e4tselfreude<\/a><div class=\"wp-block-latest-posts__post-full-content\"><!-- wp:paragraph -->\n<p>F\u00fcr Sylvia, Heidemarie und Ilona hat es sich gelohnt: Die drei Gewinnerinnen unseres Fotor\u00e4tsels vom Jahreskalender 2025 freuen sich \u00fcber den Leinwanddruck eines Motives ihrer Wahl. <\/p>\n<!-- \/wp:paragraph -->\n\n<!-- wp:paragraph -->\n<p>\u201eEs war gar nicht so einfach, die Fotos zuzuordnen\u201c, meinte Sylvia. \u201eDie Orte sehen zu einer anderen Jahreszeit wieder ganz anders aus.\u201c<\/p>\n<!-- \/wp:paragraph -->\n\n<!-- wp:paragraph -->\n<p>Ilona sagte bei der Preisverleihung, dass sie zuletzt ganz oft im Ochsenberggebiet unterwegs gewesen sei, teils auf Wegen, die sie noch nicht gekannt hatte.<br><br>Grund genug f\u00fcr alle, unsere sch\u00f6ne Landschaft vor Ort immer mal wieder zu erkunden, oder? <\/p>\n<!-- \/wp:paragraph -->\n\n<!-- wp:paragraph -->\n<p>Ein Gewinn ist es auf jeden Fall, auch ohne Preis beim Fotor\u00e4tsel.<br>Eure Kulturlandschaftler<\/p>\n<!-- \/wp:paragraph -->\n\n<!-- wp:gallery {\"linkTo\":\"none\"} -->\n<figure class=\"wp-block-gallery has-nested-images columns-default is-cropped\"><\/figure>\n<!-- \/wp:gallery -->\n\n<!-- wp:gallery {\"linkTo\":\"none\"} -->\n<figure class=\"wp-block-gallery has-nested-images columns-default is-cropped\"><!-- wp:image {\"id\":3215,\"sizeSlug\":\"large\",\"linkDestination\":\"none\"} -->\n<figure class=\"wp-block-image size-large\"><img loading=\"lazy\" decoding=\"async\" width=\"768\" height=\"1024\" src=\"https:\/\/neukirch-sachsen.de\/wp-content\/uploads\/2025\/08\/Preisverleihung_Sylvia_2-1-768x1024.jpeg\" alt=\"\" class=\"wp-image-3215\" srcset=\"https:\/\/neukirch-sachsen.de\/wp-content\/uploads\/2025\/08\/Preisverleihung_Sylvia_2-1-768x1024.jpeg 768w, https:\/\/neukirch-sachsen.de\/wp-content\/uploads\/2025\/08\/Preisverleihung_Sylvia_2-1-225x300.jpeg 225w, https:\/\/neukirch-sachsen.de\/wp-content\/uploads\/2025\/08\/Preisverleihung_Sylvia_2-1.jpeg 887w\" sizes=\"auto, (max-width: 768px) 100vw, 768px\" \/><\/figure>\n<!-- \/wp:image --><\/figure>\n<!-- \/wp:gallery -->\n\n<!-- wp:image {\"id\":3216,\"sizeSlug\":\"large\",\"linkDestination\":\"none\"} -->\n<figure class=\"wp-block-image size-large\"><img loading=\"lazy\" decoding=\"async\" width=\"768\" height=\"1024\" src=\"https:\/\/neukirch-sachsen.de\/wp-content\/uploads\/2025\/08\/Preisverleihung_Ilona_2-1-768x1024.jpeg\" alt=\"\" class=\"wp-image-3216\" srcset=\"https:\/\/neukirch-sachsen.de\/wp-content\/uploads\/2025\/08\/Preisverleihung_Ilona_2-1-768x1024.jpeg 768w, https:\/\/neukirch-sachsen.de\/wp-content\/uploads\/2025\/08\/Preisverleihung_Ilona_2-1-225x300.jpeg 225w, https:\/\/neukirch-sachsen.de\/wp-content\/uploads\/2025\/08\/Preisverleihung_Ilona_2-1.jpeg 1103w\" sizes=\"auto, (max-width: 768px) 100vw, 768px\" \/><\/figure>\n<!-- \/wp:image -->\n\n<!-- wp:image {\"id\":3217,\"sizeSlug\":\"full\",\"linkDestination\":\"none\"} -->\n<figure class=\"wp-block-image size-full\"><img loading=\"lazy\" decoding=\"async\" width=\"716\" height=\"954\" src=\"https:\/\/neukirch-sachsen.de\/wp-content\/uploads\/2025\/08\/Preisverleihung_Heidemarie_2-1.jpeg\" alt=\"\" class=\"wp-image-3217\" srcset=\"https:\/\/neukirch-sachsen.de\/wp-content\/uploads\/2025\/08\/Preisverleihung_Heidemarie_2-1.jpeg 716w, https:\/\/neukirch-sachsen.de\/wp-content\/uploads\/2025\/08\/Preisverleihung_Heidemarie_2-1-225x300.jpeg 225w\" sizes=\"auto, (max-width: 716px) 100vw, 716px\" \/><\/figure>\n<!-- \/wp:image --><\/div><\/li>\n<li><a class=\"wp-block-latest-posts__post-title\" href=\"https:\/\/neukirch-sachsen.de\/?p=3199\">Mutwillige Zerst\u00f6rung<\/a><div class=\"wp-block-latest-posts__post-full-content\"><!-- wp:paragraph -->\n<p>Am letzten Juliwochenende wurde am Ortsausgang bei Rohrbach nahe des Moorgebietes Zipfelteich unsere Informationstafel \u201eDie Kulturlandschaft Wei\u00dfe Berge \u2013 Ochsenberg und die Moore\u201c mit Hilfe eines Fahrzeuges zerst\u00f6rt. Der Holztr\u00e4ger wurde dadurch zerbrochen und die Infotafel entwendet. Alles deutet darauf hin, dass dies bewusst und in voller Absicht geschah. \u00dcber m\u00f6gliche Gr\u00fcnde k\u00f6nnen wir nur mutma\u00dfen.<\/p>\n<!-- \/wp:paragraph -->\n\n<!-- wp:paragraph -->\n<p>Die Tafel hat einen finanziellen Wert von ca. 500 Euro. Wir konnten sie \u00fcber eine Beteiligung am Simul+Mitmachwettbewerb finanzieren. Hinter dieser Tafel stehen jedoch unz\u00e4hlige Stunden ehrenamtlicher Arbeit von uns: die Konzepterarbeitung zur Beteiligung am Wettbewerb, das umfangreiche Erarbeiten der Inhalte der Tafel, das Erstellen von Schaubildern und Fotos, alles gut zueinander in Form bringen, in den Druck geben und zuletzt die (wirklich m\u00fchevolle) Montage vor Ort.<\/p>\n<!-- \/wp:paragraph -->\n\n<!-- wp:paragraph -->\n<p>Wir \u00e4rgern uns wirklich sehr dar\u00fcber, dass &#8211; wer auch immer &#8211; unsere monatelange Arbeit einfach so mit Absicht zerst\u00f6rt.<\/p>\n<!-- \/wp:paragraph -->\n\n<!-- wp:paragraph -->\n<p>Uns liegt die Wissensvermittlung zur Kulturlandschaft Wei\u00dfe Berge \u2013 Ochsenberg weiterhin am Herzen. Wir werden deshalb versuchen, eine neue Tafel zu finanzieren und zeitnah zu ersetzen.<\/p>\n<!-- \/wp:paragraph -->\n\n<!-- wp:paragraph -->\n<p>Zum Gl\u00fcck erleben wir vielf\u00e4ltige Unterst\u00fctzung und positive Resonanz f\u00fcr unsere Arbeit von Euch. Das gibt uns die Kraft, weiter f\u00fcr den Erhalt unserer sch\u00fctzenswerten Umwelt einzutreten, auch wenn wir uns damit augenscheinlich nicht nur Freunde machen. Und falls jemand von Euch irgendwo unsere gestohlene Infotafel entdeckt \u2013 gebt uns gern einen Hinweis dazu. <\/p>\n<!-- \/wp:paragraph -->\n\n<!-- wp:paragraph -->\n<p>Eure gerade ganz sch\u00f6n frustrierten Kulturlandschaftler<\/p>\n<!-- \/wp:paragraph -->\n\n<!-- wp:image {\"id\":3201,\"width\":\"498px\",\"height\":\"auto\",\"sizeSlug\":\"large\",\"linkDestination\":\"none\"} -->\n<figure class=\"wp-block-image size-large is-resized\"><img loading=\"lazy\" decoding=\"async\" width=\"768\" height=\"1024\" src=\"https:\/\/neukirch-sachsen.de\/wp-content\/uploads\/2025\/07\/Rahmen-1-768x1024.jpg\" alt=\"\" class=\"wp-image-3201\" style=\"width:498px;height:auto\" srcset=\"https:\/\/neukirch-sachsen.de\/wp-content\/uploads\/2025\/07\/Rahmen-1-768x1024.jpg 768w, https:\/\/neukirch-sachsen.de\/wp-content\/uploads\/2025\/07\/Rahmen-1-225x300.jpg 225w, https:\/\/neukirch-sachsen.de\/wp-content\/uploads\/2025\/07\/Rahmen-1.jpg 960w\" sizes=\"auto, (max-width: 768px) 100vw, 768px\" \/><\/figure>\n<!-- \/wp:image -->\n\n<!-- wp:image {\"id\":3204,\"width\":\"402px\",\"height\":\"auto\",\"sizeSlug\":\"large\",\"linkDestination\":\"none\"} -->\n<figure class=\"wp-block-image size-large is-resized\"><img loading=\"lazy\" decoding=\"async\" width=\"768\" height=\"1024\" src=\"https:\/\/neukirch-sachsen.de\/wp-content\/uploads\/2025\/07\/Rahmen-2-768x1024.jpg\" alt=\"\" class=\"wp-image-3204\" style=\"width:402px;height:auto\" srcset=\"https:\/\/neukirch-sachsen.de\/wp-content\/uploads\/2025\/07\/Rahmen-2-768x1024.jpg 768w, https:\/\/neukirch-sachsen.de\/wp-content\/uploads\/2025\/07\/Rahmen-2-225x300.jpg 225w, https:\/\/neukirch-sachsen.de\/wp-content\/uploads\/2025\/07\/Rahmen-2.jpg 960w\" sizes=\"auto, (max-width: 768px) 100vw, 768px\" \/><\/figure>\n<!-- \/wp:image -->\n\n<!-- wp:image {\"id\":3205,\"width\":\"518px\",\"height\":\"auto\",\"sizeSlug\":\"large\",\"linkDestination\":\"none\"} -->\n<figure class=\"wp-block-image size-large is-resized\"><img loading=\"lazy\" decoding=\"async\" width=\"1024\" height=\"717\" src=\"https:\/\/neukirch-sachsen.de\/wp-content\/uploads\/2025\/07\/Bild-Tafel-1024x717.jpg\" alt=\"\" class=\"wp-image-3205\" style=\"width:518px;height:auto\" srcset=\"https:\/\/neukirch-sachsen.de\/wp-content\/uploads\/2025\/07\/Bild-Tafel-1024x717.jpg 1024w, https:\/\/neukirch-sachsen.de\/wp-content\/uploads\/2025\/07\/Bild-Tafel-300x210.jpg 300w, https:\/\/neukirch-sachsen.de\/wp-content\/uploads\/2025\/07\/Bild-Tafel-768x538.jpg 768w, https:\/\/neukirch-sachsen.de\/wp-content\/uploads\/2025\/07\/Bild-Tafel.jpg 1280w\" sizes=\"auto, (max-width: 1024px) 100vw, 1024px\" \/><\/figure>\n<!-- \/wp:image --><\/div><\/li>\n<li><a class=\"wp-block-latest-posts__post-title\" href=\"https:\/\/neukirch-sachsen.de\/?p=3193\">Aufl\u00f6sung Fotor\u00e4tsel<\/a><div class=\"wp-block-latest-posts__post-full-content\"><!-- wp:paragraph -->\n<p>Liebe Freunde der Kulturlandschaft,<\/p>\n<!-- \/wp:paragraph -->\n\n<!-- wp:paragraph -->\n<p>eigentlich hatten wir versprochen, die Gewinner unseres Fotor\u00e4tsels Mitte Juni zu ver\u00f6ffentlich. Aber die grandiose 800-Jahr-Feier in Neukirch ist auch an uns nicht spurlos vorbei gegangen, weshalb sich einige unserer Pl\u00e4ne etwas verz\u00f6gert haben.<\/p>\n<!-- \/wp:paragraph -->\n\n<!-- wp:paragraph -->\n<p>Aber nun geht es weiter. Die 3 Gewinner des Fotor\u00e4tsels haben wir schon per mail benachrichtigt und werden diese \u2013 mit deren Zustimmung \u2013 hier noch sp\u00e4ter ver\u00f6ffentlichen.<\/p>\n<!-- \/wp:paragraph -->\n\n<!-- wp:paragraph -->\n<p>Jetzt wollen wir f\u00fcr Euch das Fotor\u00e4tsel aufl\u00f6sen, damit alle Interessierten wissen, wo genau welches Foto aufgenommen wurde (in Klammern stehen die Aufnahmeorte, wie sie in der Karte im Kalender hinterlegt wurden):<\/p>\n<!-- \/wp:paragraph -->\n\n<!-- wp:paragraph -->\n<p><strong>Deckblatt<\/strong> \u2013 Obstbaumweg Gottschdorf<br><strong>Januar<\/strong> \u2013 im Moorgebiet bei Rohrbach (10)<br><strong>Februar<\/strong> \u2013 alte Wegmarkierung an der Kreuzung (Spinne) nahe der H\u00fctte an den Wei\u00dfen  Bergen (8)<br><strong>M\u00e4rz<\/strong> \u2013 erste Weggabelung von Sch\u00f6nbach (Kiefernweg) kommend im Wald (5)<br><strong>April<\/strong> \u2013 im Fl\u00e4chennaturdenkmal Wei\u00dfe Berge (im Wald im weiteren Verlauf vom Obstbaumweg Gottschdorf (6)<br><strong>Mai<\/strong> \u2013 der Tiefteich bei Bulleritz (1)<br><strong>Juni<\/strong> \u2013 H\u00f6nzkes Kuhherde grasend in der N\u00e4he von Brauna (11)<br><strong>Juli<\/strong> \u2013 am Wolfgangsee mitten im Wald bei Sch\u00f6nbach (2)<br><strong>August<\/strong> \u2013 am Wasserh\u00e4usl an der Alten Kamenzer Poststra\u00dfe (3)<br><strong>September<\/strong> \u2013 Rainfarn am Obstbaumweg mit Blick auf Gottschdorf (7)<br><strong>Oktober<\/strong> \u2013 zwischen Laasenteich und Neuteich bei Brauna (12)<br><strong>November<\/strong> \u2013 Wilde M\u00f6hre zur Einweihungsfeier an der neuen Villa am Wald (9)<br><strong>Dezember<\/strong> \u2013 auf dem Ochsenberggipfel (4)<\/p>\n<!-- \/wp:paragraph -->\n\n<!-- wp:paragraph -->\n<p>Vielleicht hab ihr Lust auf eine sch\u00f6ne Wanderung oder Radtour oder ein Picknick im Gr\u00fcnen bekommen. Genie\u00dft unsere sch\u00f6ne Landschaft und den Sommer.<\/p>\n<!-- \/wp:paragraph -->\n\n<!-- wp:paragraph -->\n<p>Eure Kulturlandschaftler<\/p>\n<!-- \/wp:paragraph -->\n\n<!-- wp:image {\"id\":3195,\"sizeSlug\":\"large\",\"linkDestination\":\"none\"} -->\n<figure class=\"wp-block-image size-large\"><img loading=\"lazy\" decoding=\"async\" width=\"1024\" height=\"729\" src=\"https:\/\/neukirch-sachsen.de\/wp-content\/uploads\/2025\/07\/Kalender-Deckblatt-1024x729.jpg\" alt=\"\" class=\"wp-image-3195\" srcset=\"https:\/\/neukirch-sachsen.de\/wp-content\/uploads\/2025\/07\/Kalender-Deckblatt-1024x729.jpg 1024w, https:\/\/neukirch-sachsen.de\/wp-content\/uploads\/2025\/07\/Kalender-Deckblatt-300x213.jpg 300w, https:\/\/neukirch-sachsen.de\/wp-content\/uploads\/2025\/07\/Kalender-Deckblatt-768x546.jpg 768w, https:\/\/neukirch-sachsen.de\/wp-content\/uploads\/2025\/07\/Kalender-Deckblatt-1536x1093.jpg 1536w, https:\/\/neukirch-sachsen.de\/wp-content\/uploads\/2025\/07\/Kalender-Deckblatt-2048x1457.jpg 2048w\" sizes=\"auto, (max-width: 1024px) 100vw, 1024px\" \/><\/figure>\n<!-- \/wp:image -->\n\n<!-- wp:image {\"id\":3196,\"sizeSlug\":\"large\",\"linkDestination\":\"none\"} -->\n<figure class=\"wp-block-image size-large\"><img loading=\"lazy\" decoding=\"async\" width=\"1024\" height=\"972\" src=\"https:\/\/neukirch-sachsen.de\/wp-content\/uploads\/2025\/07\/Kalender-1-1024x972.jpg\" alt=\"\" class=\"wp-image-3196\" srcset=\"https:\/\/neukirch-sachsen.de\/wp-content\/uploads\/2025\/07\/Kalender-1-1024x972.jpg 1024w, https:\/\/neukirch-sachsen.de\/wp-content\/uploads\/2025\/07\/Kalender-1-300x285.jpg 300w, https:\/\/neukirch-sachsen.de\/wp-content\/uploads\/2025\/07\/Kalender-1-768x729.jpg 768w, https:\/\/neukirch-sachsen.de\/wp-content\/uploads\/2025\/07\/Kalender-1.jpg 1494w\" sizes=\"auto, (max-width: 1024px) 100vw, 1024px\" \/><\/figure>\n<!-- \/wp:image --><\/div><\/li>\n<li><a class=\"wp-block-latest-posts__post-title\" href=\"https:\/\/neukirch-sachsen.de\/?p=3133\">800 Jahre Neukirch &#8211; Neue Linde im Pfarrgel\u00e4nde<\/a><div class=\"wp-block-latest-posts__post-full-content\"><!-- wp:paragraph -->\n<p><\/p>\n<!-- \/wp:paragraph -->\n\n<!-- wp:video {\"id\":3136} -->\n<figure class=\"wp-block-video\"><video autoplay controls loop poster=\"http:\/\/neukirch-sachsen.de\/wp-content\/uploads\/2025\/04\/WhatsApp-Bild-2025-04-05-um-13.27.09_befb2485.jpg\" src=\"https:\/\/neukirch-sachsen.de\/wp-content\/uploads\/2025\/04\/Video-Tina.mp4\" playsinline><\/video><\/figure>\n<!-- \/wp:video -->\n\n<!-- wp:paragraph -->\n<p>Die schon seit einigen Jahren kranke und pilzbefallene Pfarrhauslinde musste vor kurzem aus Sicherheitsgr\u00fcnden gef\u00e4llt werden. Da wurde kam die Idee gerade recht, zur Erinnerung an die 800-Jahrfeier von Neukirch eine neues Linde zu pflanzen. Damit sie gut anw\u00e4chst wurde sie nicht erst zur Festwoche im Juni, sondern schon heute gepflanzt. Unter gro\u00dfer Beteiligung der Kinder aus Neukirch, die vielleicht zur 825-Jahrfeier da ein T\u00e4nzchen unter der Linde wagen k\u00f6nnen.<br>Vielen Dank allen Beteiligten und vor allem Familie Bierwagen die uns diesen Baum spendiert haben.<\/p>\n<!-- \/wp:paragraph -->\n\n<!-- wp:paragraph -->\n<p><\/p>\n<!-- \/wp:paragraph --><\/div><\/li>\n<li><a class=\"wp-block-latest-posts__post-title\" href=\"https:\/\/neukirch-sachsen.de\/?p=3088\">Suchspiel<\/a><div class=\"wp-block-latest-posts__post-full-content\"><!-- wp:paragraph -->\n<p>Liebe Entdecker der Kulturlandschaft Wei\u00dfe Berge \u2013 Ochsenberg,<\/p>\n<!-- \/wp:paragraph -->\n\n<!-- wp:paragraph -->\n<p>wie ihr bereits wisst, haben wir in unseren Jahreskalender 2025 eine Suchaufgabe eingebaut. Ihr d\u00fcrft erforschen, wo im Gebiet der Kulturlandschaft welches Monatsfoto entstanden ist. Tragt dazu den auf der Karte markierten <strong>Aufnahmeort<\/strong> (als Zahl von 1 bis 12) passend zum jeweiligen Monatsfoto in die Tabelle unten ein. Die Karte findet ihr als letztes Blatt im Kalender sowie hier auf der Website.<\/p>\n<!-- \/wp:paragraph -->\n\n<!-- wp:paragraph -->\n<p>Ihr k\u00f6nnt dieses Blatt ausdrucken, h\u00e4ndisch ausf\u00fcllen und uns als Foto (oder Scan) an unsere Emailadresse <strong><a href=\"mailto:kulturlandschaft@mail.de\">kulturlandschaft@mail.de<\/a> <\/strong>senden (die technisch Versierten unter Euch k\u00f6nnen nat\u00fcrlich auch das nachfolgendes Dokument ausf\u00fcllen und uns zumailen). Bitte tragt Euren Namen, Wohnort und E-Mail-Adresse mit ein, damit wir Euch als m\u00f6gliche Gewinner finden k\u00f6nnen.<\/p>\n<!-- \/wp:paragraph -->\n\n<!-- wp:file {\"id\":3098,\"href\":\"https:\/\/neukirch-sachsen.de\/wp-content\/uploads\/2025\/01\/Tabelle-Kalender-1.pdf\",\"displayPreview\":true} -->\n<div class=\"wp-block-file\"><object class=\"wp-block-file__embed\" data=\"https:\/\/neukirch-sachsen.de\/wp-content\/uploads\/2025\/01\/Tabelle-Kalender-1.pdf\" type=\"application\/pdf\" style=\"width:100%;height:600px\" aria-label=\"Tabelle Kalender\"><\/object><a id=\"wp-block-file--media-76945613-dcfd-4620-a147-6b9e29db72ac\" href=\"https:\/\/neukirch-sachsen.de\/wp-content\/uploads\/2025\/01\/Tabelle-Kalender-1.pdf\">Tabelle Kalender<\/a><a href=\"https:\/\/neukirch-sachsen.de\/wp-content\/uploads\/2025\/01\/Tabelle-Kalender-1.pdf\" class=\"wp-block-file__button wp-element-button\" download aria-describedby=\"wp-block-file--media-76945613-dcfd-4620-a147-6b9e29db72ac\">Herunterladen<\/a><\/div>\n<!-- \/wp:file -->\n\n<!-- wp:paragraph -->\n<p>Unter allen richtigen Einsendungen losen wir <strong>drei Gewinner<\/strong>, die sich \u00fcber ein selbstgew\u00e4hltes Foto aus diesem Kalender im Gro\u00dfformatdruck (das gew\u00fcnschte Format kann mit uns abgesprochen werden) freuen d\u00fcrfen.<\/p>\n<!-- \/wp:paragraph -->\n\n<!-- wp:paragraph -->\n<p><strong>Einsendeschluss ist der 31.05.2025.<\/strong> Wir werden die Gewinner Mitte Juni 2025 w\u00e4hrend der 800-Jahre-Feier in Neukirch und auf unserer Internetseite <a href=\"http:\/\/www.neukirch-sachsen.de\"><strong>www.neukirch-sachsen.de<\/strong><\/a> offiziell bekanntgeben.<\/p>\n<!-- \/wp:paragraph -->\n\n<!-- wp:paragraph -->\n<p>So \u2013 jetzt viel Spa\u00df und Erfolg bei der Suche nach den Aufnahmeorten. <\/p>\n<!-- \/wp:paragraph -->\n\n<!-- wp:paragraph -->\n<p>Eure Kulturlandschafter<\/p>\n<!-- \/wp:paragraph -->\n\n<!-- wp:image {\"id\":3089,\"sizeSlug\":\"large\",\"linkDestination\":\"none\"} -->\n<figure class=\"wp-block-image size-large\"><img loading=\"lazy\" decoding=\"async\" width=\"1024\" height=\"728\" src=\"https:\/\/neukirch-sachsen.de\/wp-content\/uploads\/2025\/01\/Karte-1024x728.jpg\" alt=\"\" class=\"wp-image-3089\" srcset=\"https:\/\/neukirch-sachsen.de\/wp-content\/uploads\/2025\/01\/Karte-1024x728.jpg 1024w, https:\/\/neukirch-sachsen.de\/wp-content\/uploads\/2025\/01\/Karte-300x213.jpg 300w, https:\/\/neukirch-sachsen.de\/wp-content\/uploads\/2025\/01\/Karte-768x546.jpg 768w, https:\/\/neukirch-sachsen.de\/wp-content\/uploads\/2025\/01\/Karte-1536x1093.jpg 1536w, https:\/\/neukirch-sachsen.de\/wp-content\/uploads\/2025\/01\/Karte-2048x1457.jpg 2048w\" sizes=\"auto, (max-width: 1024px) 100vw, 1024px\" \/><\/figure>\n<!-- \/wp:image -->\n\n<!-- wp:paragraph -->\n<p><\/p>\n<!-- \/wp:paragraph --><\/div><\/li>\n<li><a class=\"wp-block-latest-posts__post-title\" href=\"https:\/\/neukirch-sachsen.de\/?p=3034\">Villa am Wald<\/a><div class=\"wp-block-latest-posts__post-full-content\"><!-- wp:image {\"id\":3035,\"width\":\"668px\",\"height\":\"auto\",\"sizeSlug\":\"large\",\"linkDestination\":\"none\"} -->\n<figure class=\"wp-block-image size-large is-resized\"><img loading=\"lazy\" decoding=\"async\" width=\"744\" height=\"1024\" src=\"https:\/\/neukirch-sachsen.de\/wp-content\/uploads\/2024\/10\/Bild-Buch-744x1024.png\" alt=\"\" class=\"wp-image-3035\" style=\"width:668px;height:auto\" srcset=\"https:\/\/neukirch-sachsen.de\/wp-content\/uploads\/2024\/10\/Bild-Buch-744x1024.png 744w, https:\/\/neukirch-sachsen.de\/wp-content\/uploads\/2024\/10\/Bild-Buch-218x300.png 218w, https:\/\/neukirch-sachsen.de\/wp-content\/uploads\/2024\/10\/Bild-Buch-768x1057.png 768w, https:\/\/neukirch-sachsen.de\/wp-content\/uploads\/2024\/10\/Bild-Buch.png 792w\" sizes=\"auto, (max-width: 744px) 100vw, 744px\" \/><\/figure>\n<!-- \/wp:image -->\n\n<!-- wp:paragraph -->\n<p>Liebe Neukircher und Anlieger des Ochsenberges und der Wei\u00dfen Berge,<\/p>\n<!-- \/wp:paragraph -->\n\n<!-- wp:paragraph -->\n<p>am 27.10.2024 konnten wir endlich mit vielen G\u00e4sten die neue Villa am Wald einweihen. Bei bestem Wetter kamen aus den umliegenden Ortschaften Interessierte und Freunde unserer Kulturlandschaft. Selbstverst\u00e4ndlich wurde ordentlich darauf angesto\u00dfen. Die neue Holzh\u00fctte wurde eingehend gepr\u00fcft, bestaunt sowie der Ausblick genossen. Wir als Verein m\u00f6chten uns nochmals ausdr\u00fccklich bei allen Unterst\u00fctzern und Spendern bedanken. Insbesondere bei unseren Helfern beim Abladen und Aufbau.<\/p>\n<!-- \/wp:paragraph -->\n\n<!-- wp:paragraph -->\n<p>Des Weiteren k\u00f6nnen wir euch berichten, dass es in diesem Jahr wieder einen Kalender mit Bildern aus dem Gebiet geben wird. Lasst euch \u00fcberraschen und der eine oder andere kann sich damit schon mal ein Geschenk sichern.<\/p>\n<!-- \/wp:paragraph -->\n\n<!-- wp:paragraph -->\n<p>Bis bald eure KulturLandschaftler<\/p>\n<!-- \/wp:paragraph -->\n\n<!-- wp:video {\"id\":3055} -->\n<figure class=\"wp-block-video\"><video controls src=\"https:\/\/neukirch-sachsen.de\/wp-content\/uploads\/2024\/10\/e9ad77cb-ae22-41a0-935e-4b451bff437b-1.mp4\"><\/video><\/figure>\n<!-- \/wp:video -->\n\n<!-- wp:image {\"id\":3059,\"width\":\"499px\",\"height\":\"auto\",\"sizeSlug\":\"large\",\"linkDestination\":\"none\"} -->\n<figure class=\"wp-block-image size-large is-resized\"><img loading=\"lazy\" decoding=\"async\" width=\"1024\" height=\"578\" src=\"https:\/\/neukirch-sachsen.de\/wp-content\/uploads\/2024\/10\/Abladen2-4-1024x578.jpg\" alt=\"\" class=\"wp-image-3059\" style=\"width:499px;height:auto\" srcset=\"https:\/\/neukirch-sachsen.de\/wp-content\/uploads\/2024\/10\/Abladen2-4-1024x578.jpg 1024w, https:\/\/neukirch-sachsen.de\/wp-content\/uploads\/2024\/10\/Abladen2-4-300x169.jpg 300w, https:\/\/neukirch-sachsen.de\/wp-content\/uploads\/2024\/10\/Abladen2-4-768x434.jpg 768w, https:\/\/neukirch-sachsen.de\/wp-content\/uploads\/2024\/10\/Abladen2-4-1536x867.jpg 1536w, https:\/\/neukirch-sachsen.de\/wp-content\/uploads\/2024\/10\/Abladen2-4.jpg 1984w\" sizes=\"auto, (max-width: 1024px) 100vw, 1024px\" \/><\/figure>\n<!-- \/wp:image -->\n\n<!-- wp:gallery {\"linkTo\":\"none\"} -->\n<figure class=\"wp-block-gallery has-nested-images columns-default is-cropped\"><!-- wp:image {\"id\":3061,\"sizeSlug\":\"large\",\"linkDestination\":\"none\"} -->\n<figure class=\"wp-block-image size-large\"><img loading=\"lazy\" decoding=\"async\" width=\"768\" height=\"1024\" src=\"https:\/\/neukirch-sachsen.de\/wp-content\/uploads\/2024\/10\/Anfahrt-3-768x1024.jpg\" alt=\"\" class=\"wp-image-3061\" srcset=\"https:\/\/neukirch-sachsen.de\/wp-content\/uploads\/2024\/10\/Anfahrt-3-768x1024.jpg 768w, https:\/\/neukirch-sachsen.de\/wp-content\/uploads\/2024\/10\/Anfahrt-3-225x300.jpg 225w, https:\/\/neukirch-sachsen.de\/wp-content\/uploads\/2024\/10\/Anfahrt-3.jpg 960w\" sizes=\"auto, (max-width: 768px) 100vw, 768px\" \/><\/figure>\n<!-- \/wp:image -->\n\n<!-- wp:image {\"id\":3060,\"sizeSlug\":\"large\",\"linkDestination\":\"none\"} -->\n<figure class=\"wp-block-image size-large\"><img loading=\"lazy\" decoding=\"async\" width=\"1024\" height=\"768\" src=\"https:\/\/neukirch-sachsen.de\/wp-content\/uploads\/2024\/10\/Modell-2-1024x768.jpg\" alt=\"\" class=\"wp-image-3060\" srcset=\"https:\/\/neukirch-sachsen.de\/wp-content\/uploads\/2024\/10\/Modell-2-1024x768.jpg 1024w, https:\/\/neukirch-sachsen.de\/wp-content\/uploads\/2024\/10\/Modell-2-300x225.jpg 300w, https:\/\/neukirch-sachsen.de\/wp-content\/uploads\/2024\/10\/Modell-2-768x576.jpg 768w, https:\/\/neukirch-sachsen.de\/wp-content\/uploads\/2024\/10\/Modell-2-1536x1152.jpg 1536w, https:\/\/neukirch-sachsen.de\/wp-content\/uploads\/2024\/10\/Modell-2-2048x1536.jpg 2048w\" sizes=\"auto, (max-width: 1024px) 100vw, 1024px\" \/><\/figure>\n<!-- \/wp:image -->\n\n<!-- wp:image {\"id\":3062,\"sizeSlug\":\"large\",\"linkDestination\":\"none\"} -->\n<figure class=\"wp-block-image size-large\"><img loading=\"lazy\" decoding=\"async\" width=\"768\" height=\"1024\" src=\"https:\/\/neukirch-sachsen.de\/wp-content\/uploads\/2024\/10\/Schild-3-768x1024.jpg\" alt=\"\" class=\"wp-image-3062\" srcset=\"https:\/\/neukirch-sachsen.de\/wp-content\/uploads\/2024\/10\/Schild-3-768x1024.jpg 768w, https:\/\/neukirch-sachsen.de\/wp-content\/uploads\/2024\/10\/Schild-3-225x300.jpg 225w, https:\/\/neukirch-sachsen.de\/wp-content\/uploads\/2024\/10\/Schild-3-1152x1536.jpg 1152w, https:\/\/neukirch-sachsen.de\/wp-content\/uploads\/2024\/10\/Schild-3.jpg 1200w\" sizes=\"auto, (max-width: 768px) 100vw, 768px\" \/><\/figure>\n<!-- \/wp:image --><\/figure>\n<!-- \/wp:gallery -->\n\n<!-- wp:image {\"id\":3063,\"width\":\"501px\",\"height\":\"auto\",\"sizeSlug\":\"large\",\"linkDestination\":\"none\"} -->\n<figure class=\"wp-block-image size-large is-resized\"><img loading=\"lazy\" decoding=\"async\" width=\"1024\" height=\"683\" src=\"https:\/\/neukirch-sachsen.de\/wp-content\/uploads\/2024\/10\/Blick3-2-1024x683.jpg\" alt=\"\" class=\"wp-image-3063\" style=\"width:501px;height:auto\" srcset=\"https:\/\/neukirch-sachsen.de\/wp-content\/uploads\/2024\/10\/Blick3-2-1024x683.jpg 1024w, https:\/\/neukirch-sachsen.de\/wp-content\/uploads\/2024\/10\/Blick3-2-300x200.jpg 300w, https:\/\/neukirch-sachsen.de\/wp-content\/uploads\/2024\/10\/Blick3-2-768x512.jpg 768w, https:\/\/neukirch-sachsen.de\/wp-content\/uploads\/2024\/10\/Blick3-2-1536x1024.jpg 1536w, https:\/\/neukirch-sachsen.de\/wp-content\/uploads\/2024\/10\/Blick3-2-2048x1365.jpg 2048w, https:\/\/neukirch-sachsen.de\/wp-content\/uploads\/2024\/10\/Blick3-2-1200x800.jpg 1200w\" sizes=\"auto, (max-width: 1024px) 100vw, 1024px\" \/><\/figure>\n<!-- \/wp:image -->\n\n<!-- wp:gallery {\"linkTo\":\"none\"} -->\n<figure class=\"wp-block-gallery has-nested-images columns-default is-cropped\"><!-- wp:image {\"id\":3064,\"sizeSlug\":\"large\",\"linkDestination\":\"none\"} -->\n<figure class=\"wp-block-image size-large\"><img loading=\"lazy\" decoding=\"async\" width=\"1024\" height=\"768\" src=\"https:\/\/neukirch-sachsen.de\/wp-content\/uploads\/2024\/10\/Getraenke-2-1024x768.jpg\" alt=\"\" class=\"wp-image-3064\" srcset=\"https:\/\/neukirch-sachsen.de\/wp-content\/uploads\/2024\/10\/Getraenke-2-1024x768.jpg 1024w, https:\/\/neukirch-sachsen.de\/wp-content\/uploads\/2024\/10\/Getraenke-2-300x225.jpg 300w, https:\/\/neukirch-sachsen.de\/wp-content\/uploads\/2024\/10\/Getraenke-2-768x576.jpg 768w, https:\/\/neukirch-sachsen.de\/wp-content\/uploads\/2024\/10\/Getraenke-2-1536x1152.jpg 1536w, https:\/\/neukirch-sachsen.de\/wp-content\/uploads\/2024\/10\/Getraenke-2-2048x1536.jpg 2048w\" sizes=\"auto, (max-width: 1024px) 100vw, 1024px\" \/><\/figure>\n<!-- \/wp:image -->\n\n<!-- wp:image {\"id\":3065,\"sizeSlug\":\"large\",\"linkDestination\":\"none\"} -->\n<figure class=\"wp-block-image size-large\"><img loading=\"lazy\" decoding=\"async\" width=\"1024\" height=\"768\" src=\"https:\/\/neukirch-sachsen.de\/wp-content\/uploads\/2024\/10\/Verein-1-1024x768.jpg\" alt=\"\" class=\"wp-image-3065\" srcset=\"https:\/\/neukirch-sachsen.de\/wp-content\/uploads\/2024\/10\/Verein-1-1024x768.jpg 1024w, https:\/\/neukirch-sachsen.de\/wp-content\/uploads\/2024\/10\/Verein-1-300x225.jpg 300w, https:\/\/neukirch-sachsen.de\/wp-content\/uploads\/2024\/10\/Verein-1-768x576.jpg 768w, https:\/\/neukirch-sachsen.de\/wp-content\/uploads\/2024\/10\/Verein-1-1536x1152.jpg 1536w, https:\/\/neukirch-sachsen.de\/wp-content\/uploads\/2024\/10\/Verein-1-2048x1536.jpg 2048w\" sizes=\"auto, (max-width: 1024px) 100vw, 1024px\" \/><\/figure>\n<!-- \/wp:image --><\/figure>\n<!-- \/wp:gallery -->\n\n<!-- wp:image {\"id\":3067,\"width\":\"505px\",\"height\":\"auto\",\"sizeSlug\":\"large\",\"linkDestination\":\"none\"} -->\n<figure class=\"wp-block-image size-large is-resized\"><img loading=\"lazy\" decoding=\"async\" width=\"1024\" height=\"768\" src=\"https:\/\/neukirch-sachsen.de\/wp-content\/uploads\/2024\/10\/Villa-1-1024x768.jpg\" alt=\"\" class=\"wp-image-3067\" style=\"width:505px;height:auto\" srcset=\"https:\/\/neukirch-sachsen.de\/wp-content\/uploads\/2024\/10\/Villa-1-1024x768.jpg 1024w, https:\/\/neukirch-sachsen.de\/wp-content\/uploads\/2024\/10\/Villa-1-300x225.jpg 300w, https:\/\/neukirch-sachsen.de\/wp-content\/uploads\/2024\/10\/Villa-1-768x576.jpg 768w, https:\/\/neukirch-sachsen.de\/wp-content\/uploads\/2024\/10\/Villa-1-1536x1152.jpg 1536w, https:\/\/neukirch-sachsen.de\/wp-content\/uploads\/2024\/10\/Villa-1-2048x1536.jpg 2048w\" sizes=\"auto, (max-width: 1024px) 100vw, 1024px\" \/><\/figure>\n<!-- \/wp:image --><\/div><\/li>\n<li><a class=\"wp-block-latest-posts__post-title\" href=\"https:\/\/neukirch-sachsen.de\/?p=2974\">21. &#8211; 23. Juni 2024 &#8211; Dorffest Neukirch<\/a><div class=\"wp-block-latest-posts__post-full-content\"><!-- wp:paragraph -->\n<p>Bald wird unser sch\u00f6nes Neukirch 800 Jahre alt. Deswegen \u00fcben wir dieses Jahr schonmal und laden im Zuge des Dorf- und Sportfests zum 799. Jubil\u00e4um ein.<\/p>\n<!-- \/wp:paragraph -->\n\n<!-- wp:paragraph -->\n<p>Damit das Thema Sport im Namen nicht zu kurz kommt gibt es parallel zum traditionellen Festplatzbetrieb in diesem Jahr die erste &#8222;Neukircher Bauernolympiade&#8220;. Hier kann jeder Interessierte in 4er-Gruppen sein K\u00f6nnen und Geschick bei kleinen Spielchen beweisen und sich mit anderen Gruppen messen.<\/p>\n<!-- \/wp:paragraph -->\n\n<!-- wp:paragraph -->\n<p>Weitere Details zum Festwochenende gibt es unter: <a href=\"http:\/\/www.neukirch-sachsen.de\/799-jahre\/\">799 Jahre Neukirch<\/a><\/p>\n<!-- \/wp:paragraph -->\n\n<!-- wp:image {\"id\":2977,\"width\":\"670px\",\"height\":\"auto\",\"sizeSlug\":\"large\",\"linkDestination\":\"none\"} -->\n<figure class=\"wp-block-image size-large is-resized\"><img loading=\"lazy\" decoding=\"async\" width=\"1024\" height=\"1024\" src=\"https:\/\/neukirch-sachsen.de\/wp-content\/uploads\/2024\/05\/flyer_dorffest-1024x1024.jpg\" alt=\"\" class=\"wp-image-2977\" style=\"width:670px;height:auto\" srcset=\"https:\/\/neukirch-sachsen.de\/wp-content\/uploads\/2024\/05\/flyer_dorffest-1024x1024.jpg 1024w, https:\/\/neukirch-sachsen.de\/wp-content\/uploads\/2024\/05\/flyer_dorffest-300x300.jpg 300w, https:\/\/neukirch-sachsen.de\/wp-content\/uploads\/2024\/05\/flyer_dorffest-150x150.jpg 150w, https:\/\/neukirch-sachsen.de\/wp-content\/uploads\/2024\/05\/flyer_dorffest-768x768.jpg 768w, https:\/\/neukirch-sachsen.de\/wp-content\/uploads\/2024\/05\/flyer_dorffest-600x600.jpg 600w, https:\/\/neukirch-sachsen.de\/wp-content\/uploads\/2024\/05\/flyer_dorffest.jpg 1165w\" sizes=\"auto, (max-width: 1024px) 100vw, 1024px\" \/><\/figure>\n<!-- \/wp:image -->\n\n<!-- wp:paragraph -->\n<p> <\/p>\n<!-- \/wp:paragraph -->\n\n<!-- wp:separator -->\n<hr class=\"wp-block-separator has-alpha-channel-opacity\" \/>\n<!-- \/wp:separator -->\n\n<!-- wp:separator {\"backgroundColor\":\"black\",\"className\":\"is-style-wide\"} -->\n<hr class=\"wp-block-separator has-text-color has-black-color has-alpha-channel-opacity has-black-background-color has-background is-style-wide\" \/>\n<!-- \/wp:separator -->\n\n<!-- wp:separator -->\n<hr class=\"wp-block-separator has-alpha-channel-opacity\" \/>\n<!-- \/wp:separator -->\n\n<!-- wp:paragraph -->\n<p> <\/p>\n<!-- \/wp:paragraph -->\n\n<!-- wp:image {\"id\":2975,\"width\":\"670px\",\"height\":\"auto\",\"sizeSlug\":\"large\",\"linkDestination\":\"none\"} -->\n<figure class=\"wp-block-image size-large is-resized\"><img loading=\"lazy\" decoding=\"async\" width=\"724\" height=\"1024\" src=\"https:\/\/neukirch-sachsen.de\/wp-content\/uploads\/2024\/05\/flyer_olympiade-724x1024.png\" alt=\"\" class=\"wp-image-2975\" style=\"width:670px;height:auto\" srcset=\"https:\/\/neukirch-sachsen.de\/wp-content\/uploads\/2024\/05\/flyer_olympiade-724x1024.png 724w, https:\/\/neukirch-sachsen.de\/wp-content\/uploads\/2024\/05\/flyer_olympiade-212x300.png 212w, https:\/\/neukirch-sachsen.de\/wp-content\/uploads\/2024\/05\/flyer_olympiade-768x1086.png 768w, https:\/\/neukirch-sachsen.de\/wp-content\/uploads\/2024\/05\/flyer_olympiade-1086x1536.png 1086w, https:\/\/neukirch-sachsen.de\/wp-content\/uploads\/2024\/05\/flyer_olympiade.png 1240w\" sizes=\"auto, (max-width: 724px) 100vw, 724px\" \/><\/figure>\n<!-- \/wp:image --><\/div><\/li>\n<li><a class=\"wp-block-latest-posts__post-title\" href=\"https:\/\/neukirch-sachsen.de\/?p=2834\">Auf Wiedersehn!?<\/a><div class=\"wp-block-latest-posts__post-full-content\"><!-- wp:paragraph -->\n<p><\/p>\n<!-- \/wp:paragraph -->\n\n<!-- wp:image {\"id\":2837,\"width\":\"500px\",\"height\":\"auto\",\"sizeSlug\":\"full\",\"linkDestination\":\"none\"} -->\n<figure class=\"wp-block-image size-full is-resized\"><img loading=\"lazy\" decoding=\"async\" width=\"400\" height=\"225\" src=\"https:\/\/neukirch-sachsen.de\/wp-content\/uploads\/2023\/11\/713172_web_R_K_B_by_Peter-Freitag_pixelio.de_.jpg\" alt=\"\" class=\"wp-image-2837\" style=\"width:500px;height:auto\" srcset=\"https:\/\/neukirch-sachsen.de\/wp-content\/uploads\/2023\/11\/713172_web_R_K_B_by_Peter-Freitag_pixelio.de_.jpg 400w, https:\/\/neukirch-sachsen.de\/wp-content\/uploads\/2023\/11\/713172_web_R_K_B_by_Peter-Freitag_pixelio.de_-300x169.jpg 300w\" sizes=\"auto, (max-width: 400px) 100vw, 400px\" \/><\/figure>\n<!-- \/wp:image -->\n\n<!-- wp:paragraph -->\n<p>Das Jahr n\u00e4hert sich seinem Ende, das Kirchjahr ist am Ende.<br>Am kommenden Sonntag feien wir Ewigkeitssonntag und erinnern uns an die <br>Menschen, von denen wir uns im letzten Jahr verabschieden mussten.<br>In unserem Gottesdienst, den wir 11.00 Uhr feiern verlesen wir die Namen aller, die im letzten Jahr in Neukirch beerdigt wurden. Lasst uns gemeinsam an sie erinnern.<br>Herzliche Einladung an alle!<br>An diesen Tag wird die Kirche den ganzen Tag ge\u00f6ffnet sein.<\/p>\n<!-- \/wp:paragraph -->\n\n<!-- wp:paragraph -->\n<p><\/p>\n<!-- \/wp:paragraph -->\n\n<!-- wp:paragraph -->\n<p><\/p>\n<!-- \/wp:paragraph --><\/div><\/li>\n<li><a class=\"wp-block-latest-posts__post-title\" href=\"https:\/\/neukirch-sachsen.de\/?p=2422\">Lederhosen und Dirndl Kirmes 2023<\/a><div class=\"wp-block-latest-posts__post-full-content\"><!-- wp:paragraph -->\n<p>Auch dieses Jahr haben sich wieder viele Feierw\u00fctige in enge Lederhosen und sch\u00f6ne Dirndl gequetscht um mit uns unser kleines Oktoberfest zu feiern&#8230;.<\/p>\n<!-- \/wp:paragraph -->\n\n<!-- wp:paragraph -->\n<p>Dieses mal war auch in Fotograf unterwegs um einige Momente festzuhalten! <\/p>\n<!-- \/wp:paragraph -->\n\n<!-- wp:paragraph -->\n<p>Vielen Dank an Rico von <a href=\"https:\/\/www.instagram.com\/rs_photo_events\/\" target=\"_blank\" rel=\"noreferrer noopener\">RS Photo <\/a><\/p>\n<!-- \/wp:paragraph -->\n\n<!-- wp:imagely\/nextgen-gallery -->\nngg_shortcode_0_placeholder\n<!-- \/wp:imagely\/nextgen-gallery -->\n\n<!-- wp:paragraph -->\n<p>Alle Bilder?<\/p>\n<!-- \/wp:paragraph -->\n\n<!-- wp:paragraph -->\n<p>findest du hier:<\/p>\n<!-- \/wp:paragraph -->\n\n<!-- wp:maxbuttons\/maxbuttons-block {\"id\":\"1\",\"url\":\"https:\/\/neukirch-sachsen.de\/?page_id=2825\",\"text\":\"komplette Galerie\",\"text2\":\"\",\"newwindow\":true,\"relnofollow\":false,\"is_download\":false,\"tooltip\":\"\"} \/-->\n\n<!-- wp:paragraph -->\n<p><\/p>\n<!-- \/wp:paragraph --><\/div><\/li>\n<li><a class=\"wp-block-latest-posts__post-title\" href=\"https:\/\/neukirch-sachsen.de\/?p=2413\">Kalender mit Fotos aus der Kulturlandschaft Wei\u00dfe Berge \u2013 Ochsenberg<\/a><div class=\"wp-block-latest-posts__post-full-content\"><!-- wp:paragraph -->\n<p>Liebe Anlieger der Wei\u00dfen Berge und des Ochsenberges,<\/p>\n<!-- \/wp:paragraph -->\n\n<!-- wp:paragraph -->\n<p>wir haben einen Kalender f\u00fcr das Jahr 2024 mit Fotos aus der Kulturlandschaft Wei\u00dfe Berge \u2013 Ochsenberg erstellt und drucken lassen. Der Kalender hat das Format A3 quer (42 x 30 cm). Falls Ihr Interesse an diesem Kalender habt &#8211; sei es f\u00fcr Euch oder als Weihnachtsgeschenk \u2013 ihr k\u00f6nnt diesen f\u00fcr eine Spende in H\u00f6he von 10 Euro von uns erhalten. Diese Spende k\u00f6nnt ihr auch steuerlich absetzen, da wir als gemeinn\u00fctziger Verein zugelassen sind.<\/p>\n<!-- \/wp:paragraph -->\n\n<!-- wp:paragraph -->\n<p>Ihr unterst\u00fctzt damit unsere Arbeit und unsere weiteren Projekte.<\/p>\n<!-- \/wp:paragraph -->\n\n<!-- wp:paragraph -->\n<p>Bei Interesse k\u00f6nnt ihr einfach Torsten Gersdorf, Kuno Lindner, Katja Lehmann, Evelyn Lotzmann, Jens Taupitz, Karsten Bl\u00fcthgen oder Maik K\u00fchne ansprechen oder sendet einfach eine Mail an:<\/p>\n<!-- \/wp:paragraph -->\n\n<!-- wp:paragraph -->\n<p><a href=\"mailto:kulturlandschaft@mail.de\">kulturlandschaft@mail.de<\/a><\/p>\n<!-- \/wp:paragraph -->\n\n<!-- wp:paragraph -->\n<p>Und nat\u00fcrlich sind wir f\u00fcr weitere Fragen und Anregungen von Euch offen.<\/p>\n<!-- \/wp:paragraph -->\n\n<!-- wp:paragraph -->\n<p>Euer Verein KulturLandschaft Wei\u00dfe Berge \u2013 Ochsenberg e.V.<\/p>\n<!-- \/wp:paragraph -->\n\n<!-- wp:image {\"id\":2414,\"width\":\"311px\",\"height\":\"auto\",\"aspectRatio\":\"1.399441340782123\",\"sizeSlug\":\"full\",\"linkDestination\":\"none\"} -->\n<figure class=\"wp-block-image size-full is-resized\"><img loading=\"lazy\" decoding=\"async\" width=\"501\" height=\"358\" src=\"https:\/\/neukirch-sachsen.de\/wp-content\/uploads\/2023\/11\/Kalender-Deckblatt.jpg\" alt=\"\" class=\"wp-image-2414\" style=\"aspect-ratio:1.399441340782123;width:311px;height:auto\" srcset=\"https:\/\/neukirch-sachsen.de\/wp-content\/uploads\/2023\/11\/Kalender-Deckblatt.jpg 501w, https:\/\/neukirch-sachsen.de\/wp-content\/uploads\/2023\/11\/Kalender-Deckblatt-300x214.jpg 300w\" sizes=\"auto, (max-width: 501px) 100vw, 501px\" \/><\/figure>\n<!-- \/wp:image -->\n\n<!-- wp:image {\"id\":2415,\"width\":\"412px\",\"height\":\"auto\",\"aspectRatio\":\"1.848375451263538\",\"sizeSlug\":\"large\",\"linkDestination\":\"none\"} -->\n<figure class=\"wp-block-image size-large is-resized\"><img loading=\"lazy\" decoding=\"async\" width=\"1024\" height=\"554\" src=\"https:\/\/neukirch-sachsen.de\/wp-content\/uploads\/2023\/11\/Kalender-Uebersicht-1024x554.jpg\" alt=\"\" class=\"wp-image-2415\" style=\"aspect-ratio:1.848375451263538;width:412px;height:auto\" srcset=\"https:\/\/neukirch-sachsen.de\/wp-content\/uploads\/2023\/11\/Kalender-Uebersicht-1024x554.jpg 1024w, https:\/\/neukirch-sachsen.de\/wp-content\/uploads\/2023\/11\/Kalender-Uebersicht-300x162.jpg 300w, https:\/\/neukirch-sachsen.de\/wp-content\/uploads\/2023\/11\/Kalender-Uebersicht-768x416.jpg 768w, https:\/\/neukirch-sachsen.de\/wp-content\/uploads\/2023\/11\/Kalender-Uebersicht.jpg 1121w\" sizes=\"auto, (max-width: 1024px) 100vw, 1024px\" \/><\/figure>\n<!-- \/wp:image --><\/div><\/li>\n<li><a class=\"wp-block-latest-posts__post-title\" href=\"https:\/\/neukirch-sachsen.de\/?p=2404\">Martinstag 2023<\/a><div class=\"wp-block-latest-posts__post-full-content\"><!-- wp:image {\"id\":2407,\"sizeSlug\":\"large\",\"linkDestination\":\"none\",\"className\":\"is-style-default\"} -->\n<figure class=\"wp-block-image size-large is-style-default\"><img loading=\"lazy\" decoding=\"async\" width=\"709\" height=\"1024\" src=\"https:\/\/neukirch-sachsen.de\/wp-content\/uploads\/2023\/10\/image-709x1024.png\" alt=\"\" class=\"wp-image-2407\" srcset=\"https:\/\/neukirch-sachsen.de\/wp-content\/uploads\/2023\/10\/image-709x1024.png 709w, https:\/\/neukirch-sachsen.de\/wp-content\/uploads\/2023\/10\/image-208x300.png 208w, https:\/\/neukirch-sachsen.de\/wp-content\/uploads\/2023\/10\/image.png 720w\" sizes=\"auto, (max-width: 709px) 100vw, 709px\" \/><\/figure>\n<!-- \/wp:image --><\/div><\/li>\n<li><a class=\"wp-block-latest-posts__post-title\" href=\"https:\/\/neukirch-sachsen.de\/?p=2385\">Neue Kl\u00e4nge in alten Mauern<\/a><div class=\"wp-block-latest-posts__post-full-content\"><!-- wp:paragraph {\"UAGDay\":[]} -->\n<p><\/p>\n<!-- \/wp:paragraph -->\n\n<!-- wp:image {\"id\":2388,\"sizeSlug\":\"large\",\"linkDestination\":\"none\"} -->\n<figure class=\"wp-block-image size-large\"><img loading=\"lazy\" decoding=\"async\" width=\"1024\" height=\"575\" src=\"https:\/\/neukirch-sachsen.de\/wp-content\/uploads\/2023\/08\/Kuno-1024x575.jpg\" alt=\"\" class=\"wp-image-2388\" srcset=\"https:\/\/neukirch-sachsen.de\/wp-content\/uploads\/2023\/08\/Kuno-1024x575.jpg 1024w, https:\/\/neukirch-sachsen.de\/wp-content\/uploads\/2023\/08\/Kuno-300x169.jpg 300w, https:\/\/neukirch-sachsen.de\/wp-content\/uploads\/2023\/08\/Kuno-768x431.jpg 768w, https:\/\/neukirch-sachsen.de\/wp-content\/uploads\/2023\/08\/Kuno.jpg 1294w\" sizes=\"auto, (max-width: 1024px) 100vw, 1024px\" \/><\/figure>\n<!-- \/wp:image --><\/div><\/li>\n<li><a class=\"wp-block-latest-posts__post-title\" href=\"https:\/\/neukirch-sachsen.de\/?p=2361\">10 Jahre neuer Jugendclub &#8211; wir feiern mit einem Volleyballturnier<\/a><div class=\"wp-block-latest-posts__post-full-content\"><!-- wp:paragraph -->\n<p>Hallo Neukircher,<\/p>\n<!-- \/wp:paragraph -->\n\n<!-- wp:paragraph -->\n<p>10 Jahre ist es jetzt her, dass der neue Jugendclub gebaut und feierlich mit euch zusammen er\u00f6ffnet wurde. Viele Jugendliche sind in dieser Zeit ein- und ausgegangen und haben gefeiert, getanzt, gechillt, Krach gemacht, Fussball, Tischtennis, Konsole, Dart und Kicker gezockt, Maibaum gestellt und Kuchen gebacken. Der harte Kern ist geblieben und neue Jugendliche sind dazugekommen. Zusammen wollen wir euch einladen, um mit uns anzusto\u00dfen und ein bisschen zu Feiern.<\/p>\n<!-- \/wp:paragraph -->\n\n<!-- wp:paragraph -->\n<p>Aus diesem Anlass findet dieses Jahr wieder ein Volleyballturnier statt. 8 Mannschaften werden um den \ud83c\udfc6 fighten.<\/p>\n<!-- \/wp:paragraph -->\n\n<!-- wp:paragraph -->\n<p>Mittags werden wir D\u00f6ner servieren lassen.<\/p>\n<!-- \/wp:paragraph -->\n\n<!-- wp:paragraph -->\n<p>Kaffee und Kuchen stehen am Nachmittag bereit.<\/p>\n<!-- \/wp:paragraph -->\n\n<!-- wp:paragraph -->\n<p>Und Abends gibt&#8217;s warme W\u00fcrste mit Nudelsalat.<\/p>\n<!-- \/wp:paragraph -->\n\n<!-- wp:paragraph -->\n<p>Getr\u00e4nke sind ausreichend vorhanden.<\/p>\n<!-- \/wp:paragraph -->\n\n<!-- wp:paragraph -->\n<p>Ab 18 Uhr drehen wir nochmal am Regler und ein paar sommerliche Beats werden bis 22 Uhr im Dorf zu h\u00f6ren sein. F\u00fchlt euch angesprochen und kommt das Tanzbein schon mal eher schwingen. \ud83d\ude09<\/p>\n<!-- \/wp:paragraph -->\n\n<!-- wp:paragraph -->\n<p>Euer JC Neukirch<\/p>\n<!-- \/wp:paragraph -->\n\n<!-- wp:image {\"id\":2362,\"sizeSlug\":\"large\",\"linkDestination\":\"none\"} -->\n<figure class=\"wp-block-image size-large\"><img loading=\"lazy\" decoding=\"async\" width=\"827\" height=\"1024\" src=\"https:\/\/neukirch-sachsen.de\/wp-content\/uploads\/2023\/07\/IMG-20230525-WA0000-1-827x1024.jpg\" alt=\"\" class=\"wp-image-2362\" srcset=\"https:\/\/neukirch-sachsen.de\/wp-content\/uploads\/2023\/07\/IMG-20230525-WA0000-1-827x1024.jpg 827w, https:\/\/neukirch-sachsen.de\/wp-content\/uploads\/2023\/07\/IMG-20230525-WA0000-1-242x300.jpg 242w, https:\/\/neukirch-sachsen.de\/wp-content\/uploads\/2023\/07\/IMG-20230525-WA0000-1-768x952.jpg 768w, https:\/\/neukirch-sachsen.de\/wp-content\/uploads\/2023\/07\/IMG-20230525-WA0000-1-1240x1536.jpg 1240w, https:\/\/neukirch-sachsen.de\/wp-content\/uploads\/2023\/07\/IMG-20230525-WA0000-1.jpg 1653w\" sizes=\"auto, (max-width: 827px) 100vw, 827px\" \/><\/figure>\n<!-- \/wp:image --><\/div><\/li>\n<li><a class=\"wp-block-latest-posts__post-title\" href=\"https:\/\/neukirch-sachsen.de\/?p=2346\">Krombacher Brauerei spendet 2.500 Euro<\/a><div class=\"wp-block-latest-posts__post-full-content\"><!-- wp:file {\"id\":2347,\"href\":\"https:\/\/neukirch-sachsen.de\/wp-content\/uploads\/2023\/06\/Pressemitteilung_KulturLandSchaft-Ochsenberge.pdf\",\"displayPreview\":true} -->\n<div class=\"wp-block-file\"><object class=\"wp-block-file__embed\" data=\"https:\/\/neukirch-sachsen.de\/wp-content\/uploads\/2023\/06\/Pressemitteilung_KulturLandSchaft-Ochsenberge.pdf\" type=\"application\/pdf\" style=\"width:100%;height:600px\" aria-label=\"Pressemitteilung_KulturLandSchaft-Ochsenberge\"><\/object><a id=\"wp-block-file--media-5be13511-d793-4acc-801a-72302391088c\" href=\"https:\/\/neukirch-sachsen.de\/wp-content\/uploads\/2023\/06\/Pressemitteilung_KulturLandSchaft-Ochsenberge.pdf\">Pressemitteilung_KulturLandSchaft-Ochsenberge<\/a><a href=\"https:\/\/neukirch-sachsen.de\/wp-content\/uploads\/2023\/06\/Pressemitteilung_KulturLandSchaft-Ochsenberge.pdf\" class=\"wp-block-file__button wp-element-button\" download aria-describedby=\"wp-block-file--media-5be13511-d793-4acc-801a-72302391088c\">Herunterladen<\/a><\/div>\n<!-- \/wp:file -->\n\n<!-- wp:image {\"id\":2348,\"sizeSlug\":\"large\",\"linkDestination\":\"none\"} -->\n<figure class=\"wp-block-image size-large\"><img loading=\"lazy\" decoding=\"async\" width=\"1024\" height=\"771\" src=\"https:\/\/neukirch-sachsen.de\/wp-content\/uploads\/2023\/06\/Krombacher-1024x771.jpg\" alt=\"\" class=\"wp-image-2348\" srcset=\"https:\/\/neukirch-sachsen.de\/wp-content\/uploads\/2023\/06\/Krombacher-1024x771.jpg 1024w, https:\/\/neukirch-sachsen.de\/wp-content\/uploads\/2023\/06\/Krombacher-300x226.jpg 300w, https:\/\/neukirch-sachsen.de\/wp-content\/uploads\/2023\/06\/Krombacher-768x578.jpg 768w, https:\/\/neukirch-sachsen.de\/wp-content\/uploads\/2023\/06\/Krombacher-1536x1156.jpg 1536w, https:\/\/neukirch-sachsen.de\/wp-content\/uploads\/2023\/06\/Krombacher-2048x1542.jpg 2048w\" sizes=\"auto, (max-width: 1024px) 100vw, 1024px\" \/><\/figure>\n<!-- \/wp:image --><\/div><\/li>\n<li><a class=\"wp-block-latest-posts__post-title\" href=\"https:\/\/neukirch-sachsen.de\/?p=2334\">Neues von den KulturLandschaftern<\/a><div class=\"wp-block-latest-posts__post-full-content\"><!-- wp:paragraph {\"align\":\"left\"} -->\n<p class=\"has-text-align-left\">Liebe Neukircher und Unterst\u00fctzer,<\/p>\n<!-- \/wp:paragraph -->\n\n<!-- wp:paragraph {\"align\":\"left\"} -->\n<p class=\"has-text-align-left\">lange nichts von uns geh\u00f6rt? Auch wenn im Moment vieles ruhiger erscheint, so sind wir weiterhin an den verschiedensten Projekten dran.<\/p>\n<!-- \/wp:paragraph -->\n\n<!-- wp:paragraph {\"align\":\"left\"} -->\n<p class=\"has-text-align-left\">Vor kurzem hat einer unserer Unterst\u00fctzer unseren Verein bei der Krombacher Spendenaktion nominiert. Krombacher unterst\u00fctzt seit vielen Jahren neben sozialen Projekten Vereine, Organisationen und Einrichtungen, die sich regional f\u00fcr Natur- und Umweltschutz stark machen. Dadurch sind wir einer der einhundert 100 Organisationen und Vereine geworden, die eine Spende von Krombacher in H\u00f6he von 2.500 EUR erhalten (<a href=\"https:\/\/nachhaltigkeit.krombacher.de\/gesellschaft\/spendenuebersicht-2023\">https:\/\/nachhaltigkeit.krombacher.de\/gesellschaft\/spendenuebersicht-2023<\/a>). Herzlichsten Dank hierf\u00fcr. Aber leider gibt es nicht nur gute Nachrichten. Viele von euch kennen unsere Schilder an den Wei\u00dfen Bergen und am Ochsenberg, welche euch \u00fcber den Bereich und die Dimension des geplanten Abbaugebietes informieren. Zwei dieser Schilder wurden absichtlich zerst\u00f6rt.<\/p>\n<!-- \/wp:paragraph -->\n\n<!-- wp:image {\"id\":2335,\"width\":273,\"height\":345,\"sizeSlug\":\"full\",\"linkDestination\":\"none\"} -->\n<figure class=\"wp-block-image size-full is-resized\"><img loading=\"lazy\" decoding=\"async\" src=\"https:\/\/neukirch-sachsen.de\/wp-content\/uploads\/2023\/05\/Schilder.jpg\" alt=\"\" class=\"wp-image-2335\" width=\"273\" height=\"345\" srcset=\"https:\/\/neukirch-sachsen.de\/wp-content\/uploads\/2023\/05\/Schilder.jpg 507w, https:\/\/neukirch-sachsen.de\/wp-content\/uploads\/2023\/05\/Schilder-238x300.jpg 238w\" sizes=\"auto, (max-width: 273px) 100vw, 273px\" \/><\/figure>\n<!-- \/wp:image -->\n\n<!-- wp:paragraph -->\n<p>Wir werden sie selbstverst\u00e4ndlich ersetzen. Es zeigt sich aber, dass wir mit unserem Anliegen nicht nur Verst\u00e4ndnis oder Unterst\u00fctzung finden. Es ist eine Gradwanderung, Wissen zum Schutz unseres Naturgutes vor unserer T\u00fcr zu vermitteln, ohne unerw\u00fcnschte Begleiterscheinungen oder Gegenreaktionen zu provozieren.<\/p>\n<!-- \/wp:paragraph -->\n\n<!-- wp:paragraph -->\n<p>Der Schutz unserer regionalen Umwelt und Heimat ist uns so wichtig (geworden), dass wir den zu erwartenden Gegenwind in Kauf nehmen werden. Kann sein, dass die zerst\u00f6rten Schilder nur ein kleines Vorspiel k\u00fcnftiger Anfeindungen sind. Aber wir lassen uns nicht unterkriegen. Versprochen!<\/p>\n<!-- \/wp:paragraph -->\n\n<!-- wp:paragraph -->\n<p>Viele Gr\u00fc\u00dfe und bis bald<\/p>\n<!-- \/wp:paragraph -->\n\n<!-- wp:paragraph -->\n<p>Eure KulturLandschafter<\/p>\n<!-- \/wp:paragraph -->\n\n<!-- wp:paragraph -->\n<p><\/p>\n<!-- \/wp:paragraph --><\/div><\/li>\n<li><a class=\"wp-block-latest-posts__post-title\" href=\"https:\/\/neukirch-sachsen.de\/?p=2293\">Klimmzugstangen, Rollbretter und H\u00fcpfs\u00e4cke f\u00fcr die Turnhalle<\/a><div class=\"wp-block-latest-posts__post-full-content\"><!-- wp:paragraph -->\n<p>Der SV Sachsen Neukirch e.V. hat in 2023, obwohl das Jahr noch recht jung ist, wieder gr\u00f6\u00dfere Anschaffungen f\u00fcr die Turnhalle get\u00e4tigt. Diesmal waren nach R\u00fccksprache mit den \u00dcbungsleitern f\u00fcr den Kindersport, Anne Schneider und Katrin Zinke, Klimmzugstangen, Rollbretter und H\u00fcpfs\u00e4cke f\u00fcr den Ausbau des Angebots f\u00fcr den Kindersport eine sinnvolle Investition. Sport frei f\u00fcr alle Nutzer.<\/p>\n<!-- \/wp:paragraph -->\n\n<!-- wp:image {\"id\":2294,\"sizeSlug\":\"large\",\"linkDestination\":\"none\"} -->\n<figure class=\"wp-block-image size-large\"><img loading=\"lazy\" decoding=\"async\" width=\"1024\" height=\"576\" src=\"https:\/\/neukirch-sachsen.de\/wp-content\/uploads\/2023\/02\/6afdbc2e-1be4-4b42-b330-e47d496f6763-1024x576.jpg\" alt=\"\" class=\"wp-image-2294\" srcset=\"https:\/\/neukirch-sachsen.de\/wp-content\/uploads\/2023\/02\/6afdbc2e-1be4-4b42-b330-e47d496f6763-1024x576.jpg 1024w, https:\/\/neukirch-sachsen.de\/wp-content\/uploads\/2023\/02\/6afdbc2e-1be4-4b42-b330-e47d496f6763-300x169.jpg 300w, https:\/\/neukirch-sachsen.de\/wp-content\/uploads\/2023\/02\/6afdbc2e-1be4-4b42-b330-e47d496f6763-768x432.jpg 768w, https:\/\/neukirch-sachsen.de\/wp-content\/uploads\/2023\/02\/6afdbc2e-1be4-4b42-b330-e47d496f6763-1536x864.jpg 1536w, https:\/\/neukirch-sachsen.de\/wp-content\/uploads\/2023\/02\/6afdbc2e-1be4-4b42-b330-e47d496f6763.jpg 1600w\" sizes=\"auto, (max-width: 1024px) 100vw, 1024px\" \/><\/figure>\n<!-- \/wp:image --><\/div><\/li>\n<li><a class=\"wp-block-latest-posts__post-title\" href=\"https:\/\/neukirch-sachsen.de\/?p=2273\">Offene Ohren<\/a><div class=\"wp-block-latest-posts__post-full-content\"><!-- wp:paragraph -->\n<p>Ein sch\u00f6ner, erfolgreicher Abend war es am 26. Januar 2023 in Schwepnitz. Der Saal im Gemeindezentrum an der Kirche war bis auf den letzten Platz gef\u00fcllt, das Interesse an der Vorstellung der Kulturlandschaft Wei\u00dfe Berge \u2013 Ochsenberg erfreulich gro\u00df.<\/p>\n<!-- \/wp:paragraph -->\n\n<!-- wp:paragraph -->\n<p>Der Vereinsvorsitzende Torsten Gersdorf teilte sich mit Katja Lehmann und Kuno Lindner in den Vortrag, der neben vielen Themen vor allem eins \u00fcbermittelte: Der drohende Kiesabbau verbittert uns nicht. Wir haben Spa\u00df an dem, was wir tun \u2013 sei es das erm\u00fcdende W\u00e4lzen von Akten, stundenlange Naturexkursionen bei sengender Hitze oder, wie an diesem Abend, die Begegnung mit Menschen, die aus ganz unterschiedlichen Motiven gekommen waren.<\/p>\n<!-- \/wp:paragraph -->\n\n<!-- wp:paragraph -->\n<p>Wichtig und fruchtbar waren die individuellen Gespr\u00e4che danach, wof\u00fcr die meisten G\u00e4ste noch blieben. Das gemeinsam mit dem Heimatverein Gottschdorf e. V. erbaute 3D-Modell des Gebiets machte die Auswirkungen eines m\u00f6glichen Kiesabbaus erlebbar.<\/p>\n<!-- \/wp:paragraph -->\n\n<!-- wp:paragraph -->\n<p>Wir danken Madlena Mitschke (zust\u00e4ndig f\u00fcr \u00d6ffentlichkeitsarbeit in der Naturschutzstation Neschwitz e. V.) und Dr. Julian Ahlborn (Wissenschaftlicher Projektkoordinator im Senckenberg Museum f\u00fcr Naturkunde G\u00f6rlitz) f\u00fcr ihr Kommen und ihren Eingangsvortrag. Sie haben das Projekt \u201eMoSaiKTeil\u201c (f\u00fcr Moore, Sand, Kiefern und Teiche) des Bundesamtes f\u00fcr Naturschutz vorgestellt, das seinen Schutzschirm auch \u00fcber das Gebiet der Wei\u00dfen Berge und des Ochsenbergs wirft. Wir freuen uns auf eine gute weitere Kooperation und gemeinsame Projekte.<\/p>\n<!-- \/wp:paragraph -->\n\n<!-- wp:paragraph -->\n<p>Wir planen, diese Veranstaltung in weiteren Orten rund um den Berg zu wiederholen. Falls also jemand nicht in Schwepnitz dabei sein konnte, sich jedoch f\u00fcr unsere Arbeit interessiert: Weitere Gelegenheiten werden kommen.<\/p>\n<!-- \/wp:paragraph -->\n\n<!-- wp:image {\"id\":2274,\"sizeSlug\":\"large\",\"linkDestination\":\"none\"} -->\n<figure class=\"wp-block-image size-large\"><img loading=\"lazy\" decoding=\"async\" width=\"1024\" height=\"576\" src=\"https:\/\/neukirch-sachsen.de\/wp-content\/uploads\/2023\/01\/Saal-1024x576.jpg\" alt=\"\" class=\"wp-image-2274\" srcset=\"https:\/\/neukirch-sachsen.de\/wp-content\/uploads\/2023\/01\/Saal-1024x576.jpg 1024w, https:\/\/neukirch-sachsen.de\/wp-content\/uploads\/2023\/01\/Saal-300x169.jpg 300w, https:\/\/neukirch-sachsen.de\/wp-content\/uploads\/2023\/01\/Saal-768x432.jpg 768w, https:\/\/neukirch-sachsen.de\/wp-content\/uploads\/2023\/01\/Saal.jpg 1280w\" sizes=\"auto, (max-width: 1024px) 100vw, 1024px\" \/><\/figure>\n<!-- \/wp:image -->\n\n<!-- wp:image {\"id\":2275,\"sizeSlug\":\"large\",\"linkDestination\":\"none\"} -->\n<figure class=\"wp-block-image size-large\"><img loading=\"lazy\" decoding=\"async\" width=\"1024\" height=\"683\" src=\"https:\/\/neukirch-sachsen.de\/wp-content\/uploads\/2023\/01\/Vortrag-1024x683.jpg\" alt=\"\" class=\"wp-image-2275\" srcset=\"https:\/\/neukirch-sachsen.de\/wp-content\/uploads\/2023\/01\/Vortrag-1024x683.jpg 1024w, https:\/\/neukirch-sachsen.de\/wp-content\/uploads\/2023\/01\/Vortrag-300x200.jpg 300w, https:\/\/neukirch-sachsen.de\/wp-content\/uploads\/2023\/01\/Vortrag-768x512.jpg 768w, https:\/\/neukirch-sachsen.de\/wp-content\/uploads\/2023\/01\/Vortrag-1200x800.jpg 1200w, https:\/\/neukirch-sachsen.de\/wp-content\/uploads\/2023\/01\/Vortrag.jpg 1280w\" sizes=\"auto, (max-width: 1024px) 100vw, 1024px\" \/><\/figure>\n<!-- \/wp:image -->\n\n<!-- wp:image {\"id\":2276,\"sizeSlug\":\"large\",\"linkDestination\":\"none\"} -->\n<figure class=\"wp-block-image size-large\"><img loading=\"lazy\" decoding=\"async\" width=\"1024\" height=\"576\" src=\"https:\/\/neukirch-sachsen.de\/wp-content\/uploads\/2023\/01\/Vortrag-Katja-1024x576.jpg\" alt=\"\" class=\"wp-image-2276\" srcset=\"https:\/\/neukirch-sachsen.de\/wp-content\/uploads\/2023\/01\/Vortrag-Katja-1024x576.jpg 1024w, https:\/\/neukirch-sachsen.de\/wp-content\/uploads\/2023\/01\/Vortrag-Katja-300x169.jpg 300w, https:\/\/neukirch-sachsen.de\/wp-content\/uploads\/2023\/01\/Vortrag-Katja-768x432.jpg 768w, https:\/\/neukirch-sachsen.de\/wp-content\/uploads\/2023\/01\/Vortrag-Katja.jpg 1280w\" sizes=\"auto, (max-width: 1024px) 100vw, 1024px\" \/><\/figure>\n<!-- \/wp:image -->\n\n<!-- wp:image {\"id\":2280,\"sizeSlug\":\"large\",\"linkDestination\":\"none\"} -->\n<figure class=\"wp-block-image size-large\"><img loading=\"lazy\" decoding=\"async\" width=\"1024\" height=\"683\" src=\"https:\/\/neukirch-sachsen.de\/wp-content\/uploads\/2023\/01\/Saal-2-1024x683.jpg\" alt=\"\" class=\"wp-image-2280\" srcset=\"https:\/\/neukirch-sachsen.de\/wp-content\/uploads\/2023\/01\/Saal-2-1024x683.jpg 1024w, https:\/\/neukirch-sachsen.de\/wp-content\/uploads\/2023\/01\/Saal-2-300x200.jpg 300w, https:\/\/neukirch-sachsen.de\/wp-content\/uploads\/2023\/01\/Saal-2-768x512.jpg 768w, https:\/\/neukirch-sachsen.de\/wp-content\/uploads\/2023\/01\/Saal-2-1200x800.jpg 1200w, https:\/\/neukirch-sachsen.de\/wp-content\/uploads\/2023\/01\/Saal-2.jpg 1280w\" sizes=\"auto, (max-width: 1024px) 100vw, 1024px\" \/><\/figure>\n<!-- \/wp:image -->\n\n<!-- wp:image {\"id\":2277,\"sizeSlug\":\"large\",\"linkDestination\":\"none\"} -->\n<figure class=\"wp-block-image size-large\"><img loading=\"lazy\" decoding=\"async\" width=\"1024\" height=\"683\" src=\"https:\/\/neukirch-sachsen.de\/wp-content\/uploads\/2023\/01\/Am-3-D-Modell-1024x683.jpg\" alt=\"\" class=\"wp-image-2277\" srcset=\"https:\/\/neukirch-sachsen.de\/wp-content\/uploads\/2023\/01\/Am-3-D-Modell-1024x683.jpg 1024w, https:\/\/neukirch-sachsen.de\/wp-content\/uploads\/2023\/01\/Am-3-D-Modell-300x200.jpg 300w, https:\/\/neukirch-sachsen.de\/wp-content\/uploads\/2023\/01\/Am-3-D-Modell-768x512.jpg 768w, https:\/\/neukirch-sachsen.de\/wp-content\/uploads\/2023\/01\/Am-3-D-Modell-1200x800.jpg 1200w, https:\/\/neukirch-sachsen.de\/wp-content\/uploads\/2023\/01\/Am-3-D-Modell.jpg 1280w\" sizes=\"auto, (max-width: 1024px) 100vw, 1024px\" \/><\/figure>\n<!-- \/wp:image -->\n\n<!-- wp:image {\"id\":2279,\"sizeSlug\":\"large\",\"linkDestination\":\"none\"} -->\n<figure class=\"wp-block-image size-large\"><img loading=\"lazy\" decoding=\"async\" width=\"1024\" height=\"683\" src=\"https:\/\/neukirch-sachsen.de\/wp-content\/uploads\/2023\/01\/3-D-Modell-2-1024x683.jpg\" alt=\"\" class=\"wp-image-2279\" srcset=\"https:\/\/neukirch-sachsen.de\/wp-content\/uploads\/2023\/01\/3-D-Modell-2-1024x683.jpg 1024w, https:\/\/neukirch-sachsen.de\/wp-content\/uploads\/2023\/01\/3-D-Modell-2-300x200.jpg 300w, https:\/\/neukirch-sachsen.de\/wp-content\/uploads\/2023\/01\/3-D-Modell-2-768x512.jpg 768w, https:\/\/neukirch-sachsen.de\/wp-content\/uploads\/2023\/01\/3-D-Modell-2-1200x800.jpg 1200w, https:\/\/neukirch-sachsen.de\/wp-content\/uploads\/2023\/01\/3-D-Modell-2.jpg 1280w\" sizes=\"auto, (max-width: 1024px) 100vw, 1024px\" \/><\/figure>\n<!-- \/wp:image --><\/div><\/li>\n<li><a class=\"wp-block-latest-posts__post-title\" href=\"https:\/\/neukirch-sachsen.de\/?p=2268\">Infoabend in der Kirchgemeinde<\/a><div class=\"wp-block-latest-posts__post-full-content\"><!-- wp:paragraph -->\n<p>Der Verein KulturLandschaft Wei\u00dfe Berge \u2013 Ochsenberg e. V. stellt seine Arbeit vor<br>Zwischen Schwepnitz und Liebenau, Brauna und Bulleritz, Neukirch und Sch\u00f6nbach, Rohrbach, Gottschdorf und Cunnersdorf liegt eines der gr\u00f6\u00dften zusammenh\u00e4ngenden Waldgebiete Sachsens. Dieser Wald ist Wirtschaftswald, Erholungsraum und reich an gesch\u00fctzten Biotopen, Fl\u00e4chennaturdenkm\u00e4lern und beherbergt ein europ\u00e4isches Fauna-Flora-Habitat-Schutzgebiet (FFH-Gebiet). Die Quellen des Ochsenberges versorgen die umliegenden Gemeinden mit Wasser, in seinen Mooren wachsen besondere, zum Teil seltene Pflanzen, hier tummeln sich Insekten in besonderer Art und Vielfalt. Kurz: Da passiert viel Erfreuliches.<br><br>Doch das Gebiet ist in seiner Vielfalt und Funktion gef\u00e4hrdet. Das h\u00e4tte auch viele negative Auswirkungen f\u00fcr uns hier lebende Menschen.<br><br>Nach einem Jahr Arbeit ist aus der Ochsenberg-Initiative der Verein KulturLandschaft Wei\u00dfe Berge \u2013 Ochsenberg e. V. geworden. Der Verein hat viel \u00fcber seine Arbeit zu berichten. Themen sind die Bestandsaufnahme nat\u00fcrlicher Ressourcen unserer Kulturlandschaft, einzigartige Biotope und Quellgebiete, vielf\u00e4ltigen Artenvorkommen, Rohstofflagerst\u00e4tten, rechtliche und politische Rahmenbedingungen. Ein selbst gefertigtes 3D-Modell macht das Gebiet um die Wei\u00dfen Berge und den Ochsenberg an diesem Abend greifbar.<br><br>Ebenfalls vertreten ist an diesem Abend das Senckenberg Museum f\u00fcr Naturkunde G\u00f6rlitz. Vorgestellt wird \u201eMoSaiKTeil\u201c (f\u00fcr Moore, Sand, Kiefern und Teiche), ein Projekt des Bundesamtes f\u00fcr Naturschutz. Das soll auch im Gebiet der Wei\u00dfen Berge und des Ochsenbergs die Artenvielfalt im Einklang mit einer nachhaltigen Bewirtschaftung f\u00f6rdern.<br><br>Interessiert? Dann f\u00fchlen Sie sich herzlich eingeladen.<br><br>Termin: Donnerstag 26.01.2023, 19 Uhr, <br>Gemeindesaal der Kirchgemeinde Schwepnitz, Pfarrgasse 8, 01936 Schwepnitz<\/p>\n<!-- \/wp:paragraph --><\/div><\/li>\n<li><a class=\"wp-block-latest-posts__post-title\" href=\"https:\/\/neukirch-sachsen.de\/?p=2141\">Bundesweiter Warntag 2022<\/a><div class=\"wp-block-latest-posts__post-full-content\"><!-- wp:paragraph -->\n<p>Am 08.12.2022 findet in der Zeit von 08:00-16:00Uhr der 2. Bundesweite Warntag statt.<\/p>\n<!-- \/wp:paragraph -->\n\n<!-- wp:paragraph -->\n<p>An diesem Tag testen Bund und L\u00e4nder, kreisfreie St\u00e4dte und auch Gemeinden ihre Warnmittel.<\/p>\n<!-- \/wp:paragraph -->\n\n<!-- wp:paragraph -->\n<p>Ab 11Uhr werden Warnmittel wie z.B. Radio, Fernsehen, digitale Stadtanzeigen und Warnapps aktiviert.<\/p>\n<!-- \/wp:paragraph -->\n\n<!-- wp:paragraph -->\n<p>Ebenso wird zum ersten Mal der sogenannte &#8222;Cell Broadcast&#8220; getestet. Dabei bekommt jeder B\u00fcrger mit eingeschaltetem Handy eine Warnnachricht zugeschickt. Bei \u00e4lteren Modellen kann es passieren das keine Nachricht zugestellt werden kann. Ebenso wichtig ist es, das Ihr Telefon NICHT im Flugmodus ist. <\/p>\n<!-- \/wp:paragraph -->\n\n<!-- wp:paragraph -->\n<p>N\u00e4here Informationen hier\u00fcber gibt es unter: <\/p>\n<!-- \/wp:paragraph -->\n\n<!-- wp:paragraph {\"align\":\"center\"} -->\n<p class=\"has-text-align-center\"><a rel=\"noreferrer noopener\" href=\"https:\/\/www.bbk.bund.de\/DE\/Warnung-Vorsorge\/Warnung-in-Deutschland\/So-werden-Sie-gewarnt\/Cell-Broadcast\/cell-broadcast_node.html\" data-type=\"URL\" data-id=\"https:\/\/www.bbk.bund.de\/DE\/Warnung-Vorsorge\/Warnung-in-Deutschland\/So-werden-Sie-gewarnt\/Cell-Broadcast\/cell-broadcast_node.html\" target=\"_blank\">https:\/\/www.bbk.bund.de\/DE\/Warnung-Vorsorge\/Warnung-in-Deutschland\/So-werden-Sie-gewarnt\/Cell-Broadcast\/cell-broadcast_node.html<\/a><\/p>\n<!-- \/wp:paragraph -->\n\n<!-- wp:paragraph -->\n<p><\/p>\n<!-- \/wp:paragraph -->\n\n<!-- wp:paragraph -->\n<p>Auch wird die Sirene hier im Dorf 2 Mal aktiviert. Das erste Mal wird vor einer Gefahr gewarnt. Dazu ert\u00f6nt der Warnton 3 Mal hintereinander ( \u00e4quivalent zur &#8222;normalen&#8220; Alarmierung). Das 2.Signal folgt dann ca. 45min sp\u00e4ter und wird als Entwarnung ausgel\u00f6st. Hierbei ert\u00f6nt ein 1- min\u00fctiger Dauerton.<\/p>\n<!-- \/wp:paragraph -->\n\n<!-- wp:image {\"id\":2146,\"sizeSlug\":\"full\",\"linkDestination\":\"none\",\"className\":\"is-style-default\"} -->\n<figure class=\"wp-block-image size-full is-style-default\"><img loading=\"lazy\" decoding=\"async\" width=\"599\" height=\"799\" src=\"https:\/\/neukirch-sachsen.de\/wp-content\/uploads\/2022\/12\/grafik.png\" alt=\"\" class=\"wp-image-2146\" srcset=\"https:\/\/neukirch-sachsen.de\/wp-content\/uploads\/2022\/12\/grafik.png 599w, https:\/\/neukirch-sachsen.de\/wp-content\/uploads\/2022\/12\/grafik-225x300.png 225w\" sizes=\"auto, (max-width: 599px) 100vw, 599px\" \/><\/figure>\n<!-- \/wp:image -->\n\n<!-- wp:paragraph -->\n<p>Wenn Sie sich weiter informieren m\u00f6chten, empfehlen wir folgende Seite: <\/p>\n<!-- \/wp:paragraph -->\n\n<!-- wp:paragraph {\"align\":\"center\"} -->\n<p class=\"has-text-align-center\"><a rel=\"noreferrer noopener\" href=\"https:\/\/warnung-der-bevoelkerung.de\/\" data-type=\"URL\" data-id=\"https:\/\/warnung-der-bevoelkerung.de\/\" target=\"_blank\">https:\/\/warnung-der-bevoelkerung.de\/<\/a><\/p>\n<!-- \/wp:paragraph -->\n\n<!-- wp:paragraph -->\n<p><\/p>\n<!-- \/wp:paragraph -->\n\n<!-- wp:paragraph {\"align\":\"center\",\"style\":{\"color\":{\"text\":\"#d01717\"}},\"fontSize\":\"large\"} -->\n<p class=\"has-text-align-center has-text-color has-large-font-size\" style=\"color:#d01717\">Ihre FFW Neukirch<\/p>\n<!-- \/wp:paragraph --><\/div><\/li>\n<li><a class=\"wp-block-latest-posts__post-title\" href=\"https:\/\/neukirch-sachsen.de\/?p=2051\">Weihnachten ohne Geschenk ???<\/a><div class=\"wp-block-latest-posts__post-full-content\"><!-- wp:paragraph -->\n<p>Schon lange macht uns der Handel auf Weihnachten aufmerksam. <br>Weihnachtsartikel fluten seit Ende Sommer unsere Kaufhallen. Als Eltern, Gro\u00dfeltern, Onkel und Tante wollen wir unsere Kinder, Enkel, Nichten und Neffen erfreuen und mit einem Geschenk \u00fcberraschen. Unsere Kinder haben eher zuviel, als zuwenig. <br>Vielen Menschen in dieser Welt ist es nicht m\u00f6glich, ihren Lieben ein Weihnachts-geschenk zu machen. Wir haben, auch in der abgespannten Lage dieser Tage, die M\u00f6glichkeit solch einem Kind ein unvergessliches Weihnachtsfest zuschenken. <br><strong>Ein kleiner Schuhkarton, liebevoll gef\u00fcllt, schenkt Freude f\u00fcr den Schenker und den Beschenkten.<\/strong><\/p>\n<!-- \/wp:paragraph -->\n\n<!-- wp:video {\"id\":2058} -->\n<figure class=\"wp-block-video\"><video controls src=\"https:\/\/neukirch-sachsen.de\/wp-content\/uploads\/2022\/10\/Eindruecke-der-Aktion-Weihnachten-im-Schuhkarton.mp4\"><\/video><\/figure>\n<!-- \/wp:video -->\n\n<!-- wp:paragraph -->\n<p>Infoflyer liegen beim B\u00e4cker aus und sind bei uns (Familie Kemter, Pfarrhaus, Tel. 32416) erh\u00e4ltlich. Bitte Erlaubt\/ Nicht erlaubt-Liste beachten.<br>Abgabe ist m\u00f6glich bis zum 28. Otober und vom 10. bis 14. November!<br>Die 10,00 \u20ac Transportspende, sind eine Empfehlung, aber keine Bedingung f\u00fcr die Abgabe eines P\u00e4ckchens. Danke!<\/p>\n<!-- \/wp:paragraph -->\n\n<!-- wp:file {\"id\":2060,\"href\":\"https:\/\/neukirch-sachsen.de\/wp-content\/uploads\/2022\/10\/Erlaubt-Nicht-erlaubt-Liste-22.pdf\",\"displayPreview\":true} -->\n<div class=\"wp-block-file\"><object class=\"wp-block-file__embed\" data=\"https:\/\/neukirch-sachsen.de\/wp-content\/uploads\/2022\/10\/Erlaubt-Nicht-erlaubt-Liste-22.pdf\" type=\"application\/pdf\" style=\"width:100%;height:600px\" aria-label=\"Einbettung von Erlaubt-Nicht-erlaubt-Liste-2022.\"><\/object><a id=\"wp-block-file--media-166d21fb-4753-46c6-a57a-1cdfbf045d51\" href=\"https:\/\/neukirch-sachsen.de\/wp-content\/uploads\/2022\/10\/Erlaubt-Nicht-erlaubt-Liste-22.pdf\">Erlaubt-Nicht-erlaubt-Liste-2022<\/a><a href=\"https:\/\/neukirch-sachsen.de\/wp-content\/uploads\/2022\/10\/Erlaubt-Nicht-erlaubt-Liste-22.pdf\" class=\"wp-block-file__button\" download aria-describedby=\"wp-block-file--media-166d21fb-4753-46c6-a57a-1cdfbf045d51\">Herunterladen<\/a><\/div>\n<!-- \/wp:file --><\/div><\/li>\n<li><a class=\"wp-block-latest-posts__post-title\" href=\"https:\/\/neukirch-sachsen.de\/?p=2049\">Kirchennachrichten September\/ Oktober<\/a><div class=\"wp-block-latest-posts__post-full-content\"><!-- wp:file {\"id\":2052,\"href\":\"https:\/\/neukirch-sachsen.de\/wp-content\/uploads\/2022\/10\/KB-22-05-final.web_.pdf\",\"displayPreview\":true} -->\n<div class=\"wp-block-file\"><object class=\"wp-block-file__embed\" data=\"https:\/\/neukirch-sachsen.de\/wp-content\/uploads\/2022\/10\/KB-22-05-final.web_.pdf\" type=\"application\/pdf\" style=\"width:100%;height:600px\" aria-label=\"Einbettung von Kichennachrichten September\/ Oktober 2022_.\"><\/object><a id=\"wp-block-file--media-513fc7f5-ec7d-4550-9ea2-66695bb12edf\" href=\"https:\/\/neukirch-sachsen.de\/wp-content\/uploads\/2022\/10\/KB-22-05-final.web_.pdf\">Kichennachrichten September\/ Oktober 2022_<\/a><a href=\"https:\/\/neukirch-sachsen.de\/wp-content\/uploads\/2022\/10\/KB-22-05-final.web_.pdf\" class=\"wp-block-file__button\" download aria-describedby=\"wp-block-file--media-513fc7f5-ec7d-4550-9ea2-66695bb12edf\">Herunterladen<\/a><\/div>\n<!-- \/wp:file -->\n\n<!-- wp:file {\"id\":2054,\"href\":\"https:\/\/neukirch-sachsen.de\/wp-content\/uploads\/2022\/10\/KB-22-05-Mitte-final.pdf\",\"displayPreview\":true} -->\n<div class=\"wp-block-file\"><object class=\"wp-block-file__embed\" data=\"https:\/\/neukirch-sachsen.de\/wp-content\/uploads\/2022\/10\/KB-22-05-Mitte-final.pdf\" type=\"application\/pdf\" style=\"width:100%;height:600px\" aria-label=\"Einbettung von Unsere Gottesdienste im Otober\/ November 2022.\"><\/object><a id=\"wp-block-file--media-9431b413-1cb9-49a4-a4fc-d58729574d18\" href=\"https:\/\/neukirch-sachsen.de\/wp-content\/uploads\/2022\/10\/KB-22-05-Mitte-final.pdf\">Unsere Gottesdienste im Otober\/ November 2022<\/a><a href=\"https:\/\/neukirch-sachsen.de\/wp-content\/uploads\/2022\/10\/KB-22-05-Mitte-final.pdf\" class=\"wp-block-file__button\" download aria-describedby=\"wp-block-file--media-9431b413-1cb9-49a4-a4fc-d58729574d18\">Herunterladen<\/a><\/div>\n<!-- \/wp:file --><\/div><\/li>\n<li><a class=\"wp-block-latest-posts__post-title\" href=\"https:\/\/neukirch-sachsen.de\/?p=2015\">&#8222;Oktoberfest&#8220; in Neukirch<\/a><div class=\"wp-block-latest-posts__post-full-content\"><!-- wp:image {\"id\":2008,\"width\":670,\"height\":947,\"sizeSlug\":\"large\",\"linkDestination\":\"custom\"} -->\n<figure class=\"wp-block-image size-large is-resized\"><a href=\"https:\/\/neukirch-sachsen.de\/?page_id=1949\" target=\"_blank\" rel=\"noreferrer noopener\"><img loading=\"lazy\" decoding=\"async\" src=\"http:\/\/neukirch-sachsen.de\/wp-content\/uploads\/2022\/09\/Oktoberfest-2022-724x1024.jpg\" alt=\"\" class=\"wp-image-2008\" width=\"670\" height=\"947\" srcset=\"https:\/\/neukirch-sachsen.de\/wp-content\/uploads\/2022\/09\/Oktoberfest-2022-724x1024.jpg 724w, https:\/\/neukirch-sachsen.de\/wp-content\/uploads\/2022\/09\/Oktoberfest-2022-212x300.jpg 212w, https:\/\/neukirch-sachsen.de\/wp-content\/uploads\/2022\/09\/Oktoberfest-2022-768x1086.jpg 768w, https:\/\/neukirch-sachsen.de\/wp-content\/uploads\/2022\/09\/Oktoberfest-2022-1086x1536.jpg 1086w, https:\/\/neukirch-sachsen.de\/wp-content\/uploads\/2022\/09\/Oktoberfest-2022.jpg 1240w\" sizes=\"auto, (max-width: 670px) 100vw, 670px\" \/><\/a><\/figure>\n<!-- \/wp:image -->\n\n<!-- wp:paragraph -->\n<p>Klickt auf den Flyer, um zur Reservierungsseite zu gelangen.<\/p>\n<!-- \/wp:paragraph --><\/div><\/li>\n<li><a class=\"wp-block-latest-posts__post-title\" href=\"https:\/\/neukirch-sachsen.de\/?p=1923\">Erntedank Neukirch 2022<\/a><div class=\"wp-block-latest-posts__post-full-content\"><!-- wp:embed {\"url\":\"https:\/\/youtu.be\/f-xBM3aYi3M\",\"type\":\"video\",\"providerNameSlug\":\"youtube\",\"responsive\":true,\"className\":\"wp-embed-aspect-16-9 wp-has-aspect-ratio\"} -->\n<figure class=\"wp-block-embed is-type-video is-provider-youtube wp-block-embed-youtube wp-embed-aspect-16-9 wp-has-aspect-ratio\"><div class=\"wp-block-embed__wrapper\">\nhttps:\/\/youtu.be\/f-xBM3aYi3M\n<\/div><figcaption>Danke an alle, die beim Schm\u00fccken durch Gaben und Handanlegen mitgeholfen haben!<\/figcaption><\/figure>\n<!-- \/wp:embed --><\/div><\/li>\n<li><a class=\"wp-block-latest-posts__post-title\" href=\"https:\/\/neukirch-sachsen.de\/?p=1854\">Neues vom Ochsenberg<\/a><div class=\"wp-block-latest-posts__post-full-content\"><!-- wp:embed {\"url\":\"https:\/\/www.youtube.com\/watch?v=r3RjJXrIkSk\",\"type\":\"video\",\"providerNameSlug\":\"youtube\",\"responsive\":true,\"className\":\"wp-embed-aspect-16-9 wp-has-aspect-ratio\"} -->\n<figure class=\"wp-block-embed is-type-video is-provider-youtube wp-block-embed-youtube wp-embed-aspect-16-9 wp-has-aspect-ratio\"><div class=\"wp-block-embed__wrapper\">\nhttps:\/\/www.youtube.com\/watch?v=r3RjJXrIkSk\n<\/div><\/figure>\n<!-- \/wp:embed --><\/div><\/li>\n<li><a class=\"wp-block-latest-posts__post-title\" href=\"https:\/\/neukirch-sachsen.de\/?p=1830\">Graffiti-Aktion<\/a><div class=\"wp-block-latest-posts__post-full-content\"><!-- wp:paragraph -->\n<p>Hallo Neukirch!<\/p>\n<!-- \/wp:paragraph -->\n\n<!-- wp:paragraph -->\n<p>Wie euch sicherlich schon aufgefallen ist, hat sich auf unserem Sportplatz seit Neustem etwas getan. Am 30.04. und 01.05.2022 fand im Bachstadion eine Graffiti-Aktion statt. Dabei wurden die beiden vorher langweiligen Container ordentlich aufgepeppt. Carsten, der Graffitik\u00fcnstler aus Radebeul, f\u00fchrte dieses Projekt mit Kindern und Jugendlichen aus Neukirch und den umliegenden Ortsteilen durch. Daf\u00fcr fand Ende September 2021 bereits ein Planungstermin statt, bei dem viele Ideen gesammelt wurden. Letztendlich haben wir uns f\u00fcr die beiden Motive entschieden, die, wie wir fanden, am besten zu Neukirch passen.<\/p>\n<!-- \/wp:paragraph -->\n\n<!-- wp:paragraph -->\n<p>Die Feuerwehr Neukirch half uns freundlicherweise bei den Vorbereitungen, also dem Abspritzen der Container und der Roststellenbehandlung. Das Auftragen der Grundierung wurde mit ein paar freiwilligen Helfern aus dem Dorf durchgef\u00fchrt. Vielen Dank an dieser Stelle nochmal f\u00fcr die Unterst\u00fctzung!<\/p>\n<!-- \/wp:paragraph -->\n\n<!-- wp:paragraph -->\n<p>Am 30.04.\/01.05.2022 nahmen wir dann das Graffiti in Angriff und am 06.05. wurden noch die letzten Handgriffe erledigt und die Aktion abgeschlossen. Alle Teilnehmer wurden mit Getr\u00e4nken und Pizza gut versorgt. Alles in allem war es eine sehr gelungene Aktion, deren Ergebnis sich durchaus sehen lassen kann und auf unserem Sportplatz richtig was hermacht! \ud83d\ude0a<\/p>\n<!-- \/wp:paragraph -->\n\n<!-- wp:image {\"id\":1846,\"sizeSlug\":\"large\",\"linkDestination\":\"none\"} -->\n<figure class=\"wp-block-image size-large\"><img loading=\"lazy\" decoding=\"async\" width=\"1024\" height=\"461\" src=\"https:\/\/neukirch-sachsen.de\/wp-content\/uploads\/2022\/05\/Gr1-2-1024x461.jpg\" alt=\"\" class=\"wp-image-1846\" srcset=\"https:\/\/neukirch-sachsen.de\/wp-content\/uploads\/2022\/05\/Gr1-2-1024x461.jpg 1024w, https:\/\/neukirch-sachsen.de\/wp-content\/uploads\/2022\/05\/Gr1-2-300x135.jpg 300w, https:\/\/neukirch-sachsen.de\/wp-content\/uploads\/2022\/05\/Gr1-2-768x346.jpg 768w, https:\/\/neukirch-sachsen.de\/wp-content\/uploads\/2022\/05\/Gr1-2-1536x692.jpg 1536w, https:\/\/neukirch-sachsen.de\/wp-content\/uploads\/2022\/05\/Gr1-2.jpg 1600w\" sizes=\"auto, (max-width: 1024px) 100vw, 1024px\" \/><\/figure>\n<!-- \/wp:image -->\n\n<!-- wp:image {\"id\":1847,\"sizeSlug\":\"large\",\"linkDestination\":\"none\"} -->\n<figure class=\"wp-block-image size-large\"><img loading=\"lazy\" decoding=\"async\" width=\"1024\" height=\"461\" src=\"https:\/\/neukirch-sachsen.de\/wp-content\/uploads\/2022\/05\/Gr2-2-1024x461.jpg\" alt=\"\" class=\"wp-image-1847\" srcset=\"https:\/\/neukirch-sachsen.de\/wp-content\/uploads\/2022\/05\/Gr2-2-1024x461.jpg 1024w, https:\/\/neukirch-sachsen.de\/wp-content\/uploads\/2022\/05\/Gr2-2-300x135.jpg 300w, https:\/\/neukirch-sachsen.de\/wp-content\/uploads\/2022\/05\/Gr2-2-768x346.jpg 768w, https:\/\/neukirch-sachsen.de\/wp-content\/uploads\/2022\/05\/Gr2-2-1536x692.jpg 1536w, https:\/\/neukirch-sachsen.de\/wp-content\/uploads\/2022\/05\/Gr2-2.jpg 1600w\" sizes=\"auto, (max-width: 1024px) 100vw, 1024px\" \/><\/figure>\n<!-- \/wp:image -->\n\n<!-- wp:image {\"id\":1849,\"sizeSlug\":\"full\",\"linkDestination\":\"none\"} -->\n<figure class=\"wp-block-image size-full\"><img loading=\"lazy\" decoding=\"async\" width=\"782\" height=\"587\" src=\"https:\/\/neukirch-sachsen.de\/wp-content\/uploads\/2022\/05\/Gr3-3.jpg\" alt=\"\" class=\"wp-image-1849\" srcset=\"https:\/\/neukirch-sachsen.de\/wp-content\/uploads\/2022\/05\/Gr3-3.jpg 782w, https:\/\/neukirch-sachsen.de\/wp-content\/uploads\/2022\/05\/Gr3-3-300x225.jpg 300w, https:\/\/neukirch-sachsen.de\/wp-content\/uploads\/2022\/05\/Gr3-3-768x576.jpg 768w\" sizes=\"auto, (max-width: 782px) 100vw, 782px\" \/><\/figure>\n<!-- \/wp:image -->\n\n<!-- wp:image {\"id\":1850,\"sizeSlug\":\"full\",\"linkDestination\":\"none\"} -->\n<figure class=\"wp-block-image size-full\"><img loading=\"lazy\" decoding=\"async\" width=\"846\" height=\"587\" src=\"https:\/\/neukirch-sachsen.de\/wp-content\/uploads\/2022\/05\/Gr4-2.jpg\" alt=\"\" class=\"wp-image-1850\" srcset=\"https:\/\/neukirch-sachsen.de\/wp-content\/uploads\/2022\/05\/Gr4-2.jpg 846w, https:\/\/neukirch-sachsen.de\/wp-content\/uploads\/2022\/05\/Gr4-2-300x208.jpg 300w, https:\/\/neukirch-sachsen.de\/wp-content\/uploads\/2022\/05\/Gr4-2-768x533.jpg 768w\" sizes=\"auto, (max-width: 846px) 100vw, 846px\" \/><\/figure>\n<!-- \/wp:image -->\n\n<!-- wp:image {\"id\":1851,\"sizeSlug\":\"full\",\"linkDestination\":\"none\"} -->\n<figure class=\"wp-block-image size-full\"><img loading=\"lazy\" decoding=\"async\" width=\"782\" height=\"587\" src=\"https:\/\/neukirch-sachsen.de\/wp-content\/uploads\/2022\/05\/Gr5-2.jpg\" alt=\"\" class=\"wp-image-1851\" srcset=\"https:\/\/neukirch-sachsen.de\/wp-content\/uploads\/2022\/05\/Gr5-2.jpg 782w, https:\/\/neukirch-sachsen.de\/wp-content\/uploads\/2022\/05\/Gr5-2-300x225.jpg 300w, https:\/\/neukirch-sachsen.de\/wp-content\/uploads\/2022\/05\/Gr5-2-768x576.jpg 768w\" sizes=\"auto, (max-width: 782px) 100vw, 782px\" \/><\/figure>\n<!-- \/wp:image -->\n\n<!-- wp:image {\"id\":1852,\"sizeSlug\":\"full\",\"linkDestination\":\"none\"} -->\n<figure class=\"wp-block-image size-full\"><img loading=\"lazy\" decoding=\"async\" width=\"816\" height=\"679\" src=\"https:\/\/neukirch-sachsen.de\/wp-content\/uploads\/2022\/05\/Gr6-2.jpg\" alt=\"\" class=\"wp-image-1852\" srcset=\"https:\/\/neukirch-sachsen.de\/wp-content\/uploads\/2022\/05\/Gr6-2.jpg 816w, https:\/\/neukirch-sachsen.de\/wp-content\/uploads\/2022\/05\/Gr6-2-300x250.jpg 300w, https:\/\/neukirch-sachsen.de\/wp-content\/uploads\/2022\/05\/Gr6-2-768x639.jpg 768w\" sizes=\"auto, (max-width: 816px) 100vw, 816px\" \/><\/figure>\n<!-- \/wp:image -->\n\n<!-- wp:paragraph -->\n<p>Vielen Dank an den Sportverein Neukirch sowie das Jugendforum f\u00fcr die finanzielle Unterst\u00fctzung dieses Projektes. Und ein riesiges Dankesch\u00f6n gilt nat\u00fcrlich Carsten, der diese Aktion mit uns durchgef\u00fchrt hat.<\/p>\n<!-- \/wp:paragraph -->\n\n<!-- wp:paragraph -->\n<p><strong>Graffiti-K\u00fcnstler Carsten: @mr.casom auf Instagram<\/strong><\/p>\n<!-- \/wp:paragraph -->\n\n<!-- wp:paragraph -->\n<p>geschrieben von Lysann Bierwagen und Dirk Lotzmann<\/p>\n<!-- \/wp:paragraph --><\/div><\/li>\n<li><a class=\"wp-block-latest-posts__post-title\" href=\"https:\/\/neukirch-sachsen.de\/?p=1805\">Maibaumstellen \/ Hexenfeuer<\/a><div class=\"wp-block-latest-posts__post-full-content\"><!-- wp:paragraph -->\n<p>Dieses Jahr d\u00fcrfen endlich unsere traditionellen Feste Maibaumstellen und das Hexenfeuer wieder stattfinden.<\/p>\n<!-- \/wp:paragraph -->\n\n<!-- wp:image {\"id\":1806,\"sizeSlug\":\"large\",\"linkDestination\":\"none\"} -->\n<figure class=\"wp-block-image size-large\"><img loading=\"lazy\" decoding=\"async\" width=\"964\" height=\"1024\" src=\"https:\/\/neukirch-sachsen.de\/wp-content\/uploads\/2022\/04\/IMG-20220422-WA0001-964x1024.jpg\" alt=\"\" class=\"wp-image-1806\" srcset=\"https:\/\/neukirch-sachsen.de\/wp-content\/uploads\/2022\/04\/IMG-20220422-WA0001-964x1024.jpg 964w, https:\/\/neukirch-sachsen.de\/wp-content\/uploads\/2022\/04\/IMG-20220422-WA0001-283x300.jpg 283w, https:\/\/neukirch-sachsen.de\/wp-content\/uploads\/2022\/04\/IMG-20220422-WA0001-768x815.jpg 768w, https:\/\/neukirch-sachsen.de\/wp-content\/uploads\/2022\/04\/IMG-20220422-WA0001-1447x1536.jpg 1447w, https:\/\/neukirch-sachsen.de\/wp-content\/uploads\/2022\/04\/IMG-20220422-WA0001.jpg 1507w\" sizes=\"auto, (max-width: 964px) 100vw, 964px\" \/><\/figure>\n<!-- \/wp:image -->\n\n<!-- wp:paragraph -->\n<p>Weitere Informationen zum Hexenfeuer entnehmt ihr bitte diesem Artikel:<\/p>\n<!-- \/wp:paragraph -->\n\n<!-- wp:paragraph -->\n<p><a href=\"https:\/\/neukirch-sachsen.de\/?p=1802\">Hexenfeuer 2022 | Neukirch-Sachsen.de<\/a><\/p>\n<!-- \/wp:paragraph -->\n\n<!-- wp:paragraph -->\n<p>Das Maibaumstellen findet wie immer am 30.04. ab 18 Uhr am Jugendclub statt.<\/p>\n<!-- \/wp:paragraph --><\/div><\/li>\n<li><a class=\"wp-block-latest-posts__post-title\" href=\"https:\/\/neukirch-sachsen.de\/?p=1793\">Offene Kirche<\/a><div class=\"wp-block-latest-posts__post-full-content\"><!-- wp:paragraph -->\n<p><\/p>\n<!-- \/wp:paragraph -->\n\n<!-- wp:embed {\"url\":\"https:\/\/youtu.be\/8-eDGKRNBKA\",\"type\":\"video\",\"providerNameSlug\":\"youtube\",\"responsive\":true,\"className\":\"wp-embed-aspect-16-9 wp-has-aspect-ratio\"} -->\n<figure class=\"wp-block-embed is-type-video is-provider-youtube wp-block-embed-youtube wp-embed-aspect-16-9 wp-has-aspect-ratio\"><div class=\"wp-block-embed__wrapper\">\nhttps:\/\/youtu.be\/8-eDGKRNBKA\n<\/div><figcaption><strong>Herzliche Einladung beim Sonntagsspaziergang einfach mal vorbei zu schauen &#8230;<\/strong><\/figcaption><\/figure>\n<!-- \/wp:embed --><\/div><\/li>\n<li><a class=\"wp-block-latest-posts__post-title\" href=\"https:\/\/neukirch-sachsen.de\/?p=1779\">Herzliche Einladung!<\/a><div class=\"wp-block-latest-posts__post-full-content\"><!-- wp:paragraph -->\n<p><\/p>\n<!-- \/wp:paragraph -->\n\n<!-- wp:image {\"id\":1794,\"sizeSlug\":\"large\",\"linkDestination\":\"none\"} -->\n<figure class=\"wp-block-image size-large\"><img loading=\"lazy\" decoding=\"async\" width=\"1024\" height=\"576\" src=\"https:\/\/neukirch-sachsen.de\/wp-content\/uploads\/2022\/04\/Ostern-1024x576.jpg\" alt=\"\" class=\"wp-image-1794\" srcset=\"https:\/\/neukirch-sachsen.de\/wp-content\/uploads\/2022\/04\/Ostern-1024x576.jpg 1024w, https:\/\/neukirch-sachsen.de\/wp-content\/uploads\/2022\/04\/Ostern-300x169.jpg 300w, https:\/\/neukirch-sachsen.de\/wp-content\/uploads\/2022\/04\/Ostern-768x432.jpg 768w, https:\/\/neukirch-sachsen.de\/wp-content\/uploads\/2022\/04\/Ostern-1536x864.jpg 1536w, https:\/\/neukirch-sachsen.de\/wp-content\/uploads\/2022\/04\/Ostern-2048x1152.jpg 2048w\" sizes=\"auto, (max-width: 1024px) 100vw, 1024px\" \/><\/figure>\n<!-- \/wp:image --><\/div><\/li>\n<li><a class=\"wp-block-latest-posts__post-title\" href=\"https:\/\/neukirch-sachsen.de\/?p=1766\">Kirchennachrichten April\/ Mai 2022<\/a><div class=\"wp-block-latest-posts__post-full-content\"><!-- wp:file {\"id\":1767,\"href\":\"http:\/\/neukirch-sachsen.de\/wp-content\/uploads\/2022\/03\/KB-22-02-web.final_.pdf\",\"displayPreview\":true,\"previewHeight\":410} -->\n<div class=\"wp-block-file\"><object class=\"wp-block-file__embed\" data=\"http:\/\/neukirch-sachsen.de\/wp-content\/uploads\/2022\/03\/KB-22-02-web.final_.pdf\" type=\"application\/pdf\" style=\"width:100%;height:410px\" aria-label=\"Einbettung von Kirchennachrichten April\/ Mai.\"><\/object><a id=\"wp-block-file--media-a0259b58-4820-4255-9ada-ccaa9f248979\" href=\"http:\/\/neukirch-sachsen.de\/wp-content\/uploads\/2022\/03\/KB-22-02-web.final_.pdf\">Kirchennachrichten April\/ Mai<\/a><a href=\"http:\/\/neukirch-sachsen.de\/wp-content\/uploads\/2022\/03\/KB-22-02-web.final_.pdf\" class=\"wp-block-file__button\" download aria-describedby=\"wp-block-file--media-a0259b58-4820-4255-9ada-ccaa9f248979\">Herunterladen<\/a><\/div>\n<!-- \/wp:file -->\n\n<!-- wp:file {\"id\":1770,\"href\":\"http:\/\/neukirch-sachsen.de\/wp-content\/uploads\/2022\/03\/KB-22-02-Mitte-final.pdf\",\"displayPreview\":true} -->\n<div class=\"wp-block-file\"><object class=\"wp-block-file__embed\" data=\"http:\/\/neukirch-sachsen.de\/wp-content\/uploads\/2022\/03\/KB-22-02-Mitte-final.pdf\" type=\"application\/pdf\" style=\"width:100%;height:600px\" aria-label=\"Einbettung von Gottesdienste April\/ Mai.\"><\/object><a id=\"wp-block-file--media-a6b47d4b-3b80-4cf1-ab49-f33abc70b360\" href=\"http:\/\/neukirch-sachsen.de\/wp-content\/uploads\/2022\/03\/KB-22-02-Mitte-final.pdf\">Gottesdienste April\/ Mai<\/a><a href=\"http:\/\/neukirch-sachsen.de\/wp-content\/uploads\/2022\/03\/KB-22-02-Mitte-final.pdf\" class=\"wp-block-file__button\" download aria-describedby=\"wp-block-file--media-a6b47d4b-3b80-4cf1-ab49-f33abc70b360\">Herunterladen<\/a><\/div>\n<!-- \/wp:file --><\/div><\/li>\n<li><a class=\"wp-block-latest-posts__post-title\" href=\"https:\/\/neukirch-sachsen.de\/?p=1742\">Friedensgebet<\/a><div class=\"wp-block-latest-posts__post-full-content\"><!-- wp:image {\"id\":1746,\"sizeSlug\":\"large\",\"linkDestination\":\"none\"} -->\n<figure class=\"wp-block-image size-large\"><img loading=\"lazy\" decoding=\"async\" width=\"724\" height=\"1024\" src=\"https:\/\/neukirch-sachsen.de\/wp-content\/uploads\/2022\/03\/Gebet-fuer-den-Frieden-724x1024.jpg\" alt=\"\" class=\"wp-image-1746\" srcset=\"https:\/\/neukirch-sachsen.de\/wp-content\/uploads\/2022\/03\/Gebet-fuer-den-Frieden-724x1024.jpg 724w, https:\/\/neukirch-sachsen.de\/wp-content\/uploads\/2022\/03\/Gebet-fuer-den-Frieden-212x300.jpg 212w, https:\/\/neukirch-sachsen.de\/wp-content\/uploads\/2022\/03\/Gebet-fuer-den-Frieden-768x1086.jpg 768w, https:\/\/neukirch-sachsen.de\/wp-content\/uploads\/2022\/03\/Gebet-fuer-den-Frieden-1086x1536.jpg 1086w, https:\/\/neukirch-sachsen.de\/wp-content\/uploads\/2022\/03\/Gebet-fuer-den-Frieden-1448x2048.jpg 1448w, https:\/\/neukirch-sachsen.de\/wp-content\/uploads\/2022\/03\/Gebet-fuer-den-Frieden-scaled.jpg 1810w\" sizes=\"auto, (max-width: 724px) 100vw, 724px\" \/><\/figure>\n<!-- \/wp:image -->\n\n<!-- wp:paragraph -->\n<p><\/p>\n<!-- \/wp:paragraph --><\/div><\/li>\n<li><a class=\"wp-block-latest-posts__post-title\" href=\"https:\/\/neukirch-sachsen.de\/?p=1731\">Kies vom Ochsenberg<\/a><div class=\"wp-block-latest-posts__post-full-content\"><!-- wp:paragraph -->\n<p><a href=\"https:\/\/www.facebook.com\/photo\/?fbid=5596191467077081&amp;set=gm.1852981678224337\">https:\/\/www.facebook.com\/photo\/?fbid=5596191467077081&amp;set=gm.1852981678224337<\/a><\/p>\n<!-- \/wp:paragraph --><\/div><\/li>\n<li><a class=\"wp-block-latest-posts__post-title\" href=\"https:\/\/neukirch-sachsen.de\/?p=1708\">Weihnachtsgru\u00df<\/a><div class=\"wp-block-latest-posts__post-full-content\"><!-- wp:gallery {\"ids\":[1720,1719],\"linkTo\":\"none\"} -->\n<figure class=\"wp-block-gallery columns-2 is-cropped\"><ul class=\"blocks-gallery-grid\"><li class=\"blocks-gallery-item\"><figure><img loading=\"lazy\" decoding=\"async\" width=\"1024\" height=\"633\" src=\"https:\/\/neukirch-sachsen.de\/wp-content\/uploads\/2021\/12\/20211225_100206-1024x633.jpg\" alt=\"\" data-id=\"1720\" data-full-url=\"https:\/\/neukirch-sachsen.de\/wp-content\/uploads\/2021\/12\/20211225_100206-scaled.jpg\" data-link=\"https:\/\/neukirch-sachsen.de\/?attachment_id=1720\" class=\"wp-image-1720\" srcset=\"https:\/\/neukirch-sachsen.de\/wp-content\/uploads\/2021\/12\/20211225_100206-1024x633.jpg 1024w, https:\/\/neukirch-sachsen.de\/wp-content\/uploads\/2021\/12\/20211225_100206-300x186.jpg 300w, https:\/\/neukirch-sachsen.de\/wp-content\/uploads\/2021\/12\/20211225_100206-768x475.jpg 768w, https:\/\/neukirch-sachsen.de\/wp-content\/uploads\/2021\/12\/20211225_100206-1536x950.jpg 1536w, https:\/\/neukirch-sachsen.de\/wp-content\/uploads\/2021\/12\/20211225_100206-2048x1267.jpg 2048w\" sizes=\"auto, (max-width: 1024px) 100vw, 1024px\" \/><\/figure><\/li><li class=\"blocks-gallery-item\"><figure><img loading=\"lazy\" decoding=\"async\" width=\"1024\" height=\"576\" src=\"http:\/\/neukirch-sachsen.de\/wp-content\/uploads\/2021\/12\/20211225_081948-scaled-e1640423421134-1024x576.jpg\" alt=\"\" data-id=\"1719\" data-full-url=\"http:\/\/neukirch-sachsen.de\/wp-content\/uploads\/2021\/12\/20211225_081948-scaled-e1640423421134.jpg\" data-link=\"https:\/\/neukirch-sachsen.de\/?attachment_id=1719\" class=\"wp-image-1719\" srcset=\"https:\/\/neukirch-sachsen.de\/wp-content\/uploads\/2021\/12\/20211225_081948-scaled-e1640423421134-1024x576.jpg 1024w, https:\/\/neukirch-sachsen.de\/wp-content\/uploads\/2021\/12\/20211225_081948-scaled-e1640423421134-300x169.jpg 300w, https:\/\/neukirch-sachsen.de\/wp-content\/uploads\/2021\/12\/20211225_081948-scaled-e1640423421134-768x432.jpg 768w, https:\/\/neukirch-sachsen.de\/wp-content\/uploads\/2021\/12\/20211225_081948-scaled-e1640423421134-1536x864.jpg 1536w, https:\/\/neukirch-sachsen.de\/wp-content\/uploads\/2021\/12\/20211225_081948-scaled-e1640423421134-2048x1152.jpg 2048w\" sizes=\"auto, (max-width: 1024px) 100vw, 1024px\" \/><\/figure><\/li><\/ul><figcaption class=\"blocks-gallery-caption\"><strong>Herzliche Einladung beim weihnachtlichen Spaziergang, mal in der Kirche vorbei zu schauen (heute und morgen ge\u00f6ffnet).<\/strong><\/figcaption><\/figure>\n<!-- \/wp:gallery --><\/div><\/li>\n<li><a class=\"wp-block-latest-posts__post-title\" href=\"https:\/\/neukirch-sachsen.de\/?p=1699\">Das Licht bleibt an<\/a><div class=\"wp-block-latest-posts__post-full-content\"><!-- wp:media-text {\"mediaId\":1709,\"mediaLink\":\"https:\/\/neukirch-sachsen.de\/?attachment_id=1709\",\"mediaType\":\"image\"} -->\n<div class=\"wp-block-media-text alignwide is-stacked-on-mobile\"><figure class=\"wp-block-media-text__media\"><img loading=\"lazy\" decoding=\"async\" width=\"390\" height=\"413\" src=\"http:\/\/neukirch-sachsen.de\/wp-content\/uploads\/2021\/12\/Licht-bleibt-an-final-small.jpg\" alt=\"\" class=\"wp-image-1709 size-full\" srcset=\"https:\/\/neukirch-sachsen.de\/wp-content\/uploads\/2021\/12\/Licht-bleibt-an-final-small.jpg 390w, https:\/\/neukirch-sachsen.de\/wp-content\/uploads\/2021\/12\/Licht-bleibt-an-final-small-283x300.jpg 283w\" sizes=\"auto, (max-width: 390px) 100vw, 390px\" \/><\/figure><div class=\"wp-block-media-text__content\"><!-- wp:paragraph {\"align\":\"right\",\"placeholder\":\"Inhalt\u2026\",\"style\":{\"typography\":{\"fontSize\":\"24px\"}}} -->\n<p class=\"has-text-align-right\" style=\"font-size:24px\">Auch in diesem Jahr wird unsere Kirche Heiligabend und an den Weihnachtstagen ge\u00f6ffnet sein.<br><br>24.12. bis 24 Uhr; <br>25. und 26.12. 9 &#8211; 18 Uhr<\/p>\n<!-- \/wp:paragraph -->\n\n<!-- wp:paragraph -->\n<p><\/p>\n<!-- \/wp:paragraph --><\/div><\/div>\n<!-- \/wp:media-text --><\/div><\/li>\n<li><a class=\"wp-block-latest-posts__post-title\" href=\"https:\/\/neukirch-sachsen.de\/?p=1701\">Weihnachten is nimmer weit 2<\/a><div class=\"wp-block-latest-posts__post-full-content\"><!-- wp:media-text {\"mediaId\":1702,\"mediaType\":\"image\",\"mediaWidth\":41} -->\n<div class=\"wp-block-media-text alignwide is-stacked-on-mobile\" style=\"grid-template-columns:41% auto\"><figure class=\"wp-block-media-text__media\"><img loading=\"lazy\" decoding=\"async\" width=\"1024\" height=\"683\" src=\"https:\/\/neukirch-sachsen.de\/wp-content\/uploads\/2021\/12\/christvesper-1024x683.jpg\" alt=\"\" class=\"wp-image-1702 size-full\" srcset=\"https:\/\/neukirch-sachsen.de\/wp-content\/uploads\/2021\/12\/christvesper-1024x683.jpg 1024w, https:\/\/neukirch-sachsen.de\/wp-content\/uploads\/2021\/12\/christvesper-300x200.jpg 300w, https:\/\/neukirch-sachsen.de\/wp-content\/uploads\/2021\/12\/christvesper-768x512.jpg 768w, https:\/\/neukirch-sachsen.de\/wp-content\/uploads\/2021\/12\/christvesper.jpg 1106w\" sizes=\"auto, (max-width: 1024px) 100vw, 1024px\" \/><\/figure><div class=\"wp-block-media-text__content\"><!-- wp:paragraph {\"placeholder\":\"Inhalt\u2026\",\"fontSize\":\"medium\"} -->\n<p class=\"has-medium-font-size\">Wir freuen uns \u00fcber die Resonanz zu unseren Christvespern. <br>Nur in der ersten Christvesper (15.30) gibt es noch einige freie Pl\u00e4tze.<\/p>\n<!-- \/wp:paragraph --><\/div><\/div>\n<!-- \/wp:media-text --><\/div><\/li>\n<li><a class=\"wp-block-latest-posts__post-title\" href=\"https:\/\/neukirch-sachsen.de\/?p=1692\">Weihnachten is nimmer weit &#8230;<\/a><div class=\"wp-block-latest-posts__post-full-content\"><!-- wp:paragraph {\"fontSize\":\"normal\"} -->\n<p class=\"has-normal-font-size\">Der zweite Coronawinter naht und mit ihm auch unser zweites Weihnachten unter Coronabedingungen.<br>Wie im letzte Jahr ist es vor allen unser Bestreben, das die Kirche ge\u00f6ffnet ist und wir uns in Pr\u00e4senz versammeln k\u00f6nnen.<br>Dazu m\u00fcssen wir wieder ein paar Einschr\u00e4nkungen in Kauf nehmen. Auch in diesem Jahr wird es kein Krippenspiel im \u00fcblichen Sinn geben. <br>Wir werden zwei Christvespern anbieten, 15.30 Uhr und 17.00 Uhr. Die Vesper 15.30 Uhr gestaltet Familie Kemter, die 17.00 Pfarrer Porsch und Anett Kemter.<br>Da wir auf die Anzahl der Personen achten m\u00fcssen, wird es f\u00fcr beide Vespern Eintrittskarten geben. Diese k\u00f6nnen ab sofort unter 035795\/ 32416 bei Kemters bestellt werden. Abholung ist am Samstag, den 11. Dezember von 11.00 bis 13.00 Uhr im Pfarrhaus Neukirch. oder nach Absprache.<br>F\u00fcr unsere Veranstaltungen ist die 3G-Regel vorgeschrieben. Deshalb w\u00e4re es sch\u00f6n, wen sie bei der Abholung Impfbescheinigungen und Gesenennachweise (etsprechend der Kartenanzahl) gleich mit vorlegen. Das erleichtert uns an Weihnachtsabend die Kontrollen.<br>Wer noch keine Impfung hat, m\u00fcsste am 24.12. einen Test vorlegen oder vor der Christvesper einen machen (m\u00f6glichst Testkit mitbringen). <br>Trotz aller Einschr\u00e4nkung freuen wir uns darauf mit euch Weihnachten zu feiern.<br><br>Anett und Roberto Kemter<\/p>\n<!-- \/wp:paragraph -->\n\n<!-- wp:paragraph -->\n<p> <\/p>\n<!-- \/wp:paragraph -->\n\n<!-- wp:paragraph -->\n<p><\/p>\n<!-- \/wp:paragraph -->\n\n<!-- wp:paragraph -->\n<p><\/p>\n<!-- \/wp:paragraph -->\n\n<!-- wp:paragraph -->\n<p><\/p>\n<!-- \/wp:paragraph --><\/div><\/li>\n<li><a class=\"wp-block-latest-posts__post-title\" href=\"https:\/\/neukirch-sachsen.de\/?p=1536\">Wenn ein Leben zu Ende geht &#8230;<\/a><div class=\"wp-block-latest-posts__post-full-content\"><!-- wp:paragraph {\"fontSize\":\"medium\"} -->\n<p class=\"has-medium-font-size\"><\/p>\n<!-- \/wp:paragraph -->\n\n<!-- wp:media-text {\"mediaId\":1567,\"mediaType\":\"image\"} -->\n<div class=\"wp-block-media-text alignwide is-stacked-on-mobile\"><figure class=\"wp-block-media-text__media\"><img loading=\"lazy\" decoding=\"async\" width=\"576\" height=\"1024\" src=\"https:\/\/neukirch-sachsen.de\/wp-content\/uploads\/2021\/11\/20210919_130052-576x1024.jpg\" alt=\"\" class=\"wp-image-1567 size-full\" srcset=\"https:\/\/neukirch-sachsen.de\/wp-content\/uploads\/2021\/11\/20210919_130052-576x1024.jpg 576w, https:\/\/neukirch-sachsen.de\/wp-content\/uploads\/2021\/11\/20210919_130052-169x300.jpg 169w, https:\/\/neukirch-sachsen.de\/wp-content\/uploads\/2021\/11\/20210919_130052-768x1365.jpg 768w, https:\/\/neukirch-sachsen.de\/wp-content\/uploads\/2021\/11\/20210919_130052-864x1536.jpg 864w, https:\/\/neukirch-sachsen.de\/wp-content\/uploads\/2021\/11\/20210919_130052-1152x2048.jpg 1152w, https:\/\/neukirch-sachsen.de\/wp-content\/uploads\/2021\/11\/20210919_130052-scaled.jpg 1440w\" sizes=\"auto, (max-width: 576px) 100vw, 576px\" \/><\/figure><div class=\"wp-block-media-text__content\"><!-- wp:preformatted -->\n<pre class=\"wp-block-preformatted\">... und wir zur\u00fcck bleiben, m\u00fcssen wir mit dem Verlust zurecht kommen. Trauern braucht Rituale.\nDeshalb erinnern wir am Ewigkeitssonntag noch einmal an alle die Menschen, die im letzten Jahr verstorben und auf unserem Friedhof bestattet wurden.\nWir tun dies am Sonntag, den 21. November um 10.30 Uhr in unserer Kirche in Neukirch und laden dazu recht herzlich ein.\n\n<strong>Die Kirche wird auch danach den ganzen Tag zu Besinnung und Gebet offen stehen.<\/strong><\/pre>\n<!-- \/wp:preformatted -->\n\n<!-- wp:paragraph {\"placeholder\":\"Inhalt\u2026\",\"fontSize\":\"large\"} -->\n<p class=\"has-large-font-size\"><br><\/p>\n<!-- \/wp:paragraph --><\/div><\/div>\n<!-- \/wp:media-text --><\/div><\/li>\n<li><a class=\"wp-block-latest-posts__post-title\" href=\"https:\/\/neukirch-sachsen.de\/?p=1531\">! ABGESAGT !  Jagdball<\/a><div class=\"wp-block-latest-posts__post-full-content\"><!-- wp:paragraph -->\n<p>Hallo, leider muss ich euch mitteilen, dass wir aufgrund der ab Montag geltenden Bestimmungen beschlossen haben, den Jagdball dieses Jahr abzusagen.<\/p>\n<!-- \/wp:paragraph -->\n\n<!-- wp:paragraph -->\n<p>Eingezahlte Unkostenbeitr\u00e4ge werden wieder ausgezahlt!<\/p>\n<!-- \/wp:paragraph -->\n\n<!-- wp:paragraph -->\n<p>Heiko Schneider<\/p>\n<!-- \/wp:paragraph --><\/div><\/li>\n<li><a class=\"wp-block-latest-posts__post-title\" href=\"https:\/\/neukirch-sachsen.de\/?p=1517\">Jagdball am 13.11.2021<\/a><div class=\"wp-block-latest-posts__post-full-content\"><!-- wp:paragraph -->\n<p>Am 13.11.2021 findet ab 19:00 Uhr im Gasthof Piwarz der Jagdball f\u00fcr alle Jagdgenossen statt.<\/p>\n<!-- \/wp:paragraph -->\n\n<!-- wp:paragraph -->\n<p>Der Unkostenbeitrag pro Person betr\u00e4gt 5,00 EUR. Dieser Betrag ist in der Zeit vom 25.10.2021 &#8211; 29.10.2021 bei Herrn Heiko Schneider zu entrichten.<\/p>\n<!-- \/wp:paragraph --><\/div><\/li>\n<li><a class=\"wp-block-latest-posts__post-title\" href=\"https:\/\/neukirch-sachsen.de\/?p=1510\">Arbeitseinsatz auf dem Burgenbergspielplatz<\/a><div class=\"wp-block-latest-posts__post-full-content\"><!-- wp:paragraph -->\n<p>Danke an alle Helfer vom Samstag f\u00fcr den Arbeitseinsatz auf dem Spielplatz. Es wurden folgende Arbeiten durchgef\u00fchrt:<\/p>\n<!-- \/wp:paragraph -->\n\n<!-- wp:paragraph -->\n<p>Unkraut zupfen, M\u00fclleimer versch\u00f6nern #1, Vlies verschnitten<\/p>\n<!-- \/wp:paragraph -->\n\n<!-- wp:gallery {\"ids\":[1511,1512],\"linkTo\":\"none\"} -->\n<figure class=\"wp-block-gallery columns-2 is-cropped\"><ul class=\"blocks-gallery-grid\"><li class=\"blocks-gallery-item\"><figure><img loading=\"lazy\" decoding=\"async\" width=\"1024\" height=\"768\" src=\"http:\/\/neukirch-sachsen.de\/wp-content\/uploads\/2021\/09\/16a62ca5-3220-46f4-8729-e58afacd2f46-1024x768.jpg\" alt=\"\" data-id=\"1511\" data-full-url=\"http:\/\/neukirch-sachsen.de\/wp-content\/uploads\/2021\/09\/16a62ca5-3220-46f4-8729-e58afacd2f46.jpg\" data-link=\"https:\/\/neukirch-sachsen.de\/?attachment_id=1511\" class=\"wp-image-1511\" srcset=\"https:\/\/neukirch-sachsen.de\/wp-content\/uploads\/2021\/09\/16a62ca5-3220-46f4-8729-e58afacd2f46-1024x768.jpg 1024w, https:\/\/neukirch-sachsen.de\/wp-content\/uploads\/2021\/09\/16a62ca5-3220-46f4-8729-e58afacd2f46-300x225.jpg 300w, https:\/\/neukirch-sachsen.de\/wp-content\/uploads\/2021\/09\/16a62ca5-3220-46f4-8729-e58afacd2f46-768x576.jpg 768w, https:\/\/neukirch-sachsen.de\/wp-content\/uploads\/2021\/09\/16a62ca5-3220-46f4-8729-e58afacd2f46-1536x1153.jpg 1536w, https:\/\/neukirch-sachsen.de\/wp-content\/uploads\/2021\/09\/16a62ca5-3220-46f4-8729-e58afacd2f46.jpg 1599w\" sizes=\"auto, (max-width: 1024px) 100vw, 1024px\" \/><\/figure><\/li><li class=\"blocks-gallery-item\"><figure><img loading=\"lazy\" decoding=\"async\" width=\"1024\" height=\"768\" src=\"http:\/\/neukirch-sachsen.de\/wp-content\/uploads\/2021\/09\/e240c731-bc29-4d98-b348-7fda69559ef1-1024x768.jpg\" alt=\"\" data-id=\"1512\" data-full-url=\"http:\/\/neukirch-sachsen.de\/wp-content\/uploads\/2021\/09\/e240c731-bc29-4d98-b348-7fda69559ef1.jpg\" data-link=\"https:\/\/neukirch-sachsen.de\/?attachment_id=1512\" class=\"wp-image-1512\" srcset=\"https:\/\/neukirch-sachsen.de\/wp-content\/uploads\/2021\/09\/e240c731-bc29-4d98-b348-7fda69559ef1-1024x768.jpg 1024w, https:\/\/neukirch-sachsen.de\/wp-content\/uploads\/2021\/09\/e240c731-bc29-4d98-b348-7fda69559ef1-300x225.jpg 300w, https:\/\/neukirch-sachsen.de\/wp-content\/uploads\/2021\/09\/e240c731-bc29-4d98-b348-7fda69559ef1-768x576.jpg 768w, https:\/\/neukirch-sachsen.de\/wp-content\/uploads\/2021\/09\/e240c731-bc29-4d98-b348-7fda69559ef1-1536x1152.jpg 1536w, https:\/\/neukirch-sachsen.de\/wp-content\/uploads\/2021\/09\/e240c731-bc29-4d98-b348-7fda69559ef1.jpg 2048w\" sizes=\"auto, (max-width: 1024px) 100vw, 1024px\" \/><\/figure><\/li><\/ul><\/figure>\n<!-- \/wp:gallery -->\n\n<!-- wp:paragraph -->\n<p><\/p>\n<!-- \/wp:paragraph --><\/div><\/li>\n<li><a class=\"wp-block-latest-posts__post-title\" href=\"https:\/\/neukirch-sachsen.de\/?p=1507\">Scheck\u00fcberreichung zum Verein des Jahres 2020<\/a><div class=\"wp-block-latest-posts__post-full-content\"><!-- wp:paragraph -->\n<p>Am 26.09.2021 war es nun endlich soweit. Aus den H\u00e4nden des Filialdirektors Henryk Krongraf und von Mirko Menschner aus der Filiale K\u00f6nigsbr\u00fcck haben wir die Urkunde f\u00fcr unseren 3. Platz in der Kategorie 99 Funken beim Verein des Jahres 2020 erhalten. Mit der Ver\u00f6ffentlichung der Juryergebnisse im Mai dieses Jahres haben wir f\u00fcr unsere Vereinsarbeit ein Preisgeld in H\u00f6he von 1.000 Euro erhalten. Der Betrag flie\u00dft sogleich in die Ausgestaltung des Burgenbergspielplatzes.<br><\/p>\n<!-- \/wp:paragraph -->\n\n<!-- wp:paragraph -->\n<p>Bereits zum 20. Mal vergab die Osts\u00e4chsische Sparkasse Dresden, gemeinsam mit der S\u00e4chsischen Zeitung, diese Auszeichnung f\u00fcr hervorragende Arbeit im Ehrenamt in den Kategorien Kultur, Soziales, Sport und 99 Funken. Und wir geh\u00f6ren jetzt zum Kreis der Gewinnervereine. Das macht uns stolz. An dieser Stelle ein Danksch\u00f6n der Sparkasse f\u00fcr diese Ehrung unserer Vereinsarbeit.<br>Wir m\u00f6chten diese Auszeichnung auch mit einem Dankesch\u00f6n an alle unsere Ehrenamtlichen und alle Vereinsmitglieder verbinden.<\/p>\n<!-- \/wp:paragraph -->\n\n<!-- wp:paragraph -->\n<p>VIELEN DANK!<br><\/p>\n<!-- \/wp:paragraph --><\/div><\/li>\n<li><a class=\"wp-block-latest-posts__post-title\" href=\"https:\/\/neukirch-sachsen.de\/?p=1505\">Graffiti im Bachstadion #3<\/a><div class=\"wp-block-latest-posts__post-full-content\"><!-- wp:paragraph -->\n<p>Vielen Dank allen Jugendlichen f\u00fcr die Teilnahme zur Motivfindung f\u00fcr die Container im Bachstadion am Freitag. Die Entw\u00fcrfe k\u00f6nnen sich sehen lassen &#8211; wer Interesse hat meldet sich bitte bei Dirk und\/oder Lysann f\u00fcr einen Einblick in die Darstellungen. Die Umsetzung soll bis Mai 2022 geschehen.<\/p>\n<!-- \/wp:paragraph --><\/div><\/li>\n<li><a class=\"wp-block-latest-posts__post-title\" href=\"https:\/\/neukirch-sachsen.de\/?p=1503\">Graffiti im Bachstadion #2<\/a><div class=\"wp-block-latest-posts__post-full-content\"><!-- wp:paragraph -->\n<p>Start morgen, am 24.09.2021 ist 16Uhr im Bachstadion!<\/p>\n<!-- \/wp:paragraph -->\n\n<!-- wp:paragraph -->\n<p>Der\/die Container auf dem Sportplatz sollen farblich gestaltet werden. Jugendliche im Dorf und der SV Sachsen Neukirch e.V. denken da an passendes Graffiti. Das findest du klasse und willst dich einbringen? DU bist willkommen. Am 24.09.2021 findet die Auftaktveranstaltung zur Motivfindung statt.<\/p>\n<!-- \/wp:paragraph --><\/div><\/li>\n<li><a class=\"wp-block-latest-posts__post-title\" href=\"https:\/\/neukirch-sachsen.de\/?p=1493\">Kuchen- und Torten-Backwettbewerb<\/a><div class=\"wp-block-latest-posts__post-full-content\"><!-- wp:paragraph -->\n<p>Am Sonntag, den 26.09. findet wieder unser allj\u00e4hrlicher Kuchen- und Torten-Backwettbewerb statt!<\/p>\n<!-- \/wp:paragraph -->\n\n<!-- wp:paragraph -->\n<p>Daf\u00fcr brauchen wir wieder Eure tollen Kuchenkreationen und freuen uns \u00fcber zahlreiches Erscheinen.<\/p>\n<!-- \/wp:paragraph -->\n\n<!-- wp:paragraph -->\n<p>Alle Teilnehmer geben Ihre Kuchen\/Torten bitte bis 13:45 Uhr am Gemeindeamt ab. Ab 15:00 Uhr darf dann auch verkostet werden! (Anmeldung bei Vicky unter 0174 2011828)<\/p>\n<!-- \/wp:paragraph -->\n\n<!-- wp:paragraph -->\n<p>F\u00fcr ausreichend Getr\u00e4nke und herzhafte Verpflegung am Abend ist au\u00dferdem gesorgt!<\/p>\n<!-- \/wp:paragraph -->\n\n<!-- wp:image {\"id\":1496,\"sizeSlug\":\"full\",\"linkDestination\":\"none\"} -->\n<figure class=\"wp-block-image size-full\"><img loading=\"lazy\" decoding=\"async\" width=\"787\" height=\"717\" src=\"https:\/\/neukirch-sachsen.de\/wp-content\/uploads\/2021\/09\/IMG-20210911-WA0000-1.jpg\" alt=\"\" class=\"wp-image-1496\" srcset=\"https:\/\/neukirch-sachsen.de\/wp-content\/uploads\/2021\/09\/IMG-20210911-WA0000-1.jpg 787w, https:\/\/neukirch-sachsen.de\/wp-content\/uploads\/2021\/09\/IMG-20210911-WA0000-1-300x273.jpg 300w, https:\/\/neukirch-sachsen.de\/wp-content\/uploads\/2021\/09\/IMG-20210911-WA0000-1-768x700.jpg 768w\" sizes=\"auto, (max-width: 787px) 100vw, 787px\" \/><\/figure>\n<!-- \/wp:image --><\/div><\/li>\n<li><a class=\"wp-block-latest-posts__post-title\" href=\"https:\/\/neukirch-sachsen.de\/?p=1485\">Vandalismus auf dem Birkenberg<\/a><div class=\"wp-block-latest-posts__post-full-content\"><!-- wp:paragraph -->\n<p>Letztes Wochenende in der Zeit von Samstag Nachmittag bis Sonntag Vormittag kam es zum wiederholten Male zu einem Fall von Vandalismus auf dem Birkenberg.<\/p>\n<!-- \/wp:paragraph -->\n\n<!-- wp:paragraph -->\n<p>Unbekannte zerst\u00f6rten hierbei die Aussichtsplattform.<\/p>\n<!-- \/wp:paragraph -->\n\n<!-- wp:ultimate-post\/image {\"blockId\":\"5d71b2\",\"imageUpload\":{\"url\":\"http:\/\/neukirch-sachsen.de\/wp-content\/uploads\/2021\/09\/IMG-20210914-WA0008.jpg\",\"id\":1486}} \/-->\n\n<!-- wp:image {\"id\":1487,\"sizeSlug\":\"large\",\"linkDestination\":\"none\"} -->\n<figure class=\"wp-block-image size-large\"><img loading=\"lazy\" decoding=\"async\" width=\"576\" height=\"1024\" src=\"http:\/\/neukirch-sachsen.de\/wp-content\/uploads\/2021\/09\/IMG-20210914-WA0009-576x1024.jpg\" alt=\"\" class=\"wp-image-1487\" srcset=\"https:\/\/neukirch-sachsen.de\/wp-content\/uploads\/2021\/09\/IMG-20210914-WA0009-576x1024.jpg 576w, https:\/\/neukirch-sachsen.de\/wp-content\/uploads\/2021\/09\/IMG-20210914-WA0009-169x300.jpg 169w, https:\/\/neukirch-sachsen.de\/wp-content\/uploads\/2021\/09\/IMG-20210914-WA0009-768x1365.jpg 768w, https:\/\/neukirch-sachsen.de\/wp-content\/uploads\/2021\/09\/IMG-20210914-WA0009-864x1536.jpg 864w, https:\/\/neukirch-sachsen.de\/wp-content\/uploads\/2021\/09\/IMG-20210914-WA0009.jpg 1152w\" sizes=\"auto, (max-width: 576px) 100vw, 576px\" \/><\/figure>\n<!-- \/wp:image -->\n\n<!-- wp:image {\"id\":1488,\"sizeSlug\":\"large\",\"linkDestination\":\"none\"} -->\n<figure class=\"wp-block-image size-large\"><img loading=\"lazy\" decoding=\"async\" width=\"1024\" height=\"576\" src=\"http:\/\/neukirch-sachsen.de\/wp-content\/uploads\/2021\/09\/IMG-20210914-WA0010-1024x576.jpg\" alt=\"\" class=\"wp-image-1488\" srcset=\"https:\/\/neukirch-sachsen.de\/wp-content\/uploads\/2021\/09\/IMG-20210914-WA0010-1024x576.jpg 1024w, https:\/\/neukirch-sachsen.de\/wp-content\/uploads\/2021\/09\/IMG-20210914-WA0010-300x169.jpg 300w, https:\/\/neukirch-sachsen.de\/wp-content\/uploads\/2021\/09\/IMG-20210914-WA0010-768x432.jpg 768w, https:\/\/neukirch-sachsen.de\/wp-content\/uploads\/2021\/09\/IMG-20210914-WA0010-1536x864.jpg 1536w, https:\/\/neukirch-sachsen.de\/wp-content\/uploads\/2021\/09\/IMG-20210914-WA0010.jpg 2048w\" sizes=\"auto, (max-width: 1024px) 100vw, 1024px\" \/><\/figure>\n<!-- \/wp:image -->\n\n<!-- wp:image {\"id\":1489,\"sizeSlug\":\"large\",\"linkDestination\":\"none\"} -->\n<figure class=\"wp-block-image size-large\"><img loading=\"lazy\" decoding=\"async\" width=\"1024\" height=\"576\" src=\"http:\/\/neukirch-sachsen.de\/wp-content\/uploads\/2021\/09\/IMG-20210914-WA0011-1024x576.jpg\" alt=\"\" class=\"wp-image-1489\" srcset=\"https:\/\/neukirch-sachsen.de\/wp-content\/uploads\/2021\/09\/IMG-20210914-WA0011-1024x576.jpg 1024w, https:\/\/neukirch-sachsen.de\/wp-content\/uploads\/2021\/09\/IMG-20210914-WA0011-300x169.jpg 300w, https:\/\/neukirch-sachsen.de\/wp-content\/uploads\/2021\/09\/IMG-20210914-WA0011-768x432.jpg 768w, https:\/\/neukirch-sachsen.de\/wp-content\/uploads\/2021\/09\/IMG-20210914-WA0011-1536x864.jpg 1536w, https:\/\/neukirch-sachsen.de\/wp-content\/uploads\/2021\/09\/IMG-20210914-WA0011.jpg 2048w\" sizes=\"auto, (max-width: 1024px) 100vw, 1024px\" \/><\/figure>\n<!-- \/wp:image --><\/div><\/li>\n<li><a class=\"wp-block-latest-posts__post-title\" href=\"https:\/\/neukirch-sachsen.de\/?p=1444\">Erntedank &#8211; Neukirchs schmucke Kirche<\/a><div class=\"wp-block-latest-posts__post-full-content\"><!-- wp:gallery {\"ids\":[1447,1448,1449,1450,1451,1453,1454,1455,1456,1457,1458,1459,1460,1461,1462,1463,1464,1465,1466,1467,1469,1452],\"linkTo\":\"none\"} -->\n<figure class=\"wp-block-gallery columns-3 is-cropped\"><ul class=\"blocks-gallery-grid\"><li class=\"blocks-gallery-item\"><figure><img loading=\"lazy\" decoding=\"async\" width=\"1024\" height=\"683\" src=\"https:\/\/neukirch-sachsen.de\/wp-content\/uploads\/2021\/09\/DSC_0008.jpg\" alt=\"\" data-id=\"1447\" data-full-url=\"https:\/\/neukirch-sachsen.de\/wp-content\/uploads\/2021\/09\/DSC_0008.jpg\" data-link=\"https:\/\/neukirch-sachsen.de\/?attachment_id=1447\" class=\"wp-image-1447\" srcset=\"https:\/\/neukirch-sachsen.de\/wp-content\/uploads\/2021\/09\/DSC_0008.jpg 1024w, https:\/\/neukirch-sachsen.de\/wp-content\/uploads\/2021\/09\/DSC_0008-300x200.jpg 300w, https:\/\/neukirch-sachsen.de\/wp-content\/uploads\/2021\/09\/DSC_0008-768x512.jpg 768w\" sizes=\"auto, (max-width: 1024px) 100vw, 1024px\" \/><\/figure><\/li><li class=\"blocks-gallery-item\"><figure><img loading=\"lazy\" decoding=\"async\" width=\"768\" height=\"768\" src=\"https:\/\/neukirch-sachsen.de\/wp-content\/uploads\/2021\/09\/DSC_0013.jpg\" alt=\"\" data-id=\"1448\" data-full-url=\"https:\/\/neukirch-sachsen.de\/wp-content\/uploads\/2021\/09\/DSC_0013.jpg\" data-link=\"https:\/\/neukirch-sachsen.de\/?attachment_id=1448\" class=\"wp-image-1448\" srcset=\"https:\/\/neukirch-sachsen.de\/wp-content\/uploads\/2021\/09\/DSC_0013.jpg 768w, https:\/\/neukirch-sachsen.de\/wp-content\/uploads\/2021\/09\/DSC_0013-300x300.jpg 300w, https:\/\/neukirch-sachsen.de\/wp-content\/uploads\/2021\/09\/DSC_0013-150x150.jpg 150w, https:\/\/neukirch-sachsen.de\/wp-content\/uploads\/2021\/09\/DSC_0013-600x600.jpg 600w\" sizes=\"auto, (max-width: 768px) 100vw, 768px\" \/><\/figure><\/li><li class=\"blocks-gallery-item\"><figure><img loading=\"lazy\" decoding=\"async\" width=\"683\" height=\"1024\" src=\"https:\/\/neukirch-sachsen.de\/wp-content\/uploads\/2021\/09\/DSC_0014.jpg\" alt=\"\" data-id=\"1449\" data-full-url=\"https:\/\/neukirch-sachsen.de\/wp-content\/uploads\/2021\/09\/DSC_0014.jpg\" data-link=\"https:\/\/neukirch-sachsen.de\/?attachment_id=1449\" class=\"wp-image-1449\" srcset=\"https:\/\/neukirch-sachsen.de\/wp-content\/uploads\/2021\/09\/DSC_0014.jpg 683w, https:\/\/neukirch-sachsen.de\/wp-content\/uploads\/2021\/09\/DSC_0014-200x300.jpg 200w, https:\/\/neukirch-sachsen.de\/wp-content\/uploads\/2021\/09\/DSC_0014-600x900.jpg 600w\" sizes=\"auto, (max-width: 683px) 100vw, 683px\" \/><\/figure><\/li><li class=\"blocks-gallery-item\"><figure><img loading=\"lazy\" decoding=\"async\" width=\"1024\" height=\"683\" src=\"https:\/\/neukirch-sachsen.de\/wp-content\/uploads\/2021\/09\/DSC_0015.jpg\" alt=\"\" data-id=\"1450\" data-full-url=\"https:\/\/neukirch-sachsen.de\/wp-content\/uploads\/2021\/09\/DSC_0015.jpg\" data-link=\"https:\/\/neukirch-sachsen.de\/?attachment_id=1450\" class=\"wp-image-1450\" srcset=\"https:\/\/neukirch-sachsen.de\/wp-content\/uploads\/2021\/09\/DSC_0015.jpg 1024w, https:\/\/neukirch-sachsen.de\/wp-content\/uploads\/2021\/09\/DSC_0015-300x200.jpg 300w, https:\/\/neukirch-sachsen.de\/wp-content\/uploads\/2021\/09\/DSC_0015-768x512.jpg 768w\" sizes=\"auto, (max-width: 1024px) 100vw, 1024px\" \/><\/figure><\/li><li class=\"blocks-gallery-item\"><figure><img loading=\"lazy\" decoding=\"async\" width=\"1024\" height=\"683\" src=\"https:\/\/neukirch-sachsen.de\/wp-content\/uploads\/2021\/09\/DSC_0016.jpg\" alt=\"\" data-id=\"1451\" data-full-url=\"https:\/\/neukirch-sachsen.de\/wp-content\/uploads\/2021\/09\/DSC_0016.jpg\" data-link=\"https:\/\/neukirch-sachsen.de\/?attachment_id=1451\" class=\"wp-image-1451\" srcset=\"https:\/\/neukirch-sachsen.de\/wp-content\/uploads\/2021\/09\/DSC_0016.jpg 1024w, https:\/\/neukirch-sachsen.de\/wp-content\/uploads\/2021\/09\/DSC_0016-300x200.jpg 300w, https:\/\/neukirch-sachsen.de\/wp-content\/uploads\/2021\/09\/DSC_0016-768x512.jpg 768w\" sizes=\"auto, (max-width: 1024px) 100vw, 1024px\" \/><\/figure><\/li><li class=\"blocks-gallery-item\"><figure><img loading=\"lazy\" decoding=\"async\" width=\"802\" height=\"768\" src=\"https:\/\/neukirch-sachsen.de\/wp-content\/uploads\/2021\/09\/DSC_0030.jpg\" alt=\"\" data-id=\"1453\" data-full-url=\"https:\/\/neukirch-sachsen.de\/wp-content\/uploads\/2021\/09\/DSC_0030.jpg\" data-link=\"https:\/\/neukirch-sachsen.de\/?attachment_id=1453\" class=\"wp-image-1453\" srcset=\"https:\/\/neukirch-sachsen.de\/wp-content\/uploads\/2021\/09\/DSC_0030.jpg 802w, https:\/\/neukirch-sachsen.de\/wp-content\/uploads\/2021\/09\/DSC_0030-300x287.jpg 300w, https:\/\/neukirch-sachsen.de\/wp-content\/uploads\/2021\/09\/DSC_0030-768x735.jpg 768w\" sizes=\"auto, (max-width: 802px) 100vw, 802px\" \/><\/figure><\/li><li class=\"blocks-gallery-item\"><figure><img loading=\"lazy\" decoding=\"async\" width=\"768\" height=\"768\" src=\"https:\/\/neukirch-sachsen.de\/wp-content\/uploads\/2021\/09\/DSC_0031.jpg\" alt=\"\" data-id=\"1454\" data-full-url=\"https:\/\/neukirch-sachsen.de\/wp-content\/uploads\/2021\/09\/DSC_0031.jpg\" data-link=\"https:\/\/neukirch-sachsen.de\/?attachment_id=1454\" class=\"wp-image-1454\" srcset=\"https:\/\/neukirch-sachsen.de\/wp-content\/uploads\/2021\/09\/DSC_0031.jpg 768w, https:\/\/neukirch-sachsen.de\/wp-content\/uploads\/2021\/09\/DSC_0031-300x300.jpg 300w, https:\/\/neukirch-sachsen.de\/wp-content\/uploads\/2021\/09\/DSC_0031-150x150.jpg 150w, https:\/\/neukirch-sachsen.de\/wp-content\/uploads\/2021\/09\/DSC_0031-600x600.jpg 600w\" sizes=\"auto, (max-width: 768px) 100vw, 768px\" \/><\/figure><\/li><li class=\"blocks-gallery-item\"><figure><img loading=\"lazy\" decoding=\"async\" width=\"768\" height=\"768\" src=\"https:\/\/neukirch-sachsen.de\/wp-content\/uploads\/2021\/09\/DSC_0032.jpg\" alt=\"\" data-id=\"1455\" data-full-url=\"https:\/\/neukirch-sachsen.de\/wp-content\/uploads\/2021\/09\/DSC_0032.jpg\" data-link=\"https:\/\/neukirch-sachsen.de\/?attachment_id=1455\" class=\"wp-image-1455\" srcset=\"https:\/\/neukirch-sachsen.de\/wp-content\/uploads\/2021\/09\/DSC_0032.jpg 768w, https:\/\/neukirch-sachsen.de\/wp-content\/uploads\/2021\/09\/DSC_0032-300x300.jpg 300w, https:\/\/neukirch-sachsen.de\/wp-content\/uploads\/2021\/09\/DSC_0032-150x150.jpg 150w, https:\/\/neukirch-sachsen.de\/wp-content\/uploads\/2021\/09\/DSC_0032-600x600.jpg 600w\" sizes=\"auto, (max-width: 768px) 100vw, 768px\" \/><\/figure><\/li><li class=\"blocks-gallery-item\"><figure><img loading=\"lazy\" decoding=\"async\" width=\"768\" height=\"768\" src=\"https:\/\/neukirch-sachsen.de\/wp-content\/uploads\/2021\/09\/DSC_0033.jpg\" alt=\"\" data-id=\"1456\" data-full-url=\"https:\/\/neukirch-sachsen.de\/wp-content\/uploads\/2021\/09\/DSC_0033.jpg\" data-link=\"https:\/\/neukirch-sachsen.de\/?attachment_id=1456\" class=\"wp-image-1456\" srcset=\"https:\/\/neukirch-sachsen.de\/wp-content\/uploads\/2021\/09\/DSC_0033.jpg 768w, https:\/\/neukirch-sachsen.de\/wp-content\/uploads\/2021\/09\/DSC_0033-300x300.jpg 300w, https:\/\/neukirch-sachsen.de\/wp-content\/uploads\/2021\/09\/DSC_0033-150x150.jpg 150w, https:\/\/neukirch-sachsen.de\/wp-content\/uploads\/2021\/09\/DSC_0033-600x600.jpg 600w\" sizes=\"auto, (max-width: 768px) 100vw, 768px\" \/><\/figure><\/li><li class=\"blocks-gallery-item\"><figure><img loading=\"lazy\" decoding=\"async\" width=\"768\" height=\"768\" src=\"https:\/\/neukirch-sachsen.de\/wp-content\/uploads\/2021\/09\/DSC_0034.jpg\" alt=\"\" data-id=\"1457\" data-full-url=\"https:\/\/neukirch-sachsen.de\/wp-content\/uploads\/2021\/09\/DSC_0034.jpg\" data-link=\"https:\/\/neukirch-sachsen.de\/?attachment_id=1457\" class=\"wp-image-1457\" srcset=\"https:\/\/neukirch-sachsen.de\/wp-content\/uploads\/2021\/09\/DSC_0034.jpg 768w, https:\/\/neukirch-sachsen.de\/wp-content\/uploads\/2021\/09\/DSC_0034-300x300.jpg 300w, https:\/\/neukirch-sachsen.de\/wp-content\/uploads\/2021\/09\/DSC_0034-150x150.jpg 150w, https:\/\/neukirch-sachsen.de\/wp-content\/uploads\/2021\/09\/DSC_0034-600x600.jpg 600w\" sizes=\"auto, (max-width: 768px) 100vw, 768px\" \/><\/figure><\/li><li class=\"blocks-gallery-item\"><figure><img loading=\"lazy\" decoding=\"async\" width=\"768\" height=\"768\" src=\"https:\/\/neukirch-sachsen.de\/wp-content\/uploads\/2021\/09\/DSC_0035.jpg\" alt=\"\" data-id=\"1458\" data-full-url=\"https:\/\/neukirch-sachsen.de\/wp-content\/uploads\/2021\/09\/DSC_0035.jpg\" data-link=\"https:\/\/neukirch-sachsen.de\/?attachment_id=1458\" class=\"wp-image-1458\" srcset=\"https:\/\/neukirch-sachsen.de\/wp-content\/uploads\/2021\/09\/DSC_0035.jpg 768w, https:\/\/neukirch-sachsen.de\/wp-content\/uploads\/2021\/09\/DSC_0035-300x300.jpg 300w, https:\/\/neukirch-sachsen.de\/wp-content\/uploads\/2021\/09\/DSC_0035-150x150.jpg 150w, https:\/\/neukirch-sachsen.de\/wp-content\/uploads\/2021\/09\/DSC_0035-600x600.jpg 600w\" sizes=\"auto, (max-width: 768px) 100vw, 768px\" \/><\/figure><\/li><li class=\"blocks-gallery-item\"><figure><img loading=\"lazy\" decoding=\"async\" width=\"768\" height=\"768\" src=\"https:\/\/neukirch-sachsen.de\/wp-content\/uploads\/2021\/09\/DSC_0036.jpg\" alt=\"\" data-id=\"1459\" data-full-url=\"https:\/\/neukirch-sachsen.de\/wp-content\/uploads\/2021\/09\/DSC_0036.jpg\" data-link=\"https:\/\/neukirch-sachsen.de\/?attachment_id=1459\" class=\"wp-image-1459\" srcset=\"https:\/\/neukirch-sachsen.de\/wp-content\/uploads\/2021\/09\/DSC_0036.jpg 768w, https:\/\/neukirch-sachsen.de\/wp-content\/uploads\/2021\/09\/DSC_0036-300x300.jpg 300w, https:\/\/neukirch-sachsen.de\/wp-content\/uploads\/2021\/09\/DSC_0036-150x150.jpg 150w, https:\/\/neukirch-sachsen.de\/wp-content\/uploads\/2021\/09\/DSC_0036-600x600.jpg 600w\" sizes=\"auto, (max-width: 768px) 100vw, 768px\" \/><\/figure><\/li><li class=\"blocks-gallery-item\"><figure><img loading=\"lazy\" decoding=\"async\" width=\"768\" height=\"768\" src=\"https:\/\/neukirch-sachsen.de\/wp-content\/uploads\/2021\/09\/DSC_0037.jpg\" alt=\"\" data-id=\"1460\" data-full-url=\"https:\/\/neukirch-sachsen.de\/wp-content\/uploads\/2021\/09\/DSC_0037.jpg\" data-link=\"https:\/\/neukirch-sachsen.de\/?attachment_id=1460\" class=\"wp-image-1460\" srcset=\"https:\/\/neukirch-sachsen.de\/wp-content\/uploads\/2021\/09\/DSC_0037.jpg 768w, https:\/\/neukirch-sachsen.de\/wp-content\/uploads\/2021\/09\/DSC_0037-300x300.jpg 300w, https:\/\/neukirch-sachsen.de\/wp-content\/uploads\/2021\/09\/DSC_0037-150x150.jpg 150w, https:\/\/neukirch-sachsen.de\/wp-content\/uploads\/2021\/09\/DSC_0037-600x600.jpg 600w\" sizes=\"auto, (max-width: 768px) 100vw, 768px\" \/><\/figure><\/li><li class=\"blocks-gallery-item\"><figure><img loading=\"lazy\" decoding=\"async\" width=\"768\" height=\"768\" src=\"https:\/\/neukirch-sachsen.de\/wp-content\/uploads\/2021\/09\/DSC_0038.jpg\" alt=\"\" data-id=\"1461\" data-full-url=\"https:\/\/neukirch-sachsen.de\/wp-content\/uploads\/2021\/09\/DSC_0038.jpg\" data-link=\"https:\/\/neukirch-sachsen.de\/?attachment_id=1461\" class=\"wp-image-1461\" srcset=\"https:\/\/neukirch-sachsen.de\/wp-content\/uploads\/2021\/09\/DSC_0038.jpg 768w, https:\/\/neukirch-sachsen.de\/wp-content\/uploads\/2021\/09\/DSC_0038-300x300.jpg 300w, https:\/\/neukirch-sachsen.de\/wp-content\/uploads\/2021\/09\/DSC_0038-150x150.jpg 150w, https:\/\/neukirch-sachsen.de\/wp-content\/uploads\/2021\/09\/DSC_0038-600x600.jpg 600w\" sizes=\"auto, (max-width: 768px) 100vw, 768px\" \/><\/figure><\/li><li class=\"blocks-gallery-item\"><figure><img loading=\"lazy\" decoding=\"async\" width=\"768\" height=\"770\" src=\"https:\/\/neukirch-sachsen.de\/wp-content\/uploads\/2021\/09\/DSC_0039.jpg\" alt=\"\" data-id=\"1462\" data-full-url=\"https:\/\/neukirch-sachsen.de\/wp-content\/uploads\/2021\/09\/DSC_0039.jpg\" data-link=\"https:\/\/neukirch-sachsen.de\/?attachment_id=1462\" class=\"wp-image-1462\" srcset=\"https:\/\/neukirch-sachsen.de\/wp-content\/uploads\/2021\/09\/DSC_0039.jpg 768w, https:\/\/neukirch-sachsen.de\/wp-content\/uploads\/2021\/09\/DSC_0039-300x300.jpg 300w, https:\/\/neukirch-sachsen.de\/wp-content\/uploads\/2021\/09\/DSC_0039-150x150.jpg 150w\" sizes=\"auto, (max-width: 768px) 100vw, 768px\" \/><\/figure><\/li><li class=\"blocks-gallery-item\"><figure><img loading=\"lazy\" decoding=\"async\" width=\"768\" height=\"770\" src=\"https:\/\/neukirch-sachsen.de\/wp-content\/uploads\/2021\/09\/DSC_0040.jpg\" alt=\"\" data-id=\"1463\" data-full-url=\"https:\/\/neukirch-sachsen.de\/wp-content\/uploads\/2021\/09\/DSC_0040.jpg\" data-link=\"https:\/\/neukirch-sachsen.de\/?attachment_id=1463\" class=\"wp-image-1463\" srcset=\"https:\/\/neukirch-sachsen.de\/wp-content\/uploads\/2021\/09\/DSC_0040.jpg 768w, https:\/\/neukirch-sachsen.de\/wp-content\/uploads\/2021\/09\/DSC_0040-300x300.jpg 300w, https:\/\/neukirch-sachsen.de\/wp-content\/uploads\/2021\/09\/DSC_0040-150x150.jpg 150w\" sizes=\"auto, (max-width: 768px) 100vw, 768px\" \/><\/figure><\/li><li class=\"blocks-gallery-item\"><figure><img loading=\"lazy\" decoding=\"async\" width=\"768\" height=\"768\" src=\"https:\/\/neukirch-sachsen.de\/wp-content\/uploads\/2021\/09\/DSC_0041.jpg\" alt=\"\" data-id=\"1464\" data-full-url=\"https:\/\/neukirch-sachsen.de\/wp-content\/uploads\/2021\/09\/DSC_0041.jpg\" data-link=\"https:\/\/neukirch-sachsen.de\/?attachment_id=1464\" class=\"wp-image-1464\" srcset=\"https:\/\/neukirch-sachsen.de\/wp-content\/uploads\/2021\/09\/DSC_0041.jpg 768w, https:\/\/neukirch-sachsen.de\/wp-content\/uploads\/2021\/09\/DSC_0041-300x300.jpg 300w, https:\/\/neukirch-sachsen.de\/wp-content\/uploads\/2021\/09\/DSC_0041-150x150.jpg 150w, https:\/\/neukirch-sachsen.de\/wp-content\/uploads\/2021\/09\/DSC_0041-600x600.jpg 600w\" sizes=\"auto, (max-width: 768px) 100vw, 768px\" \/><\/figure><\/li><li class=\"blocks-gallery-item\"><figure><img loading=\"lazy\" decoding=\"async\" width=\"683\" height=\"1024\" src=\"https:\/\/neukirch-sachsen.de\/wp-content\/uploads\/2021\/09\/DSC_0042-rotated.jpg\" alt=\"\" data-id=\"1465\" data-full-url=\"https:\/\/neukirch-sachsen.de\/wp-content\/uploads\/2021\/09\/DSC_0042-rotated.jpg\" data-link=\"https:\/\/neukirch-sachsen.de\/?attachment_id=1465\" class=\"wp-image-1465\" srcset=\"https:\/\/neukirch-sachsen.de\/wp-content\/uploads\/2021\/09\/DSC_0042-rotated.jpg 683w, https:\/\/neukirch-sachsen.de\/wp-content\/uploads\/2021\/09\/DSC_0042-200x300.jpg 200w, https:\/\/neukirch-sachsen.de\/wp-content\/uploads\/2021\/09\/DSC_0042-600x900.jpg 600w\" sizes=\"auto, (max-width: 683px) 100vw, 683px\" \/><\/figure><\/li><li class=\"blocks-gallery-item\"><figure><img loading=\"lazy\" decoding=\"async\" width=\"768\" height=\"768\" src=\"https:\/\/neukirch-sachsen.de\/wp-content\/uploads\/2021\/09\/DSC_0043.jpg\" alt=\"\" data-id=\"1466\" data-full-url=\"https:\/\/neukirch-sachsen.de\/wp-content\/uploads\/2021\/09\/DSC_0043.jpg\" data-link=\"https:\/\/neukirch-sachsen.de\/?attachment_id=1466\" class=\"wp-image-1466\" srcset=\"https:\/\/neukirch-sachsen.de\/wp-content\/uploads\/2021\/09\/DSC_0043.jpg 768w, https:\/\/neukirch-sachsen.de\/wp-content\/uploads\/2021\/09\/DSC_0043-300x300.jpg 300w, https:\/\/neukirch-sachsen.de\/wp-content\/uploads\/2021\/09\/DSC_0043-150x150.jpg 150w, https:\/\/neukirch-sachsen.de\/wp-content\/uploads\/2021\/09\/DSC_0043-600x600.jpg 600w\" sizes=\"auto, (max-width: 768px) 100vw, 768px\" \/><\/figure><\/li><li class=\"blocks-gallery-item\"><figure><img loading=\"lazy\" decoding=\"async\" width=\"768\" height=\"770\" src=\"https:\/\/neukirch-sachsen.de\/wp-content\/uploads\/2021\/09\/DSC_0044.jpg\" alt=\"\" data-id=\"1467\" data-full-url=\"https:\/\/neukirch-sachsen.de\/wp-content\/uploads\/2021\/09\/DSC_0044.jpg\" data-link=\"https:\/\/neukirch-sachsen.de\/?attachment_id=1467\" class=\"wp-image-1467\" srcset=\"https:\/\/neukirch-sachsen.de\/wp-content\/uploads\/2021\/09\/DSC_0044.jpg 768w, https:\/\/neukirch-sachsen.de\/wp-content\/uploads\/2021\/09\/DSC_0044-300x300.jpg 300w, https:\/\/neukirch-sachsen.de\/wp-content\/uploads\/2021\/09\/DSC_0044-150x150.jpg 150w\" sizes=\"auto, (max-width: 768px) 100vw, 768px\" \/><\/figure><\/li><li class=\"blocks-gallery-item\"><figure><img loading=\"lazy\" decoding=\"async\" width=\"768\" height=\"768\" src=\"https:\/\/neukirch-sachsen.de\/wp-content\/uploads\/2021\/09\/DSC_0046.jpg\" alt=\"\" data-id=\"1469\" data-full-url=\"https:\/\/neukirch-sachsen.de\/wp-content\/uploads\/2021\/09\/DSC_0046.jpg\" data-link=\"https:\/\/neukirch-sachsen.de\/?attachment_id=1469\" class=\"wp-image-1469\" srcset=\"https:\/\/neukirch-sachsen.de\/wp-content\/uploads\/2021\/09\/DSC_0046.jpg 768w, https:\/\/neukirch-sachsen.de\/wp-content\/uploads\/2021\/09\/DSC_0046-300x300.jpg 300w, https:\/\/neukirch-sachsen.de\/wp-content\/uploads\/2021\/09\/DSC_0046-150x150.jpg 150w, https:\/\/neukirch-sachsen.de\/wp-content\/uploads\/2021\/09\/DSC_0046-600x600.jpg 600w\" sizes=\"auto, (max-width: 768px) 100vw, 768px\" \/><\/figure><\/li><li class=\"blocks-gallery-item\"><figure><img loading=\"lazy\" decoding=\"async\" width=\"1024\" height=\"253\" src=\"https:\/\/neukirch-sachsen.de\/wp-content\/uploads\/2021\/09\/DSC_0024-Montage.jpg\" alt=\"\" data-id=\"1452\" data-full-url=\"https:\/\/neukirch-sachsen.de\/wp-content\/uploads\/2021\/09\/DSC_0024-Montage.jpg\" data-link=\"https:\/\/neukirch-sachsen.de\/?attachment_id=1452\" class=\"wp-image-1452\" srcset=\"https:\/\/neukirch-sachsen.de\/wp-content\/uploads\/2021\/09\/DSC_0024-Montage.jpg 1024w, https:\/\/neukirch-sachsen.de\/wp-content\/uploads\/2021\/09\/DSC_0024-Montage-300x74.jpg 300w, https:\/\/neukirch-sachsen.de\/wp-content\/uploads\/2021\/09\/DSC_0024-Montage-768x190.jpg 768w\" sizes=\"auto, (max-width: 1024px) 100vw, 1024px\" \/><figcaption class=\"blocks-gallery-item__caption\">Ein Rundblick durch die geschm\u00fcckte Kirche<\/figcaption><\/figure><\/li><\/ul><\/figure>\n<!-- \/wp:gallery --><\/div><\/li>\n<li><a class=\"wp-block-latest-posts__post-title\" href=\"https:\/\/neukirch-sachsen.de\/?p=1441\">\u00c4nderung der neuen Satzung zur Beschlussfassung in der Mitgliederversammlung zur JHV des SV Sachsen Neukirch e.V. am 10.09.2021<\/a><div class=\"wp-block-latest-posts__post-full-content\"><!-- wp:paragraph -->\n<p>Wir mussten aus verschiedenen Gr\u00fcnden noch ein paar wichtige \u00c4nderungen in die neue Satzung integrieren. Diese beziehen sich auf folgende Paragraphen und sind <a href=\"http:\/\/neukirch-sachsen.de\/wp-content\/uploads\/2021\/09\/20210910-Satzung-SVS-Neukirch-e.V..pdf\">hier<\/a> zu finden:<\/p>\n<!-- \/wp:paragraph -->\n\n<!-- wp:paragraph -->\n<p>\u00a7 9 Beitragswesens<br>\u00a7 17 Der Vorstand<br><br>Wir freuen uns auf rege Teilnahme.<\/p>\n<!-- \/wp:paragraph --><\/div><\/li>\n<li><a class=\"wp-block-latest-posts__post-title\" href=\"https:\/\/neukirch-sachsen.de\/?p=1437\">Graffiti im Bachstadion<\/a><div class=\"wp-block-latest-posts__post-full-content\"><!-- wp:paragraph -->\n<p>Der\/die Container auf dem Sportplatz sollen farblich gestaltet werden. Jugendliche im Dorf und der SV Sachsen Neukirch e.V. denken da an passendes Graffiti. Das findest du klasse und willst dich einbringen? DU bist willkommen. Am 24.09.2021 findet die Auftaktveranstaltung zur Motivfindung statt. <\/p>\n<!-- \/wp:paragraph -->\n\n<!-- wp:paragraph -->\n<p>Zu Details halten wir dich hier up2date!<\/p>\n<!-- \/wp:paragraph --><\/div><\/li>\n<li><a class=\"wp-block-latest-posts__post-title\" href=\"https:\/\/neukirch-sachsen.de\/?p=1433\">Bekanntmachung der neuen Satzung zur Beschlussfassung in der Mitgliederversammlung zur JHV des SV Sachsen Neukirch e.V. am 10.09.2021<\/a><div class=\"wp-block-latest-posts__post-full-content\"><!-- wp:paragraph -->\n<p>Wie auch schon in 2020:<\/p>\n<!-- \/wp:paragraph -->\n\n<!-- wp:paragraph -->\n<p>Zur Verabschiedung der notwendigen neuen Satzung befindet sich\u00a0<a href=\"http:\/\/neukirch-sachsen.de\/wp-content\/uploads\/2020\/03\/20200327-Satzung-SVS-Neukirch-e.V.pdf\">hier<\/a>\u00a0vorab der Link zum Download der Datei zum Selbststudium. Bei Fragen dazu k\u00f6nnt ihr gern auf Ramona H\u00e4ser oder Andr\u00e9 Grafe zugehen.<\/p>\n<!-- \/wp:paragraph -->\n\n<!-- wp:paragraph -->\n<p><\/p>\n<!-- \/wp:paragraph -->\n\n<!-- wp:paragraph -->\n<p>SPORT FREI!<\/p>\n<!-- \/wp:paragraph --><\/div><\/li>\n<li><a class=\"wp-block-latest-posts__post-title\" href=\"https:\/\/neukirch-sachsen.de\/?p=1417\">Kirchgemeinde aktuell<\/a><div class=\"wp-block-latest-posts__post-full-content\"><!-- wp:file {\"id\":1421,\"href\":\"https:\/\/neukirch-sachsen.de\/wp-content\/uploads\/2021\/07\/KB-21-04-Heft-final-web-1.pdf\"} -->\n<div class=\"wp-block-file\"><a href=\"https:\/\/neukirch-sachsen.de\/wp-content\/uploads\/2021\/07\/KB-21-04-Heft-final-web-1.pdf\">Kirchbrief August\/ September<\/a><a href=\"https:\/\/neukirch-sachsen.de\/wp-content\/uploads\/2021\/07\/KB-21-04-Heft-final-web-1.pdf\" class=\"wp-block-file__button\" download>Herunterladen<\/a><\/div>\n<!-- \/wp:file -->\n\n<!-- wp:file {\"id\":1424,\"href\":\"https:\/\/neukirch-sachsen.de\/wp-content\/uploads\/2021\/07\/KB-21-04-Mitte-final.pdf\"} -->\n<div class=\"wp-block-file\"><a href=\"https:\/\/neukirch-sachsen.de\/wp-content\/uploads\/2021\/07\/KB-21-04-Mitte-final.pdf\">Gottesdienstplan August\/ September<\/a><a href=\"https:\/\/neukirch-sachsen.de\/wp-content\/uploads\/2021\/07\/KB-21-04-Mitte-final.pdf\" class=\"wp-block-file__button\" download>Herunterladen<\/a><\/div>\n<!-- \/wp:file --><\/div><\/li>\n<li><a class=\"wp-block-latest-posts__post-title\" href=\"https:\/\/neukirch-sachsen.de\/?p=1404\">Mit dem Rad von der Burg Stolpen zum Burgenberg<\/a><div class=\"wp-block-latest-posts__post-full-content\"><!-- wp:paragraph -->\n<p>Hallo an Alle, die gerne Radfahren!<\/p>\n<!-- \/wp:paragraph -->\n\n<!-- wp:paragraph -->\n<p><strong>ACHTUNG<\/strong>: Termin Verschiebung !!!<\/p>\n<!-- \/wp:paragraph -->\n\n<!-- wp:paragraph -->\n<p>Am <s>09.07.2021<\/s>  23.07.2021 organisiert der Sportverein eine Radtour von der Burg Stolpen zum Burgenberg.<\/p>\n<!-- \/wp:paragraph -->\n\n<!-- wp:paragraph -->\n<p><strong>Ablauf:<\/strong><\/p>\n<!-- \/wp:paragraph -->\n\n<!-- wp:list -->\n<ul><li>16:30 Uhr Start in Neukirch<\/li><li>Busfahrt nach Stolpen<\/li><li>Nun geht&#8217;s zur\u00fcck durch das Wesenitztal und einer kleinen Rast in der Massenei<\/li><li>Nach 40km haben wir uns im Gasthof Piwarz eine St\u00e4rkung verdient<\/li><\/ul>\n<!-- \/wp:list -->\n\n<!-- wp:paragraph -->\n<p>Wir hoffen auf eurer Interesse!<\/p>\n<!-- \/wp:paragraph -->\n\n<!-- wp:paragraph -->\n<p>Bitte meldet euch bei Fam. H\u00e4ser (Tel. 42224)<\/p>\n<!-- \/wp:paragraph --><\/div><\/li>\n<li><a class=\"wp-block-latest-posts__post-title\" href=\"https:\/\/neukirch-sachsen.de\/?p=1364\">Kirchgemeinde aktuell<\/a><div class=\"wp-block-latest-posts__post-full-content\"><!-- wp:paragraph -->\n<p><\/p>\n<!-- \/wp:paragraph -->\n\n<!-- wp:file {\"id\":1365,\"href\":\"https:\/\/neukirch-sachsen.de\/wp-content\/uploads\/2021\/06\/KB-21-03.web_.pdf\"} -->\n<div class=\"wp-block-file\"><a href=\"https:\/\/neukirch-sachsen.de\/wp-content\/uploads\/2021\/06\/KB-21-03.web_.pdf\">Kirchbrief Juni\/ Juli 2021<\/a><a href=\"https:\/\/neukirch-sachsen.de\/wp-content\/uploads\/2021\/06\/KB-21-03.web_.pdf\" class=\"wp-block-file__button\" download>Herunterladen<\/a><\/div>\n<!-- \/wp:file -->\n\n<!-- wp:file {\"id\":1366,\"href\":\"https:\/\/neukirch-sachsen.de\/wp-content\/uploads\/2021\/06\/KB-21-03-Mitte-final.pdf\"} -->\n<div class=\"wp-block-file\"><a href=\"https:\/\/neukirch-sachsen.de\/wp-content\/uploads\/2021\/06\/KB-21-03-Mitte-final.pdf\">Gottesdienstplan Juni\/ Juli 2021<\/a><a href=\"https:\/\/neukirch-sachsen.de\/wp-content\/uploads\/2021\/06\/KB-21-03-Mitte-final.pdf\" class=\"wp-block-file__button\" download>Herunterladen<\/a><\/div>\n<!-- \/wp:file -->\n\n<!-- wp:paragraph -->\n<p><\/p>\n<!-- \/wp:paragraph --><\/div><\/li>\n<li><a class=\"wp-block-latest-posts__post-title\" href=\"https:\/\/neukirch-sachsen.de\/?p=1229\">Mega-Stream von DJ Malo und Freunden<\/a><div class=\"wp-block-latest-posts__post-full-content\"><!-- wp:paragraph -->\n<p>Am 15.05.2021 gibt es etwas ganz Neues aus dem Hause DJMalo. \u00dcber den ganzen Tag wird es einen Livestream aus einem gro\u00dfen Repertoire von Musikrichtungen geben. In mindestens 18 Stunden werden 9 DJ&#8217;s ein Feuerwerk an Musik f\u00fcr jeden Geschmack spielen. <\/p>\n<!-- \/wp:paragraph -->\n\n<!-- wp:image {\"id\":1230,\"width\":583,\"height\":412,\"sizeSlug\":\"medium\",\"linkDestination\":\"none\"} -->\n<figure class=\"wp-block-image size-medium is-resized\"><img loading=\"lazy\" decoding=\"async\" src=\"https:\/\/neukirch-sachsen.de\/wp-content\/uploads\/2021\/04\/IMG-20210415-WA0000-300x212.jpg\" alt=\"\" class=\"wp-image-1230\" width=\"583\" height=\"412\" srcset=\"https:\/\/neukirch-sachsen.de\/wp-content\/uploads\/2021\/04\/IMG-20210415-WA0000-300x212.jpg 300w, https:\/\/neukirch-sachsen.de\/wp-content\/uploads\/2021\/04\/IMG-20210415-WA0000-1024x724.jpg 1024w, https:\/\/neukirch-sachsen.de\/wp-content\/uploads\/2021\/04\/IMG-20210415-WA0000-768x543.jpg 768w, https:\/\/neukirch-sachsen.de\/wp-content\/uploads\/2021\/04\/IMG-20210415-WA0000-1536x1086.jpg 1536w, https:\/\/neukirch-sachsen.de\/wp-content\/uploads\/2021\/04\/IMG-20210415-WA0000.jpg 1599w\" sizes=\"auto, (max-width: 583px) 100vw, 583px\" \/><\/figure>\n<!-- \/wp:image -->\n\n<!-- wp:paragraph -->\n<p>Alle Info&#8217;s gibts auf <a rel=\"noreferrer noopener\" href=\"https:\/\/www.facebook.com\/events\/736313843708947?active_tab=about\" target=\"_blank\">Facebook<\/a>, der Stream l\u00e4uft wie immer auf <a rel=\"noreferrer noopener\" href=\"http:\/\/www.twitch.tv\/djmalooo\" target=\"_blank\">Twitch<\/a>.<\/p>\n<!-- \/wp:paragraph -->\n\n<!-- wp:paragraph -->\n<p>Hier gibt&#8217;s schon Mal das LineUp des Tages:<\/p>\n<!-- \/wp:paragraph -->\n\n<!-- wp:image {\"id\":1322,\"width\":587,\"height\":415,\"sizeSlug\":\"medium\",\"linkDestination\":\"none\"} -->\n<figure class=\"wp-block-image size-medium is-resized\"><img loading=\"lazy\" decoding=\"async\" src=\"https:\/\/neukirch-sachsen.de\/wp-content\/uploads\/2021\/05\/IMG-20210504-WA0009-300x212.jpg\" alt=\"\" class=\"wp-image-1322\" width=\"587\" height=\"415\" srcset=\"https:\/\/neukirch-sachsen.de\/wp-content\/uploads\/2021\/05\/IMG-20210504-WA0009-300x212.jpg 300w, https:\/\/neukirch-sachsen.de\/wp-content\/uploads\/2021\/05\/IMG-20210504-WA0009-1024x724.jpg 1024w, https:\/\/neukirch-sachsen.de\/wp-content\/uploads\/2021\/05\/IMG-20210504-WA0009-768x543.jpg 768w, https:\/\/neukirch-sachsen.de\/wp-content\/uploads\/2021\/05\/IMG-20210504-WA0009-1536x1086.jpg 1536w, https:\/\/neukirch-sachsen.de\/wp-content\/uploads\/2021\/05\/IMG-20210504-WA0009.jpg 1599w\" sizes=\"auto, (max-width: 587px) 100vw, 587px\" \/><\/figure>\n<!-- \/wp:image -->\n\n<!-- wp:paragraph -->\n<p>Ein ganz besonderes Dankesch\u00f6n geht an die Sponsoren, die das ganze Event erst erm\u00f6glichen.<\/p>\n<!-- \/wp:paragraph -->\n\n<!-- wp:image {\"id\":1319,\"width\":590,\"height\":417,\"sizeSlug\":\"medium\",\"linkDestination\":\"none\"} -->\n<figure class=\"wp-block-image size-medium is-resized\"><img loading=\"lazy\" decoding=\"async\" src=\"https:\/\/neukirch-sachsen.de\/wp-content\/uploads\/2021\/05\/IMG-20210504-WA0008-300x212.jpg\" alt=\"\" class=\"wp-image-1319\" width=\"590\" height=\"417\" srcset=\"https:\/\/neukirch-sachsen.de\/wp-content\/uploads\/2021\/05\/IMG-20210504-WA0008-300x212.jpg 300w, https:\/\/neukirch-sachsen.de\/wp-content\/uploads\/2021\/05\/IMG-20210504-WA0008-1024x724.jpg 1024w, https:\/\/neukirch-sachsen.de\/wp-content\/uploads\/2021\/05\/IMG-20210504-WA0008-768x543.jpg 768w, https:\/\/neukirch-sachsen.de\/wp-content\/uploads\/2021\/05\/IMG-20210504-WA0008-1536x1086.jpg 1536w, https:\/\/neukirch-sachsen.de\/wp-content\/uploads\/2021\/05\/IMG-20210504-WA0008.jpg 1599w\" sizes=\"auto, (max-width: 590px) 100vw, 590px\" \/><\/figure>\n<!-- \/wp:image -->\n\n<!-- wp:paragraph -->\n<p><\/p>\n<!-- \/wp:paragraph -->\n\n<!-- wp:paragraph -->\n<p>Links zur Veranstaltung:<\/p>\n<!-- \/wp:paragraph -->\n\n<!-- wp:buttons -->\n<div class=\"wp-block-buttons\"><!-- wp:button {\"borderRadius\":6,\"backgroundColor\":\"blue\",\"textColor\":\"white\"} -->\n<div class=\"wp-block-button\"><a class=\"wp-block-button__link has-white-color has-blue-background-color has-text-color has-background\" href=\"https:\/\/www.facebook.com\/events\/736313843708947?active_tab=about\" style=\"border-radius:6px\" target=\"_blank\" rel=\"noreferrer noopener\">Facebook<\/a><\/div>\n<!-- \/wp:button -->\n\n<!-- wp:button {\"borderRadius\":6,\"style\":{\"color\":{\"background\":\"#9b05c1\"}},\"textColor\":\"white\"} -->\n<div class=\"wp-block-button\"><a class=\"wp-block-button__link has-white-color has-text-color has-background\" href=\"https:\/\/twitch.tv\/djmalooo\" style=\"border-radius:6px;background-color:#9b05c1\" target=\"_blank\" rel=\"noopener\">Twitch<\/a><\/div>\n<!-- \/wp:button --><\/div>\n<!-- \/wp:buttons -->\n\n<!-- wp:paragraph -->\n<p><\/p>\n<!-- \/wp:paragraph -->\n\n<!-- wp:paragraph -->\n<p>Links zu den Sponsoren:<\/p>\n<!-- \/wp:paragraph -->\n\n<!-- wp:buttons -->\n<div class=\"wp-block-buttons\"><!-- wp:button {\"borderRadius\":4,\"style\":{\"color\":{\"background\":\"#c7c719\"}}} -->\n<div class=\"wp-block-button\"><a class=\"wp-block-button__link has-background\" href=\"https:\/\/www.goldnes-band.de\" style=\"border-radius:4px;background-color:#c7c719\" target=\"_blank\" rel=\"noreferrer noopener\">Goldnes Band<\/a><\/div>\n<!-- \/wp:button -->\n\n<!-- wp:button {\"borderRadius\":4,\"style\":{\"color\":{\"background\":\"#35d105\"}},\"textColor\":\"black\"} -->\n<div class=\"wp-block-button\"><a class=\"wp-block-button__link has-black-color has-text-color has-background\" href=\"https:\/\/landwirtschaftsbetrieb-hoenzke.jimdofree.com\" style=\"border-radius:4px;background-color:#35d105\" target=\"_blank\" rel=\"noreferrer noopener\"><strong>LWB H\u00f6nzke<\/strong><\/a><\/div>\n<!-- \/wp:button -->\n\n<!-- wp:button {\"borderRadius\":4,\"backgroundColor\":\"light-gray\",\"textColor\":\"blue\"} -->\n<div class=\"wp-block-button\"><a class=\"wp-block-button__link has-blue-color has-light-gray-background-color has-text-color has-background\" href=\"https:\/\/www.getraenke-mayer.de\" style=\"border-radius:4px\" target=\"_blank\" rel=\"noreferrer noopener\">GETR\u00c4NKE <strong>MAYER<\/strong><\/a><\/div>\n<!-- \/wp:button -->\n\n<!-- wp:button {\"borderRadius\":4,\"style\":{\"color\":{\"text\":\"#12e83d\"}},\"backgroundColor\":\"medium-gray\"} -->\n<div class=\"wp-block-button\"><a class=\"wp-block-button__link has-medium-gray-background-color has-text-color has-background\" href=\"https:\/\/neukirch-sachsen.de\/?page_id=117\" style=\"border-radius:4px;color:#12e83d\" target=\"_blank\" rel=\"noreferrer noopener\">JC Neukirch<\/a><\/div>\n<!-- \/wp:button -->\n\n<!-- wp:button {\"borderRadius\":4,\"style\":{\"color\":{\"background\":\"#064d94\"}},\"textColor\":\"white\"} -->\n<div class=\"wp-block-button\"><a class=\"wp-block-button__link has-white-color has-text-color has-background\" href=\"https:\/\/hdf-techritz.business.site\/\" style=\"border-radius:4px;background-color:#064d94\" target=\"_blank\" rel=\"noreferrer noopener\">HDF Techritz<\/a><\/div>\n<!-- \/wp:button -->\n\n<!-- wp:button {\"borderRadius\":4,\"style\":{\"color\":{\"text\":\"#cf3513\",\"background\":\"#f6f5c3\"}}} -->\n<div class=\"wp-block-button\"><a class=\"wp-block-button__link has-text-color has-background\" href=\"https:\/\/www.baeckerei-heydn.de\" style=\"border-radius:4px;background-color:#f6f5c3;color:#cf3513\" target=\"_blank\" rel=\"noreferrer noopener\">B\u00e4ckerei Heydn<\/a><\/div>\n<!-- \/wp:button -->\n\n<!-- wp:button {\"borderRadius\":4,\"style\":{\"color\":{\"text\":\"#eb0827\"}},\"backgroundColor\":\"light-gray\"} -->\n<div class=\"wp-block-button\"><a class=\"wp-block-button__link has-light-gray-background-color has-text-color has-background\" href=\"https:\/\/www.hansa-flex.com\" style=\"border-radius:4px;color:#eb0827\" target=\"_blank\" rel=\"noreferrer noopener\"><strong>HANSAFLEX<\/strong><\/a><\/div>\n<!-- \/wp:button -->\n\n<!-- wp:button {\"borderRadius\":4,\"backgroundColor\":\"black\",\"textColor\":\"white\"} -->\n<div class=\"wp-block-button\"><a class=\"wp-block-button__link has-white-color has-black-background-color has-text-color has-background\" href=\"https:\/\/www.werbestudio-dresden.de\" style=\"border-radius:4px\" target=\"_blank\" rel=\"noreferrer noopener\"><strong>Werbestudio Dresden<\/strong><\/a><\/div>\n<!-- \/wp:button --><\/div>\n<!-- \/wp:buttons -->\n\n<!-- wp:paragraph -->\n<p><\/p>\n<!-- \/wp:paragraph --><\/div><\/li>\n<li><a class=\"wp-block-latest-posts__post-title\" href=\"https:\/\/neukirch-sachsen.de\/?p=1295\">Traditionen bewahren und vielleicht auch etwas stiller Protest<\/a><div class=\"wp-block-latest-posts__post-full-content\"><!-- wp:paragraph -->\n<p>Im Jahr 2021 gibt es endlich wieder einen gro\u00dfen Maibaum &#8211; f\u00fcr das Dorf und f\u00fcr die Tradition.<\/p>\n<!-- \/wp:paragraph -->\n\n<!-- wp:image {\"id\":1303,\"width\":677,\"height\":451,\"sizeSlug\":\"medium\",\"linkDestination\":\"none\"} -->\n<figure class=\"wp-block-image size-medium is-resized\"><img loading=\"lazy\" decoding=\"async\" src=\"https:\/\/neukirch-sachsen.de\/wp-content\/uploads\/2021\/05\/MBgross-300x200.png\" alt=\"\" class=\"wp-image-1303\" width=\"677\" height=\"451\" srcset=\"https:\/\/neukirch-sachsen.de\/wp-content\/uploads\/2021\/05\/MBgross-300x200.png 300w, https:\/\/neukirch-sachsen.de\/wp-content\/uploads\/2021\/05\/MBgross-1024x684.png 1024w, https:\/\/neukirch-sachsen.de\/wp-content\/uploads\/2021\/05\/MBgross-768x513.png 768w, https:\/\/neukirch-sachsen.de\/wp-content\/uploads\/2021\/05\/MBgross-1200x800.png 1200w, https:\/\/neukirch-sachsen.de\/wp-content\/uploads\/2021\/05\/MBgross.png 1380w\" sizes=\"auto, (max-width: 677px) 100vw, 677px\" \/><\/figure>\n<!-- \/wp:image -->\n\n<!-- wp:paragraph -->\n<p>Da es im vorigen Jahr leider von den rigorosen Auflagen kassiert wurde und auch in diesem Jahr nicht klar war, ob es \u00fcberhaupt machbar w\u00e4re, einen Baum zu stellen, haben sich viele im Dorf auch selbst um einen eigenen Baum gek\u00fcmmert, um eben zumindest diese Tradition nicht g\u00e4nzlich zu verlieren &#8211; und vielleicht auch als kleines Zeichen eines stillen Protestes. Gl\u00fccklicherweise haben sich einige Mutige gefunden und den Baum einfach still und heimlich aufgestellt.<\/p>\n<!-- \/wp:paragraph -->\n\n<!-- wp:paragraph -->\n<p>Hier seht ihr einen Auszug der Maib\u00e4ume aus dem Dorf &#8211; bitte entschuldigt, falls ich nicht alle erwischt habe:<\/p>\n<!-- \/wp:paragraph -->\n\n<!-- wp:image {\"id\":1302,\"width\":680,\"height\":660,\"sizeSlug\":\"medium\",\"linkDestination\":\"none\"} -->\n<figure class=\"wp-block-image size-medium is-resized\"><img loading=\"lazy\" decoding=\"async\" src=\"https:\/\/neukirch-sachsen.de\/wp-content\/uploads\/2021\/05\/Maibaeume-300x291.png\" alt=\"\" class=\"wp-image-1302\" width=\"680\" height=\"660\" srcset=\"https:\/\/neukirch-sachsen.de\/wp-content\/uploads\/2021\/05\/Maibaeume-300x291.png 300w, https:\/\/neukirch-sachsen.de\/wp-content\/uploads\/2021\/05\/Maibaeume-1024x993.png 1024w, https:\/\/neukirch-sachsen.de\/wp-content\/uploads\/2021\/05\/Maibaeume-768x745.png 768w, https:\/\/neukirch-sachsen.de\/wp-content\/uploads\/2021\/05\/Maibaeume.png 1037w\" sizes=\"auto, (max-width: 680px) 100vw, 680px\" \/><\/figure>\n<!-- \/wp:image -->\n\n<!-- wp:paragraph -->\n<p>Ich pers\u00f6nlich freue mich, dass es den Leuten so wichtig ist und hoffe, dass wir im n\u00e4chsten Jahr wieder gemeinsam unsere sch\u00f6nen Feste und Br\u00e4uche feiern k\u00f6nnen und d\u00fcrfen.<\/p>\n<!-- \/wp:paragraph -->\n\n<!-- wp:paragraph -->\n<p>P.S. Falls es jemandem nicht gef\u00e4llt, dass sein Baum hier zu sehen ist, kommt bitte auf mich zu, dann nehme ich das Bild selbstverst\u00e4ndlich aus dem Netz.<\/p>\n<!-- \/wp:paragraph --><\/div><\/li>\n<li><a class=\"wp-block-latest-posts__post-title\" href=\"https:\/\/neukirch-sachsen.de\/?p=1256\">Komm lieber Mai &#8230;.<\/a><div class=\"wp-block-latest-posts__post-full-content\"><!-- wp:paragraph -->\n<p><\/p>\n<!-- \/wp:paragraph -->\n\n<!-- wp:gallery {\"ids\":[1291,1290],\"linkTo\":\"none\"} -->\n<figure class=\"wp-block-gallery columns-2 is-cropped\"><ul class=\"blocks-gallery-grid\"><li class=\"blocks-gallery-item\"><figure><img loading=\"lazy\" decoding=\"async\" width=\"576\" height=\"1024\" src=\"https:\/\/neukirch-sachsen.de\/wp-content\/uploads\/2021\/04\/Screenshot_20210430-194620_WhatsApp-1-576x1024.jpg\" alt=\"\" data-id=\"1291\" data-full-url=\"https:\/\/neukirch-sachsen.de\/wp-content\/uploads\/2021\/04\/Screenshot_20210430-194620_WhatsApp-1.jpg\" data-link=\"https:\/\/neukirch-sachsen.de\/?attachment_id=1291\" class=\"wp-image-1291\" srcset=\"https:\/\/neukirch-sachsen.de\/wp-content\/uploads\/2021\/04\/Screenshot_20210430-194620_WhatsApp-1-576x1024.jpg 576w, https:\/\/neukirch-sachsen.de\/wp-content\/uploads\/2021\/04\/Screenshot_20210430-194620_WhatsApp-1-169x300.jpg 169w, https:\/\/neukirch-sachsen.de\/wp-content\/uploads\/2021\/04\/Screenshot_20210430-194620_WhatsApp-1-768x1365.jpg 768w, https:\/\/neukirch-sachsen.de\/wp-content\/uploads\/2021\/04\/Screenshot_20210430-194620_WhatsApp-1-864x1536.jpg 864w, https:\/\/neukirch-sachsen.de\/wp-content\/uploads\/2021\/04\/Screenshot_20210430-194620_WhatsApp-1-1152x2048.jpg 1152w, https:\/\/neukirch-sachsen.de\/wp-content\/uploads\/2021\/04\/Screenshot_20210430-194620_WhatsApp-1.jpg 1440w\" sizes=\"auto, (max-width: 576px) 100vw, 576px\" \/><\/figure><\/li><li class=\"blocks-gallery-item\"><figure><img loading=\"lazy\" decoding=\"async\" width=\"768\" height=\"1024\" src=\"https:\/\/neukirch-sachsen.de\/wp-content\/uploads\/2021\/04\/IMG-20210430-WA0003-768x1024.jpg\" alt=\"\" data-id=\"1290\" data-full-url=\"https:\/\/neukirch-sachsen.de\/wp-content\/uploads\/2021\/04\/IMG-20210430-WA0003.jpg\" data-link=\"https:\/\/neukirch-sachsen.de\/?attachment_id=1290\" class=\"wp-image-1290\" srcset=\"https:\/\/neukirch-sachsen.de\/wp-content\/uploads\/2021\/04\/IMG-20210430-WA0003-768x1024.jpg 768w, https:\/\/neukirch-sachsen.de\/wp-content\/uploads\/2021\/04\/IMG-20210430-WA0003-225x300.jpg 225w, https:\/\/neukirch-sachsen.de\/wp-content\/uploads\/2021\/04\/IMG-20210430-WA0003-1152x1536.jpg 1152w, https:\/\/neukirch-sachsen.de\/wp-content\/uploads\/2021\/04\/IMG-20210430-WA0003.jpg 1200w\" sizes=\"auto, (max-width: 768px) 100vw, 768px\" \/><\/figure><\/li><\/ul><figcaption class=\"blocks-gallery-caption\">Auch in diesem Jahr wird es wieder Mai und Neukirch hat einen Maibaum. Danke!!!<\/figcaption><\/figure>\n<!-- \/wp:gallery --><\/div><\/li>\n<li><a class=\"wp-block-latest-posts__post-title\" href=\"https:\/\/neukirch-sachsen.de\/?p=1254\">Offene Kirche &#8211; Tankstelle f\u00fcr die Seele<\/a><div class=\"wp-block-latest-posts__post-full-content\"><!-- wp:image {\"id\":1263,\"sizeSlug\":\"large\",\"linkDestination\":\"none\"} -->\n<figure class=\"wp-block-image size-large\"><img loading=\"lazy\" decoding=\"async\" width=\"1024\" height=\"290\" src=\"https:\/\/neukirch-sachsen.de\/wp-content\/uploads\/2021\/04\/Bau-Neukirch-Karte-1-1024x290.jpg\" alt=\"\" class=\"wp-image-1263\" srcset=\"https:\/\/neukirch-sachsen.de\/wp-content\/uploads\/2021\/04\/Bau-Neukirch-Karte-1-1024x290.jpg 1024w, https:\/\/neukirch-sachsen.de\/wp-content\/uploads\/2021\/04\/Bau-Neukirch-Karte-1-300x85.jpg 300w, https:\/\/neukirch-sachsen.de\/wp-content\/uploads\/2021\/04\/Bau-Neukirch-Karte-1-768x217.jpg 768w, https:\/\/neukirch-sachsen.de\/wp-content\/uploads\/2021\/04\/Bau-Neukirch-Karte-1.jpg 1160w\" sizes=\"auto, (max-width: 1024px) 100vw, 1024px\" \/><\/figure>\n<!-- \/wp:image -->\n\n<!-- wp:paragraph -->\n<p><span class=\"has-inline-color has-black-color\">Da steht sie, unsere Kirche. Mitten im Ort, Skyline pr\u00e4gend und doch meist geschlossen.<br>Dabei w\u00e4re doch Raum, <br>um zur Ruhe zu kommen und den Raum auf sich wirken zu lassen,<br>um mal einen Moment abzuschalten, <br>um vielleicht einen tiefen Seufzer oder ein kleines Sto\u00dfgebet zum Himmel schicken,<br>um eine Kerze anz\u00fcnden und der Ruhe der Flamme nachsp\u00fcren,<br>um die besondere Atmosph\u00e4re des spirituellen Raumes zu empfinden oder<br>um sich an die Punkte des Lebens<\/span> <span class=\"has-inline-color has-black-color\">zu erinnern, die mit dieser Kirche verbunden sind.<br>Dies alles wollen wir erm\u00f6glichen, indem \u00fcber den Sommer die Kirche sonntags ge\u00f6ffnet sein wird.<br>Steine und Kerzen laden ein, pers\u00f6nliche Anliegen vor Gott zu bringen. <\/span><br><span class=\"has-inline-color has-black-color\">Ein kleiner Text zum nachdenken darf gern mit nach Hause genommen werden. <\/span><br><span class=\"has-inline-color has-black-color\">Machen sie einfach mal wieder Station in ihrer Kirche!<\/span><\/p>\n<!-- \/wp:paragraph -->\n\n<!-- wp:gallery {\"ids\":[1266,1265],\"linkTo\":\"none\"} -->\n<figure class=\"wp-block-gallery columns-2 is-cropped\"><ul class=\"blocks-gallery-grid\"><li class=\"blocks-gallery-item\"><figure><img loading=\"lazy\" decoding=\"async\" width=\"252\" height=\"448\" src=\"https:\/\/neukirch-sachsen.de\/wp-content\/uploads\/2021\/04\/20210425_071338-1-rotated.jpg\" alt=\"\" data-id=\"1266\" data-full-url=\"https:\/\/neukirch-sachsen.de\/wp-content\/uploads\/2021\/04\/20210425_071338-1-rotated.jpg\" data-link=\"https:\/\/neukirch-sachsen.de\/?attachment_id=1266\" class=\"wp-image-1266\" srcset=\"https:\/\/neukirch-sachsen.de\/wp-content\/uploads\/2021\/04\/20210425_071338-1-rotated.jpg 252w, https:\/\/neukirch-sachsen.de\/wp-content\/uploads\/2021\/04\/20210425_071338-1-169x300.jpg 169w\" sizes=\"auto, (max-width: 252px) 100vw, 252px\" \/><\/figure><\/li><li class=\"blocks-gallery-item\"><figure><img loading=\"lazy\" decoding=\"async\" width=\"252\" height=\"448\" src=\"https:\/\/neukirch-sachsen.de\/wp-content\/uploads\/2021\/04\/20210425_071259-1-rotated.jpg\" alt=\"\" data-id=\"1265\" data-full-url=\"https:\/\/neukirch-sachsen.de\/wp-content\/uploads\/2021\/04\/20210425_071259-1-rotated.jpg\" data-link=\"https:\/\/neukirch-sachsen.de\/?attachment_id=1265\" class=\"wp-image-1265\" srcset=\"https:\/\/neukirch-sachsen.de\/wp-content\/uploads\/2021\/04\/20210425_071259-1-rotated.jpg 252w, https:\/\/neukirch-sachsen.de\/wp-content\/uploads\/2021\/04\/20210425_071259-1-169x300.jpg 169w\" sizes=\"auto, (max-width: 252px) 100vw, 252px\" \/><\/figure><\/li><\/ul><\/figure>\n<!-- \/wp:gallery --><\/div><\/li>\n<li><a class=\"wp-block-latest-posts__post-title\" href=\"https:\/\/neukirch-sachsen.de\/?p=1217\">KIrchgemeinde Aktuell<\/a><div class=\"wp-block-latest-posts__post-full-content\"><!-- wp:image {\"id\":1224,\"sizeSlug\":\"large\",\"linkDestination\":\"none\"} -->\n<figure class=\"wp-block-image size-large\"><img loading=\"lazy\" decoding=\"async\" width=\"725\" height=\"1024\" src=\"http:\/\/neukirch-sachsen.de\/wp-content\/uploads\/2021\/04\/CMYK_53ca8KB.21-02.Titel_0001_PDF_zu_JPG-725x1024.jpg\" alt=\"Kirchbrief April\/ Mai\" class=\"wp-image-1224\" srcset=\"https:\/\/neukirch-sachsen.de\/wp-content\/uploads\/2021\/04\/CMYK_53ca8KB.21-02.Titel_0001_PDF_zu_JPG-725x1024.jpg 725w, https:\/\/neukirch-sachsen.de\/wp-content\/uploads\/2021\/04\/CMYK_53ca8KB.21-02.Titel_0001_PDF_zu_JPG-212x300.jpg 212w, https:\/\/neukirch-sachsen.de\/wp-content\/uploads\/2021\/04\/CMYK_53ca8KB.21-02.Titel_0001_PDF_zu_JPG-768x1085.jpg 768w, https:\/\/neukirch-sachsen.de\/wp-content\/uploads\/2021\/04\/CMYK_53ca8KB.21-02.Titel_0001_PDF_zu_JPG-1087x1536.jpg 1087w, https:\/\/neukirch-sachsen.de\/wp-content\/uploads\/2021\/04\/CMYK_53ca8KB.21-02.Titel_0001_PDF_zu_JPG-1449x2048.jpg 1449w, https:\/\/neukirch-sachsen.de\/wp-content\/uploads\/2021\/04\/CMYK_53ca8KB.21-02.Titel_0001_PDF_zu_JPG-scaled.jpg 1811w\" sizes=\"auto, (max-width: 725px) 100vw, 725px\" \/><\/figure>\n<!-- \/wp:image -->\n\n<!-- wp:file {\"id\":1219,\"href\":\"http:\/\/neukirch-sachsen.de\/wp-content\/uploads\/2021\/04\/KB.21-02.web_.pdf\"} -->\n<div class=\"wp-block-file\"><a href=\"http:\/\/neukirch-sachsen.de\/wp-content\/uploads\/2021\/04\/KB.21-02.web_.pdf\">Kirchbrief April\/ Mai_<\/a><a href=\"http:\/\/neukirch-sachsen.de\/wp-content\/uploads\/2021\/04\/KB.21-02.web_.pdf\" class=\"wp-block-file__button\" download>Herunterladen<\/a><\/div>\n<!-- \/wp:file -->\n\n<!-- wp:file {\"id\":1220,\"href\":\"http:\/\/neukirch-sachsen.de\/wp-content\/uploads\/2021\/04\/KB.21-02.Mitte_.EF_.pdf\"} -->\n<div class=\"wp-block-file\"><a href=\"http:\/\/neukirch-sachsen.de\/wp-content\/uploads\/2021\/04\/KB.21-02.Mitte_.EF_.pdf\">Gottesdienstplan April\/ Mai<\/a><a href=\"http:\/\/neukirch-sachsen.de\/wp-content\/uploads\/2021\/04\/KB.21-02.Mitte_.EF_.pdf\" class=\"wp-block-file__button\" download>Herunterladen<\/a><\/div>\n<!-- \/wp:file -->\n\n<!-- wp:paragraph -->\n<p><\/p>\n<!-- \/wp:paragraph --><\/div><\/li>\n<li><a class=\"wp-block-latest-posts__post-title\" href=\"https:\/\/neukirch-sachsen.de\/?p=1213\">Er\u00f6ffnung des 2. Bauabschnitts<\/a><div class=\"wp-block-latest-posts__post-full-content\"><!-- wp:paragraph -->\n<p>Am 20.03.2021 war es nun endlich so weit und der Spielplatz ist ein Spielplatz, nun auch f\u00fcr die gr\u00f6\u00dferen Kinder. Nachdem am selbigen Tag die finalen Arbeiten an den Gehwegen fertiggestellt wurden, konnte der Bauzaun weiterger\u00fcckt werden und die gro\u00dfe Ritterburg der <a rel=\"noreferrer noopener\" href=\"https:\/\/www.holzdesign-naumann.de\/\" target=\"_blank\">Fa. Holzdesign Naumann<\/a> ist nun neben der kleinen Ritterburg das Reich der Kids.<\/p>\n<!-- \/wp:paragraph -->\n\n<!-- wp:paragraph -->\n<p>Lang hat es gedauert und ohne die F\u00f6rderung durch das Crowdfunding \u00fcber <a href=\"https:\/\/www.99funken.de\/burgenberg-spielplatz\">99Funken<\/a> (erinnert ihr euch \u00fcbrigens noch an <a rel=\"noreferrer noopener\" href=\"https:\/\/youtu.be\/4EquKDcpQxQ\" target=\"_blank\">DAS<\/a> hier?) h\u00e4tte dieses Spielger\u00e4t sicher noch etwas auf sich warten lassen. \u00dcber die LEADER-F\u00f6rderung und das Engagement unserer B\u00fcrgermeisterin (Vielen Dank an dieser Stelle f\u00fcr die Unterst\u00fctzung des Projektantrages beim Heidebogen an Frau Truxa-Richter) sind im \u00dcbrigen erst die notwendigen Mittel zur Verf\u00fcgung gestellt worden um das Spielger\u00e4t komplett und nicht modular \u00fcber mehrere Kleinvergaben zu realisieren. <\/p>\n<!-- \/wp:paragraph -->\n\n<!-- wp:paragraph -->\n<p>Vielen Dank sagen wir an alle Unterst\u00fctzer, die uns \u00fcber die letzten, nun schon 4 Jahre die Treue halten und uns unterst\u00fctzen. Wir bleiben dran &#8230;<\/p>\n<!-- \/wp:paragraph --><\/div><\/li>\n<li><a class=\"wp-block-latest-posts__post-title\" href=\"https:\/\/neukirch-sachsen.de\/?p=1197\">!Achtung! Einmaliges Angebot<\/a><div class=\"wp-block-latest-posts__post-full-content\"><!-- wp:paragraph -->\n<p>Im Auftrag eines Neukirchers und in Absprache mit den Admins der Seite kommt hier ein einmaliges Kaufangeot.<\/p>\n<!-- \/wp:paragraph -->\n\n<!-- wp:paragraph -->\n<p><\/p>\n<!-- \/wp:paragraph -->\n\n<!-- wp:paragraph {\"fontSize\":\"medium\"} -->\n<p class=\"has-medium-font-size\">Zum Verkauf steht ein Citroen C1.<\/p>\n<!-- \/wp:paragraph -->\n\n<!-- wp:paragraph -->\n<p><\/p>\n<!-- \/wp:paragraph -->\n\n<!-- wp:image {\"id\":1198,\"width\":512,\"height\":288,\"sizeSlug\":\"large\",\"linkDestination\":\"none\",\"className\":\"is-style-rounded\"} -->\n<figure class=\"wp-block-image size-large is-resized is-style-rounded\"><img loading=\"lazy\" decoding=\"async\" src=\"https:\/\/neukirch-sachsen.de\/wp-content\/uploads\/2021\/03\/IMG-20210307-WA0000-1024x576.jpg\" alt=\"\" class=\"wp-image-1198\" width=\"512\" height=\"288\" srcset=\"https:\/\/neukirch-sachsen.de\/wp-content\/uploads\/2021\/03\/IMG-20210307-WA0000-1024x576.jpg 1024w, https:\/\/neukirch-sachsen.de\/wp-content\/uploads\/2021\/03\/IMG-20210307-WA0000-300x169.jpg 300w, https:\/\/neukirch-sachsen.de\/wp-content\/uploads\/2021\/03\/IMG-20210307-WA0000-768x432.jpg 768w, https:\/\/neukirch-sachsen.de\/wp-content\/uploads\/2021\/03\/IMG-20210307-WA0000-1536x864.jpg 1536w, https:\/\/neukirch-sachsen.de\/wp-content\/uploads\/2021\/03\/IMG-20210307-WA0000.jpg 1600w\" sizes=\"auto, (max-width: 512px) 100vw, 512px\" \/><\/figure>\n<!-- \/wp:image -->\n\n<!-- wp:paragraph -->\n<p>Dieser wurde erstmalig im April 2009 zugelassen. Er hat gerade einmal 26800km auf der Uhr . T\u00dcV ist nat\u00fcrlich neu!<\/p>\n<!-- \/wp:paragraph -->\n\n<!-- wp:paragraph -->\n<p>Zu dem Fahrzeug gibt es einen Satz Sommer- &amp; Winterr\u00e4der. <\/p>\n<!-- \/wp:paragraph -->\n\n<!-- wp:paragraph -->\n<p><\/p>\n<!-- \/wp:paragraph -->\n\n<!-- wp:image {\"id\":1199,\"width\":512,\"height\":288,\"sizeSlug\":\"large\",\"linkDestination\":\"none\",\"className\":\"is-style-rounded\"} -->\n<figure class=\"wp-block-image size-large is-resized is-style-rounded\"><img loading=\"lazy\" decoding=\"async\" src=\"https:\/\/neukirch-sachsen.de\/wp-content\/uploads\/2021\/03\/IMG-20210307-WA0001-1024x576.jpg\" alt=\"\" class=\"wp-image-1199\" width=\"512\" height=\"288\" srcset=\"https:\/\/neukirch-sachsen.de\/wp-content\/uploads\/2021\/03\/IMG-20210307-WA0001-1024x576.jpg 1024w, https:\/\/neukirch-sachsen.de\/wp-content\/uploads\/2021\/03\/IMG-20210307-WA0001-300x169.jpg 300w, https:\/\/neukirch-sachsen.de\/wp-content\/uploads\/2021\/03\/IMG-20210307-WA0001-768x432.jpg 768w, https:\/\/neukirch-sachsen.de\/wp-content\/uploads\/2021\/03\/IMG-20210307-WA0001-1536x864.jpg 1536w, https:\/\/neukirch-sachsen.de\/wp-content\/uploads\/2021\/03\/IMG-20210307-WA0001.jpg 1600w\" sizes=\"auto, (max-width: 512px) 100vw, 512px\" \/><\/figure>\n<!-- \/wp:image -->\n\n<!-- wp:paragraph {\"style\":{\"color\":{\"text\":\"#2dec18\"}},\"fontSize\":\"large\"} -->\n<p class=\"has-text-color has-large-font-size\" style=\"color:#2dec18\">Der kleine Flitzer ist ein gutes Pendlerfahrzeug und steht f\u00fcr nur 2990\u20ac (VB) zum Verkauf.<\/p>\n<!-- \/wp:paragraph -->\n\n<!-- wp:paragraph -->\n<p><\/p>\n<!-- \/wp:paragraph -->\n\n<!-- wp:paragraph {\"style\":{\"color\":{\"text\":\"#0006a3\"}},\"fontSize\":\"medium\"} -->\n<p class=\"has-text-color has-medium-font-size\" style=\"color:#0006a3\">Bei Interesse bitte bei R.Lotzmann unter 03579531401 melden!<\/p>\n<!-- \/wp:paragraph --><\/div><\/li>\n<li><a class=\"wp-block-latest-posts__post-title\" href=\"https:\/\/neukirch-sachsen.de\/?p=1180\">Publikumsvoting zum Verein des Jahres startet<\/a><div class=\"wp-block-latest-posts__post-full-content\"><!-- wp:paragraph -->\n<p>Geschafft oder wie man beim Mannschaftsport so gern zu sagen pflegt: Nach dem Spiel ist vor dem Spiel. So \u00e4hnlich ist die Ausgangslage derzeit beim <strong>SV Sachsen Neukirch e.V.<\/strong>. Nach der erfolgreichen Nominierung zum Verein des Jahres 2020 startete am 15.02.2021 die Publikumsabstimmung. Die Wahl geht NUR bis zum 07. M\u00e4rz, also gebt schnell eure Stimme(n) an. Dabei haben wir die Chance einen Geldbetrag von 1.000, 2.000 oder 3.000\u20ac zu gewinnen, hei\u00dft nur die ersten 3 Pl\u00e4tze gewinnen. Und ganz ehrlich, wenn man sich die Riege der Konkurrenz so durchliest, dann sind da schon einige Brocken dabei. Umso mehr Ansporn, unserer Meinung nach und wenn alle an einem Strang ziehen, wer wei\u00df wie wir dann abschneiden.<\/p>\n<!-- \/wp:paragraph -->\n\n<!-- wp:paragraph -->\n<p><strong>SO STIMMT IHR AB<\/strong><\/p>\n<!-- \/wp:paragraph -->\n\n<!-- wp:paragraph -->\n<p>Jede Emailadresse kann nur einmal die Stimme abgeben f\u00fcr genau einen Verein. Habt ihr mehrere Emailadressen, dann k\u00f6nnt ihr das Fenster neu laden und eine weitere Stimme abgeben (die Position des Vereins auf der Internetseite ver\u00e4ndert sich bei jedem Laden nach DEM Prinzip, dass jeder der Vereine mal an oberster Stelle steht.).<\/p>\n<!-- \/wp:paragraph -->\n\n<!-- wp:paragraph -->\n<p>1. Geht auf die Internetseite <a rel=\"noreferrer noopener\" href=\"https:\/\/www.vereindesjahres.de\/neuigkeiten\/aktuell-teilnehmende-vereine\/\" target=\"_blank\" data-type=\"URL\" data-id=\"https:\/\/www.vereindesjahres.de\/neuigkeiten\/aktuell-teilnehmende-vereine\/\">https:\/\/www.vereindesjahres.de\/neuigkeiten\/aktuell-teilnehmende-vereine\/<\/a><br>2. W\u00e4hlt den SV Sachsen Neukirch e.V. <strong>oder<\/strong> SV Sachsen Neukirch e.V. \/ 99 Funken aus mittels Stimme abgeben. Da 310 Vereine teilgenommen haben, ist die Suche etwas aufwendig. Nutzt hier evtl. die Suche Funktion eures Browsers mittels auf Seite suchen.<br>3. Tragt im folgenden Fenster eure Emailadresse ein und best\u00e4tigt die Eingabe mittels &#8222;Jetzt Stimme abgeben&#8220;.<br>4. Ihr bekommt eine E-Mail mit einem Best\u00e4tigungslink zugeschickt. Die Zusendung sollte umgehend funktionieren &#8211; wenn nicht schaut bitte auch in eurem SPAM-Ordner<br>5. Bitte best\u00e4tigt mittels dem Link in der Email eure Wertung<br><br>Viel Spa\u00df beim Abstimmen und DANKE f\u00fcr eure STIMME.<\/p>\n<!-- \/wp:paragraph --><\/div><\/li>\n<li><a class=\"wp-block-latest-posts__post-title\" href=\"https:\/\/neukirch-sachsen.de\/?p=1157\">Fasching 2021<\/a><div class=\"wp-block-latest-posts__post-full-content\"><!-- wp:image {\"id\":1167,\"sizeSlug\":\"medium\",\"linkDestination\":\"none\"} -->\n<figure class=\"wp-block-image size-medium\"><img loading=\"lazy\" decoding=\"async\" width=\"300\" height=\"182\" src=\"https:\/\/neukirch-sachsen.de\/wp-content\/uploads\/2021\/02\/IMG-20210211-WA0013-3-300x182.jpg\" alt=\"\" class=\"wp-image-1167\" srcset=\"https:\/\/neukirch-sachsen.de\/wp-content\/uploads\/2021\/02\/IMG-20210211-WA0013-3-300x182.jpg 300w, https:\/\/neukirch-sachsen.de\/wp-content\/uploads\/2021\/02\/IMG-20210211-WA0013-3-1024x621.jpg 1024w, https:\/\/neukirch-sachsen.de\/wp-content\/uploads\/2021\/02\/IMG-20210211-WA0013-3-768x466.jpg 768w, https:\/\/neukirch-sachsen.de\/wp-content\/uploads\/2021\/02\/IMG-20210211-WA0013-3-1536x932.jpg 1536w, https:\/\/neukirch-sachsen.de\/wp-content\/uploads\/2021\/02\/IMG-20210211-WA0013-3.jpg 1600w\" sizes=\"auto, (max-width: 300px) 100vw, 300px\" \/><\/figure>\n<!-- \/wp:image -->\n\n<!-- wp:paragraph -->\n<p>Endlich ist das Jahr 2020 geschafft.<\/p>\n<!-- \/wp:paragraph -->\n\n<!-- wp:paragraph -->\n<p>Alles l\u00e4uft wie immer&#8230; oh. Nein, doch nicht.<\/p>\n<!-- \/wp:paragraph -->\n\n<!-- wp:paragraph -->\n<p>Gern h\u00e4tten wir mit euch wieder ein sch\u00f6nes Faschingsfest auf dem Saal gefeiert, gern w\u00e4re der Jugendclub wieder zampern gegangen und gern h\u00e4tten wir es dabei mit euch richtig krachen lassen.<\/p>\n<!-- \/wp:paragraph -->\n\n<!-- wp:paragraph -->\n<p>Nun ja, wie schon Lothar Matth\u00e4us sagte: W\u00e4re, W\u00e4re, Fahrradkette.<\/p>\n<!-- \/wp:paragraph -->\n\n<!-- wp:paragraph -->\n<p>Um der Tristesse wenigstens etwas entgegen zu wirken, gibt es dieses Jahr eine- wie k\u00f6nnte es anders sein &#8211; Online-Faschingsveranstaltung.<\/p>\n<!-- \/wp:paragraph -->\n\n<!-- wp:paragraph -->\n<p>Das ganze Dorf hat mitgewirkt und somit k\u00f6nnen wir euch herzlich einladen, am 20.02.2021 ab 19:30 Uhr unter:<\/p>\n<!-- \/wp:paragraph -->\n\n<!-- wp:buttons -->\n<div class=\"wp-block-buttons\"><!-- wp:button {\"borderRadius\":3,\"backgroundColor\":\"blue\",\"textColor\":\"white\",\"className\":\"is-style-fill\"} -->\n<div class=\"wp-block-button is-style-fill\"><a class=\"wp-block-button__link has-white-color has-blue-background-color has-text-color has-background\" href=\"http:\/\/www.twitch.tv\/djmalooo\" style=\"border-radius:3px\" target=\"_blank\" rel=\"www.twitch.tv\/djmalooo noopener\">DJ Malooo live auf Twitch<\/a><\/div>\n<!-- \/wp:button --><\/div>\n<!-- \/wp:buttons -->\n\n<!-- wp:paragraph -->\n<p>einzuschalten, zuzusehen, mitzulachen.<\/p>\n<!-- \/wp:paragraph -->\n\n<!-- wp:paragraph -->\n<p>Wir freuen uns \u00fcber jeden Zuschauer.<\/p>\n<!-- \/wp:paragraph -->\n\n<!-- wp:paragraph -->\n<p> <\/p>\n<!-- \/wp:paragraph -->\n\n<!-- wp:image {\"id\":1165,\"width\":570,\"height\":346,\"sizeSlug\":\"medium\",\"linkDestination\":\"none\"} -->\n<figure class=\"wp-block-image size-medium is-resized\"><img loading=\"lazy\" decoding=\"async\" src=\"https:\/\/neukirch-sachsen.de\/wp-content\/uploads\/2021\/02\/IMG-20210211-WA0013-2-300x182.jpg\" alt=\"\" class=\"wp-image-1165\" width=\"570\" height=\"346\" srcset=\"https:\/\/neukirch-sachsen.de\/wp-content\/uploads\/2021\/02\/IMG-20210211-WA0013-2-300x182.jpg 300w, https:\/\/neukirch-sachsen.de\/wp-content\/uploads\/2021\/02\/IMG-20210211-WA0013-2-1024x621.jpg 1024w, https:\/\/neukirch-sachsen.de\/wp-content\/uploads\/2021\/02\/IMG-20210211-WA0013-2-768x466.jpg 768w, https:\/\/neukirch-sachsen.de\/wp-content\/uploads\/2021\/02\/IMG-20210211-WA0013-2-1536x932.jpg 1536w, https:\/\/neukirch-sachsen.de\/wp-content\/uploads\/2021\/02\/IMG-20210211-WA0013-2.jpg 1600w\" sizes=\"auto, (max-width: 570px) 100vw, 570px\" \/><\/figure>\n<!-- \/wp:image -->\n\n<!-- wp:paragraph -->\n<p>Es gr\u00fc\u00dfen die faschingsverr\u00fcckten Neukircher \ud83d\ude09<\/p>\n<!-- \/wp:paragraph -->\n\n<!-- wp:paragraph -->\n<p><\/p>\n<!-- \/wp:paragraph --><\/div><\/li>\n<li><a class=\"wp-block-latest-posts__post-title\" href=\"https:\/\/neukirch-sachsen.de\/?p=1138\">2021 &#8211; Was gibt es Neues?<\/a><div class=\"wp-block-latest-posts__post-full-content\"><!-- wp:paragraph {\"style\":{\"typography\":{\"fontSize\":19}}} -->\n<p style=\"font-size:19px\">Das Jahr 2021 f\u00e4ngt leider genauso an, wie das Jahr 2020 sich verabschiedet hat.<\/p>\n<!-- \/wp:paragraph -->\n\n<!-- wp:paragraph {\"style\":{\"typography\":{\"fontSize\":19}}} -->\n<p style=\"font-size:19px\">Es gibt Ausgangsbeschr\u00e4nkungen, Verbote und Regeln (sinnvoll oder nicht). Im Radio und im TV gibt es nur ein bestimmendes Thema.<\/p>\n<!-- \/wp:paragraph -->\n\n<!-- wp:paragraph {\"style\":{\"typography\":{\"fontSize\":19}}} -->\n<p style=\"font-size:19px\">Auch f\u00fcr die Feuerwehr Neukirch ist diese Zeit besonders.<\/p>\n<!-- \/wp:paragraph -->\n\n<!-- wp:paragraph {\"fontSize\":\"medium\"} -->\n<p class=\"has-medium-font-size\">Es gab keine Weihnachtsfeier, doch zumindest ein &#8222;Geschenk&#8220; vom Weihnachtsmann. Es wurden 6 Notfallleuchten angeschafft um in Zukunft unsere Einsatzstellen besser abzusperren.<\/p>\n<!-- \/wp:paragraph -->\n\n<!-- wp:paragraph {\"fontSize\":\"medium\"} -->\n<p class=\"has-medium-font-size\">Diese sind einfach zu bedienen und dank LED-Technik gibt es eine hohe Leuchtkraft bei geringem Energieverbrauch. Dazu hier ein Beispielvideo:<\/p>\n<!-- \/wp:paragraph -->\n\n<!-- wp:video {\"id\":1151} -->\n<figure class=\"wp-block-video\"><video autoplay loop muted preload=\"auto\" src=\"https:\/\/neukirch-sachsen.de\/wp-content\/uploads\/2021\/01\/VID-20201223-WA0003.mp4\"><\/video><\/figure>\n<!-- \/wp:video -->\n\n<!-- wp:paragraph -->\n<p><\/p>\n<!-- \/wp:paragraph -->\n\n<!-- wp:paragraph -->\n<p><\/p>\n<!-- \/wp:paragraph -->\n\n<!-- wp:paragraph -->\n<p><\/p>\n<!-- \/wp:paragraph -->\n\n<!-- wp:paragraph {\"textColor\":\"blue\",\"style\":{\"typography\":{\"fontSize\":23}}} -->\n<p class=\"has-blue-color has-text-color\" style=\"font-size:23px\">In einem &#8222;normalen&#8220; Jahr w\u00fcrden wir alle gemeinsam am Jugendclub Neukirch das Weihnachtsbaumverbrennen feiern.<\/p>\n<!-- \/wp:paragraph -->\n\n<!-- wp:paragraph {\"textColor\":\"blue\",\"style\":{\"typography\":{\"fontSize\":23}}} -->\n<p class=\"has-blue-color has-text-color\" style=\"font-size:23px\">Leider nicht so in diesem Jahr. Zum Trost gibt es hier ein paar Bilder aus den letzten Jahren.<\/p>\n<!-- \/wp:paragraph -->\n\n<!-- wp:paragraph {\"textColor\":\"blue\",\"style\":{\"typography\":{\"fontSize\":23}}} -->\n<p class=\"has-blue-color has-text-color\" style=\"font-size:23px\"><\/p>\n<!-- \/wp:paragraph -->\n\n<!-- wp:group -->\n<div class=\"wp-block-group\"><div class=\"wp-block-group__inner-container\"><!-- wp:columns {\"verticalAlignment\":\"center\"} -->\n<div class=\"wp-block-columns are-vertically-aligned-center\"><!-- wp:column {\"verticalAlignment\":\"center\",\"width\":100} -->\n<div class=\"wp-block-column is-vertically-aligned-center\" style=\"flex-basis:100%\"><!-- wp:columns -->\n<div class=\"wp-block-columns\"><!-- wp:column {\"width\":\"100%\"} -->\n<div class=\"wp-block-column\" style=\"flex-basis:100%\"><!-- wp:group -->\n<div class=\"wp-block-group\"><div class=\"wp-block-group__inner-container\"><!-- wp:gallery {\"ids\":[1143,1139,1142,1141,1140],\"columns\":3,\"imageCrop\":false,\"linkTo\":\"none\"} -->\n<figure class=\"wp-block-gallery columns-3\"><ul class=\"blocks-gallery-grid\"><li class=\"blocks-gallery-item\"><figure><img loading=\"lazy\" decoding=\"async\" width=\"578\" height=\"1024\" src=\"http:\/\/neukirch-sachsen.de\/wp-content\/uploads\/2021\/01\/IMG_20190126_183418-578x1024.jpg\" alt=\"\" data-id=\"1143\" data-full-url=\"http:\/\/neukirch-sachsen.de\/wp-content\/uploads\/2021\/01\/IMG_20190126_183418-scaled.jpg\" data-link=\"http:\/\/neukirch-sachsen.de\/?attachment_id=1143\" class=\"wp-image-1143\" srcset=\"https:\/\/neukirch-sachsen.de\/wp-content\/uploads\/2021\/01\/IMG_20190126_183418-578x1024.jpg 578w, https:\/\/neukirch-sachsen.de\/wp-content\/uploads\/2021\/01\/IMG_20190126_183418-169x300.jpg 169w, https:\/\/neukirch-sachsen.de\/wp-content\/uploads\/2021\/01\/IMG_20190126_183418-768x1360.jpg 768w, https:\/\/neukirch-sachsen.de\/wp-content\/uploads\/2021\/01\/IMG_20190126_183418-867x1536.jpg 867w, https:\/\/neukirch-sachsen.de\/wp-content\/uploads\/2021\/01\/IMG_20190126_183418-1156x2048.jpg 1156w, https:\/\/neukirch-sachsen.de\/wp-content\/uploads\/2021\/01\/IMG_20190126_183418-scaled.jpg 1445w\" sizes=\"auto, (max-width: 578px) 100vw, 578px\" \/><figcaption class=\"blocks-gallery-item__caption\">1<\/figcaption><\/figure><\/li><li class=\"blocks-gallery-item\"><figure><img loading=\"lazy\" decoding=\"async\" width=\"578\" height=\"1024\" src=\"http:\/\/neukirch-sachsen.de\/wp-content\/uploads\/2021\/01\/IMG_20190126_180330-578x1024.jpg\" alt=\"\" data-id=\"1139\" data-full-url=\"http:\/\/neukirch-sachsen.de\/wp-content\/uploads\/2021\/01\/IMG_20190126_180330-scaled.jpg\" data-link=\"http:\/\/neukirch-sachsen.de\/?attachment_id=1139\" class=\"wp-image-1139\" srcset=\"https:\/\/neukirch-sachsen.de\/wp-content\/uploads\/2021\/01\/IMG_20190126_180330-578x1024.jpg 578w, https:\/\/neukirch-sachsen.de\/wp-content\/uploads\/2021\/01\/IMG_20190126_180330-169x300.jpg 169w, https:\/\/neukirch-sachsen.de\/wp-content\/uploads\/2021\/01\/IMG_20190126_180330-768x1360.jpg 768w, https:\/\/neukirch-sachsen.de\/wp-content\/uploads\/2021\/01\/IMG_20190126_180330-867x1536.jpg 867w, https:\/\/neukirch-sachsen.de\/wp-content\/uploads\/2021\/01\/IMG_20190126_180330-1156x2048.jpg 1156w, https:\/\/neukirch-sachsen.de\/wp-content\/uploads\/2021\/01\/IMG_20190126_180330-scaled.jpg 1445w\" sizes=\"auto, (max-width: 578px) 100vw, 578px\" \/><figcaption class=\"blocks-gallery-item__caption\">5<\/figcaption><\/figure><\/li><li class=\"blocks-gallery-item\"><figure><img loading=\"lazy\" decoding=\"async\" width=\"578\" height=\"1024\" src=\"http:\/\/neukirch-sachsen.de\/wp-content\/uploads\/2021\/01\/IMG_20190126_183356-578x1024.jpg\" alt=\"\" data-id=\"1142\" data-full-url=\"http:\/\/neukirch-sachsen.de\/wp-content\/uploads\/2021\/01\/IMG_20190126_183356-scaled.jpg\" data-link=\"http:\/\/neukirch-sachsen.de\/?attachment_id=1142\" class=\"wp-image-1142\" srcset=\"https:\/\/neukirch-sachsen.de\/wp-content\/uploads\/2021\/01\/IMG_20190126_183356-578x1024.jpg 578w, https:\/\/neukirch-sachsen.de\/wp-content\/uploads\/2021\/01\/IMG_20190126_183356-169x300.jpg 169w, https:\/\/neukirch-sachsen.de\/wp-content\/uploads\/2021\/01\/IMG_20190126_183356-768x1360.jpg 768w, https:\/\/neukirch-sachsen.de\/wp-content\/uploads\/2021\/01\/IMG_20190126_183356-867x1536.jpg 867w, https:\/\/neukirch-sachsen.de\/wp-content\/uploads\/2021\/01\/IMG_20190126_183356-1156x2048.jpg 1156w, https:\/\/neukirch-sachsen.de\/wp-content\/uploads\/2021\/01\/IMG_20190126_183356-scaled.jpg 1445w\" sizes=\"auto, (max-width: 578px) 100vw, 578px\" \/><figcaption class=\"blocks-gallery-item__caption\">2<\/figcaption><\/figure><\/li><li class=\"blocks-gallery-item\"><figure><img loading=\"lazy\" decoding=\"async\" width=\"1024\" height=\"578\" src=\"http:\/\/neukirch-sachsen.de\/wp-content\/uploads\/2021\/01\/IMG_20190126_183335-1024x578.jpg\" alt=\"\" data-id=\"1141\" data-full-url=\"http:\/\/neukirch-sachsen.de\/wp-content\/uploads\/2021\/01\/IMG_20190126_183335-scaled.jpg\" data-link=\"http:\/\/neukirch-sachsen.de\/?attachment_id=1141\" class=\"wp-image-1141\" srcset=\"https:\/\/neukirch-sachsen.de\/wp-content\/uploads\/2021\/01\/IMG_20190126_183335-1024x578.jpg 1024w, https:\/\/neukirch-sachsen.de\/wp-content\/uploads\/2021\/01\/IMG_20190126_183335-300x169.jpg 300w, https:\/\/neukirch-sachsen.de\/wp-content\/uploads\/2021\/01\/IMG_20190126_183335-768x434.jpg 768w, https:\/\/neukirch-sachsen.de\/wp-content\/uploads\/2021\/01\/IMG_20190126_183335-1536x867.jpg 1536w, https:\/\/neukirch-sachsen.de\/wp-content\/uploads\/2021\/01\/IMG_20190126_183335-2048x1156.jpg 2048w\" sizes=\"auto, (max-width: 1024px) 100vw, 1024px\" \/><figcaption class=\"blocks-gallery-item__caption\">3<\/figcaption><\/figure><\/li><li class=\"blocks-gallery-item\"><figure><img loading=\"lazy\" decoding=\"async\" width=\"1024\" height=\"578\" src=\"http:\/\/neukirch-sachsen.de\/wp-content\/uploads\/2021\/01\/IMG_20190126_183328-1024x578.jpg\" alt=\"\" data-id=\"1140\" data-full-url=\"http:\/\/neukirch-sachsen.de\/wp-content\/uploads\/2021\/01\/IMG_20190126_183328-scaled.jpg\" data-link=\"http:\/\/neukirch-sachsen.de\/?attachment_id=1140\" class=\"wp-image-1140\" srcset=\"https:\/\/neukirch-sachsen.de\/wp-content\/uploads\/2021\/01\/IMG_20190126_183328-1024x578.jpg 1024w, https:\/\/neukirch-sachsen.de\/wp-content\/uploads\/2021\/01\/IMG_20190126_183328-300x169.jpg 300w, https:\/\/neukirch-sachsen.de\/wp-content\/uploads\/2021\/01\/IMG_20190126_183328-768x434.jpg 768w, https:\/\/neukirch-sachsen.de\/wp-content\/uploads\/2021\/01\/IMG_20190126_183328-1536x867.jpg 1536w, https:\/\/neukirch-sachsen.de\/wp-content\/uploads\/2021\/01\/IMG_20190126_183328-2048x1156.jpg 2048w\" sizes=\"auto, (max-width: 1024px) 100vw, 1024px\" \/><figcaption class=\"blocks-gallery-item__caption\">4<\/figcaption><\/figure><\/li><\/ul><\/figure>\n<!-- \/wp:gallery --><\/div><\/div>\n<!-- \/wp:group --><\/div>\n<!-- \/wp:column --><\/div>\n<!-- \/wp:columns -->\n\n<!-- wp:paragraph -->\n<p><\/p>\n<!-- \/wp:paragraph -->\n\n<!-- wp:paragraph -->\n<p><\/p>\n<!-- \/wp:paragraph -->\n\n<!-- wp:paragraph -->\n<p><\/p>\n<!-- \/wp:paragraph --><\/div>\n<!-- \/wp:column --><\/div>\n<!-- \/wp:columns --><\/div><\/div>\n<!-- \/wp:group -->\n\n<!-- wp:paragraph {\"style\":{\"typography\":{\"fontSize\":19}}} -->\n<p style=\"font-size:19px\">Auch sind die Dienste und die Ausbildungen der Feuerwehr bis zum 31.03.2021 untersagt. Das bedeutet, dass wir uns auf andere Arten fortbilden m\u00fcssen bzw. unseren Wissenstand anders aufrecht erhalten. <\/p>\n<!-- \/wp:paragraph -->\n\n<!-- wp:paragraph {\"style\":{\"typography\":{\"fontSize\":19}}} -->\n<p style=\"font-size:19px\">Das Internet ist in diesem Fall eine gute Sache. Hier k\u00f6nnen \u00fcber Massenger die Einsatzbereitschaft erfragt werden und auch ein wenig Theorie geschult werden.<\/p>\n<!-- \/wp:paragraph -->\n\n<!-- wp:paragraph {\"style\":{\"typography\":{\"fontSize\":19}}} -->\n<p style=\"font-size:19px\"><\/p>\n<!-- \/wp:paragraph -->\n\n<!-- wp:paragraph {\"style\":{\"typography\":{\"fontSize\":19}}} -->\n<p style=\"font-size:19px\">Wir k\u00f6nnen Sie alle beruhigen. Unsere Wehr ist weiterhin voll Einsatzbereit und wird diese Zeit, wie Sie auch, gut \u00fcberstehen.<\/p>\n<!-- \/wp:paragraph -->\n\n<!-- wp:paragraph -->\n<p><\/p>\n<!-- \/wp:paragraph -->\n\n<!-- wp:paragraph -->\n<p><\/p>\n<!-- \/wp:paragraph -->\n\n<!-- wp:paragraph -->\n<p><\/p>\n<!-- \/wp:paragraph -->\n\n<!-- wp:paragraph -->\n<p><\/p>\n<!-- \/wp:paragraph -->\n\n<!-- wp:paragraph {\"fontSize\":\"large\",\"style\":{\"color\":{\"text\":\"#a30e00\"}}} -->\n<p class=\"has-text-color has-large-font-size\" style=\"color:#a30e00\">Ihre Freiwillige Feuerwehr Neukirch<\/p>\n<!-- \/wp:paragraph -->\n\n<!-- wp:paragraph -->\n<p><\/p>\n<!-- \/wp:paragraph -->\n\n<!-- wp:paragraph {\"textColor\":\"blue\",\"fontSize\":\"medium\"} -->\n<p class=\"has-blue-color has-text-color has-medium-font-size\">Wir suchen st\u00e4ndig nach neuen Mitgliedern. Dabei ist es egal, ob Sie im B\u00fcro arbeiten oder als Schichtarbeiter. Es werden alle gebraucht!!! <\/p>\n<!-- \/wp:paragraph --><\/div><\/li>\n<li><a class=\"wp-block-latest-posts__post-title\" href=\"https:\/\/neukirch-sachsen.de\/?p=1116\">Christvesper in Neukirch<\/a><div class=\"wp-block-latest-posts__post-full-content\"><!-- wp:paragraph {\"align\":\"center\",\"fontSize\":\"medium\"} -->\n<p class=\"has-text-align-center has-medium-font-size\"><strong>Wir w\u00fcnschen allen ein gesegnetes Weihnachtsfest <\/strong><br><strong>und laden euch ein, mit uns zur Krippe zu kommen.<\/strong><\/p>\n<!-- \/wp:paragraph -->\n\n<!-- wp:embed {\"url\":\"https:\/\/www.youtube.com\/watch?v=aWeEHvvJyvg\",\"type\":\"video\",\"providerNameSlug\":\"youtube\",\"responsive\":true,\"align\":\"center\",\"className\":\"wp-embed-aspect-16-9 wp-has-aspect-ratio\"} -->\n<figure class=\"wp-block-embed aligncenter is-type-video is-provider-youtube wp-block-embed-youtube wp-embed-aspect-16-9 wp-has-aspect-ratio\"><div class=\"wp-block-embed__wrapper\">\nhttps:\/\/www.youtube.com\/watch?v=aWeEHvvJyvg\n<\/div><\/figure>\n<!-- \/wp:embed --><\/div><\/li>\n<li><a class=\"wp-block-latest-posts__post-title\" href=\"https:\/\/neukirch-sachsen.de\/?p=1099\">Weihnachten in Neukirch &#8211; Update<\/a><div class=\"wp-block-latest-posts__post-full-content\"><!-- wp:paragraph -->\n<p>Die Schlagzeilen der S\u00e4chsischen Zeitung und viele andere Nachrichten verunsichern, wenn es um Weihnachten geht.<\/p>\n<!-- \/wp:paragraph -->\n\n<!-- wp:paragraph -->\n<p>Folgendes ist zu sagen:<\/p>\n<!-- \/wp:paragraph -->\n\n<!-- wp:list {\"ordered\":true} -->\n<ol><li>Gottesdienste und Christvespern sind weiterhin erlaubt. <br>Und werden deshalb in Neukirch auch stattfinden.<br>Wir haben eine sehr begrenzte Teilnehmerzahl, sowie ausgegebene Eintrittkarten. Maske, Abstand etc. geh\u00f6ren selbstverst\u00e4ndlich dazu.<br>Unsere Christvespern sind 15.30 Uhr, 16.30 Uhr und 17.30 Uhr und f\u00fcr alle Termine gibt es noch Restkarten (Kemter 035795- 32426).<\/li><li>F\u00fcr alle die in diesem Jahr keine Christvesper besuchen m\u00f6chten, um ihre Kontakte einzuschr\u00e4nken, steht unsere Christvesper am 24. Dezember ab 15.30 Uhr auf der Webseite und an weitern Stellen im Internet.<\/li><li>Au\u00dferdem bleibt unsere Kirche in der  Christnacht und den folgenden Feiertagen f\u00fcr Gebet und Andacht offen. <br>Bitte halten sie sich auch dabei an die geltenden Bestimmungen.<\/li><\/ol>\n<!-- \/wp:list -->\n\n<!-- wp:paragraph -->\n<p>Wir w\u00fcnschen allen ein gesegnetes Weihnachtsfest!<br>Roberto Kemter<\/p>\n<!-- \/wp:paragraph --><\/div><\/li>\n<li><a class=\"wp-block-latest-posts__post-title\" href=\"https:\/\/neukirch-sachsen.de\/?p=1109\">Weihnachtsparty &#8211; QUERBEET (Livestream)<\/a><div class=\"wp-block-latest-posts__post-full-content\"><!-- wp:paragraph -->\n<p>Zum Ausklang des Weihnachtsfestes gibt es nochmal ein paar Querbeet-Kl\u00e4nge von den DJ-Wichteln Basti und MaLo auf die Ohren.<\/p>\n<!-- \/wp:paragraph -->\n\n<!-- wp:paragraph -->\n<p>Wann: 26.12. ab 19:30 Uhr<\/p>\n<!-- \/wp:paragraph -->\n\n<!-- wp:paragraph -->\n<p>Wo: <a rel=\"noreferrer noopener\" href=\"https:\/\/www.facebook.com\/maik.lotzmann.1\/posts\/1490622684462575\" target=\"_blank\">Veranstaltung<\/a><\/p>\n<!-- \/wp:paragraph -->\n\n<!-- wp:image -->\n<figure class=\"wp-block-image\"><img decoding=\"async\" src=\"https:\/\/scontent-ber1-1.xx.fbcdn.net\/v\/t1.0-9\/132027710_1490625517795625_1448480722734883533_n.jpg?_nc_cat=107&amp;ccb=2&amp;_nc_sid=340051&amp;_nc_ohc=IfAurrHje5EAX9Foor3&amp;_nc_ht=scontent-ber1-1.xx&amp;oh=2e44f39172885f18ccb76dd5982f184c&amp;oe=60035314\" alt=\"\" \/><\/figure>\n<!-- \/wp:image --><\/div><\/li>\n<li><a class=\"wp-block-latest-posts__post-title\" href=\"https:\/\/neukirch-sachsen.de\/?p=1090\">Weihnachten in Neukirch<\/a><div class=\"wp-block-latest-posts__post-full-content\"><!-- wp:image {\"id\":1103,\"sizeSlug\":\"large\",\"linkDestination\":\"none\"} -->\n<figure class=\"wp-block-image size-large\"><img loading=\"lazy\" decoding=\"async\" width=\"724\" height=\"1024\" src=\"https:\/\/neukirch-sachsen.de\/wp-content\/uploads\/2020\/12\/Christvespern-Neukirch-2020.jpg\" alt=\"\" class=\"wp-image-1103\" srcset=\"https:\/\/neukirch-sachsen.de\/wp-content\/uploads\/2020\/12\/Christvespern-Neukirch-2020.jpg 724w, https:\/\/neukirch-sachsen.de\/wp-content\/uploads\/2020\/12\/Christvespern-Neukirch-2020-212x300.jpg 212w\" sizes=\"auto, (max-width: 724px) 100vw, 724px\" \/><\/figure>\n<!-- \/wp:image -->\n\n<!-- wp:paragraph -->\n<p><strong>Es sind noch Restkarten vorhanden:<br>15.30 Uhr &#8211; 27 Karten<br>16.30 Uhr &#8211; 10 Karten<br>17.30 Uhr &#8211; 12 Karten<\/strong><\/p>\n<!-- \/wp:paragraph --><\/div><\/li>\n<li><a class=\"wp-block-latest-posts__post-title\" href=\"https:\/\/neukirch-sachsen.de\/?p=1065\">Freude schenken &#8211; Leben ver\u00e4ndern<\/a><div class=\"wp-block-latest-posts__post-full-content\"><!-- wp:video {\"id\":1063} -->\n<figure class=\"wp-block-video\"><video autoplay controls src=\"http:\/\/neukirch-sachsen.de\/wp-content\/uploads\/2020\/11\/YouTube.mp4\"><\/video><figcaption>Inpressionen von der Verteilaktion 2017<\/figcaption><\/figure>\n<!-- \/wp:video -->\n\n<!-- wp:paragraph -->\n<p>Wieder l\u00e4uft &#8222;Weihnachten im Schuhkarton&#8220;. <br>Eine Aktion, die Kindern in schlechten Verh\u00e4ltnissen eine Weihnachtsfreude erm\u00f6glicht.<br>20 \u20ac, die gut investiert sind, weil ein Kinderlachen unbezahlbar ist.<\/p>\n<!-- \/wp:paragraph -->\n\n<!-- wp:file {\"id\":1064,\"href\":\"http:\/\/neukirch-sachsen.de\/wp-content\/uploads\/2020\/11\/Weihnachten_im_Schuhkarton_Flyer2020_D_web.pdf\"} -->\n<div class=\"wp-block-file\"><a href=\"http:\/\/neukirch-sachsen.de\/wp-content\/uploads\/2020\/11\/Weihnachten_im_Schuhkarton_Flyer2020_D_web.pdf\">Weihnachten_im_Schuhkarton_Flyer2020_D_web<\/a><a href=\"http:\/\/neukirch-sachsen.de\/wp-content\/uploads\/2020\/11\/Weihnachten_im_Schuhkarton_Flyer2020_D_web.pdf\" class=\"wp-block-file__button\" download>Herunterladen<\/a><\/div>\n<!-- \/wp:file -->\n\n<!-- wp:paragraph -->\n<p>In diesem Flyer findest du alle Infos zum P\u00e4ckchen packen. <br>Die Transportkosten werden gern genommen, sind aber keine Bedingung um ein P\u00e4ckchen abzugeben. <br>Flyer liegen beim B\u00e4cker und sind auch bei Kemter&#8217;s im Pfarrhaus zu kriegen.<br>Wir freuen uns \u00fcber jeden, der sich inspirieren l\u00e4\u00dft ein P\u00e4ckchen auf den Weg zu schicken.<br>Abgabe bis zum 15. November bei Kemter&#8217;s oder in der Kanzlei in K\u00f6nigsbr\u00fcck.<\/p>\n<!-- \/wp:paragraph -->\n\n<!-- wp:paragraph -->\n<p>Danke!<\/p>\n<!-- \/wp:paragraph --><\/div><\/li>\n<li><a class=\"wp-block-latest-posts__post-title\" href=\"https:\/\/neukirch-sachsen.de\/?p=1060\">Arbeitseinsatz<\/a><div class=\"wp-block-latest-posts__post-full-content\"><!-- wp:paragraph -->\n<p>Hallo Zusammen,<\/p>\n<!-- \/wp:paragraph -->\n\n<!-- wp:paragraph -->\n<p>der Burgenberg-Spielplatz w\u00e4chst und damit wir den zweiten Bauabschnitt f\u00fcr die Kids schnellstm\u00f6glich freigeben k\u00f6nnen, treffen wir uns am 31.10. 9Uhr auf dem Spielplatz zum Arbeitseinsatz. Bis 12Uhr und dann wieder ab 13.30Uhr wollen wir folgende Sachen angehen:<\/p>\n<!-- \/wp:paragraph -->\n\n<!-- wp:paragraph -->\n<p>1. Wegebau (Schaufel, Karre, Ramme)<\/p>\n<!-- \/wp:paragraph -->\n\n<!-- wp:paragraph -->\n<p>2. Robinienst\u00e4mme entrinden und evtl. verlegen (Atemschutzmaske, Sch\u00e4leisen, Flex, Kabeltrommel, Verl\u00e4ngerung)<\/p>\n<!-- \/wp:paragraph -->\n\n<!-- wp:paragraph -->\n<p>Wer Zeit und Lust hat ist gern eingeladen uns zu unterst\u00fctzen.<\/p>\n<!-- \/wp:paragraph -->\n\n<!-- wp:paragraph -->\n<p>Eine kurze R\u00fcckmeldung an uns wer dabei ist w\u00e4re klasse.<\/p>\n<!-- \/wp:paragraph --><\/div><\/li>\n<li><a class=\"wp-block-latest-posts__post-title\" href=\"https:\/\/neukirch-sachsen.de\/?p=1057\">Herbstwanderung<\/a><div class=\"wp-block-latest-posts__post-full-content\"><!-- wp:paragraph -->\n<p>Auch dieses Jahr findet die traditionelle Herbstwanderung f\u00fcr die ganze Familie statt. Wir wandern Richtung Koitzsch, um den Hutberg und zur\u00fcck Richtung Reichenau. Die Runde dauert ungef\u00e4hr 1,5h<\/p>\n<!-- \/wp:paragraph -->\n\n<!-- wp:paragraph -->\n<p>Als Abschluss ist ein kleiner Ausklang auf dem Sportplatz in Neukirch geplant.<\/p>\n<!-- \/wp:paragraph -->\n\n<!-- wp:paragraph -->\n<p>Wann: Sonntag 25.10.2020<\/p>\n<!-- \/wp:paragraph -->\n\n<!-- wp:paragraph -->\n<p>Treff: 14:45 Uhr auf dem Parkplatz<\/p>\n<!-- \/wp:paragraph -->\n\n<!-- wp:paragraph -->\n<p><\/p>\n<!-- \/wp:paragraph -->\n\n<!-- wp:paragraph -->\n<p>SV Sachsen Neukirch<\/p>\n<!-- \/wp:paragraph -->\n\n<!-- wp:paragraph -->\n<p><\/p>\n<!-- \/wp:paragraph --><\/div><\/li>\n<li><a class=\"wp-block-latest-posts__post-title\" href=\"https:\/\/neukirch-sachsen.de\/?p=1049\">Es tut sich was &#8230;<\/a><div class=\"wp-block-latest-posts__post-full-content\"><!-- wp:gallery {\"ids\":[1048,1047,1046]} -->\n<figure class=\"wp-block-gallery columns-3 is-cropped\"><ul class=\"blocks-gallery-grid\"><li class=\"blocks-gallery-item\"><figure><img loading=\"lazy\" decoding=\"async\" width=\"1024\" height=\"576\" src=\"http:\/\/neukirch-sachsen.de\/wp-content\/uploads\/2020\/10\/20201002_070704-1024x576.jpg\" alt=\"\" data-id=\"1048\" data-full-url=\"http:\/\/neukirch-sachsen.de\/wp-content\/uploads\/2020\/10\/20201002_070704-scaled.jpg\" data-link=\"http:\/\/neukirch-sachsen.de\/?attachment_id=1048\" class=\"wp-image-1048\" srcset=\"https:\/\/neukirch-sachsen.de\/wp-content\/uploads\/2020\/10\/20201002_070704-1024x576.jpg 1024w, https:\/\/neukirch-sachsen.de\/wp-content\/uploads\/2020\/10\/20201002_070704-300x169.jpg 300w, https:\/\/neukirch-sachsen.de\/wp-content\/uploads\/2020\/10\/20201002_070704-768x432.jpg 768w, https:\/\/neukirch-sachsen.de\/wp-content\/uploads\/2020\/10\/20201002_070704-1536x864.jpg 1536w, https:\/\/neukirch-sachsen.de\/wp-content\/uploads\/2020\/10\/20201002_070704-2048x1152.jpg 2048w\" sizes=\"auto, (max-width: 1024px) 100vw, 1024px\" \/><\/figure><\/li><li class=\"blocks-gallery-item\"><figure><img loading=\"lazy\" decoding=\"async\" width=\"576\" height=\"1024\" src=\"http:\/\/neukirch-sachsen.de\/wp-content\/uploads\/2020\/10\/20201002_130146-576x1024.jpg\" alt=\"\" data-id=\"1047\" data-full-url=\"http:\/\/neukirch-sachsen.de\/wp-content\/uploads\/2020\/10\/20201002_130146.jpg\" data-link=\"http:\/\/neukirch-sachsen.de\/?attachment_id=1047\" class=\"wp-image-1047\" srcset=\"https:\/\/neukirch-sachsen.de\/wp-content\/uploads\/2020\/10\/20201002_130146-576x1024.jpg 576w, https:\/\/neukirch-sachsen.de\/wp-content\/uploads\/2020\/10\/20201002_130146-169x300.jpg 169w, https:\/\/neukirch-sachsen.de\/wp-content\/uploads\/2020\/10\/20201002_130146-768x1365.jpg 768w, https:\/\/neukirch-sachsen.de\/wp-content\/uploads\/2020\/10\/20201002_130146-864x1536.jpg 864w, https:\/\/neukirch-sachsen.de\/wp-content\/uploads\/2020\/10\/20201002_130146.jpg 1080w\" sizes=\"auto, (max-width: 576px) 100vw, 576px\" \/><\/figure><\/li><li class=\"blocks-gallery-item\"><figure><img loading=\"lazy\" decoding=\"async\" width=\"1024\" height=\"576\" src=\"http:\/\/neukirch-sachsen.de\/wp-content\/uploads\/2020\/10\/20201002_130303-1024x576.jpg\" alt=\"\" data-id=\"1046\" data-full-url=\"http:\/\/neukirch-sachsen.de\/wp-content\/uploads\/2020\/10\/20201002_130303.jpg\" data-link=\"http:\/\/neukirch-sachsen.de\/?attachment_id=1046\" class=\"wp-image-1046\" srcset=\"https:\/\/neukirch-sachsen.de\/wp-content\/uploads\/2020\/10\/20201002_130303-1024x576.jpg 1024w, https:\/\/neukirch-sachsen.de\/wp-content\/uploads\/2020\/10\/20201002_130303-300x169.jpg 300w, https:\/\/neukirch-sachsen.de\/wp-content\/uploads\/2020\/10\/20201002_130303-768x432.jpg 768w, https:\/\/neukirch-sachsen.de\/wp-content\/uploads\/2020\/10\/20201002_130303-1536x864.jpg 1536w, https:\/\/neukirch-sachsen.de\/wp-content\/uploads\/2020\/10\/20201002_130303.jpg 1920w\" sizes=\"auto, (max-width: 1024px) 100vw, 1024px\" \/><\/figure><\/li><\/ul><figcaption class=\"blocks-gallery-caption\">Sch\u00f6n zu sehen, wie der Spielplatz sich entwickelt.  <br>Danke an alle flei\u00dfigen Helfer! <\/figcaption><\/figure>\n<!-- \/wp:gallery --><\/div><\/li>\n<li><a class=\"wp-block-latest-posts__post-title\" href=\"https:\/\/neukirch-sachsen.de\/?p=1030\">Erntedank &#8211; Gott sei Dank!<\/a><div class=\"wp-block-latest-posts__post-full-content\"><!-- wp:core-embed\/youtube {\"url\":\"https:\/\/www.youtube.com\/watch?v=g9o2nW77UYg\",\"type\":\"video\",\"providerNameSlug\":\"youtube\",\"className\":\"wp-embed-aspect-16-9 wp-has-aspect-ratio\"} -->\n<figure class=\"wp-block-embed-youtube wp-block-embed is-type-video is-provider-youtube wp-embed-aspect-16-9 wp-has-aspect-ratio\"><div class=\"wp-block-embed__wrapper\">\nhttps:\/\/www.youtube.com\/watch?v=g9o2nW77UYg\n<\/div><\/figure>\n<!-- \/wp:core-embed\/youtube --><\/div><\/li>\n<li><a class=\"wp-block-latest-posts__post-title\" href=\"https:\/\/neukirch-sachsen.de\/?p=1000\">Heute noch &#8222;Danke&#8220; sagen ?!<\/a><div class=\"wp-block-latest-posts__post-full-content\"><!-- wp:gallery {\"ids\":[999,997,996,998],\"columns\":4} -->\n<figure class=\"wp-block-gallery columns-4 is-cropped\"><ul class=\"blocks-gallery-grid\"><li class=\"blocks-gallery-item\"><figure><img loading=\"lazy\" decoding=\"async\" width=\"683\" height=\"1024\" src=\"http:\/\/neukirch-sachsen.de\/wp-content\/uploads\/2020\/09\/2015.Erntedank.Neukirch.106.jpg\" alt=\"\" data-id=\"999\" data-full-url=\"http:\/\/neukirch-sachsen.de\/wp-content\/uploads\/2020\/09\/2015.Erntedank.Neukirch.106.jpg\" data-link=\"http:\/\/neukirch-sachsen.de\/?attachment_id=999\" class=\"wp-image-999\" srcset=\"https:\/\/neukirch-sachsen.de\/wp-content\/uploads\/2020\/09\/2015.Erntedank.Neukirch.106.jpg 683w, https:\/\/neukirch-sachsen.de\/wp-content\/uploads\/2020\/09\/2015.Erntedank.Neukirch.106-200x300.jpg 200w, https:\/\/neukirch-sachsen.de\/wp-content\/uploads\/2020\/09\/2015.Erntedank.Neukirch.106-600x900.jpg 600w\" sizes=\"auto, (max-width: 683px) 100vw, 683px\" \/><figcaption class=\"blocks-gallery-item__caption\">Neukircher Erntekrone<\/figcaption><\/figure><\/li><li class=\"blocks-gallery-item\"><figure><img loading=\"lazy\" decoding=\"async\" width=\"1024\" height=\"683\" src=\"http:\/\/neukirch-sachsen.de\/wp-content\/uploads\/2020\/09\/2015.Erntedank.Neukirch.042.jpg\" alt=\"\" data-id=\"997\" data-full-url=\"http:\/\/neukirch-sachsen.de\/wp-content\/uploads\/2020\/09\/2015.Erntedank.Neukirch.042.jpg\" data-link=\"http:\/\/neukirch-sachsen.de\/?attachment_id=997\" class=\"wp-image-997\" srcset=\"https:\/\/neukirch-sachsen.de\/wp-content\/uploads\/2020\/09\/2015.Erntedank.Neukirch.042.jpg 1024w, https:\/\/neukirch-sachsen.de\/wp-content\/uploads\/2020\/09\/2015.Erntedank.Neukirch.042-300x200.jpg 300w, https:\/\/neukirch-sachsen.de\/wp-content\/uploads\/2020\/09\/2015.Erntedank.Neukirch.042-768x512.jpg 768w\" sizes=\"auto, (max-width: 1024px) 100vw, 1024px\" \/><\/figure><\/li><li class=\"blocks-gallery-item\"><figure><img loading=\"lazy\" decoding=\"async\" width=\"1024\" height=\"683\" src=\"http:\/\/neukirch-sachsen.de\/wp-content\/uploads\/2020\/09\/2015.Erntedank.Neukirch.026.jpg\" alt=\"\" data-id=\"996\" data-full-url=\"http:\/\/neukirch-sachsen.de\/wp-content\/uploads\/2020\/09\/2015.Erntedank.Neukirch.026.jpg\" data-link=\"http:\/\/neukirch-sachsen.de\/?attachment_id=996\" class=\"wp-image-996\" srcset=\"https:\/\/neukirch-sachsen.de\/wp-content\/uploads\/2020\/09\/2015.Erntedank.Neukirch.026.jpg 1024w, https:\/\/neukirch-sachsen.de\/wp-content\/uploads\/2020\/09\/2015.Erntedank.Neukirch.026-300x200.jpg 300w, https:\/\/neukirch-sachsen.de\/wp-content\/uploads\/2020\/09\/2015.Erntedank.Neukirch.026-768x512.jpg 768w\" sizes=\"auto, (max-width: 1024px) 100vw, 1024px\" \/><\/figure><\/li><li class=\"blocks-gallery-item\"><figure><img loading=\"lazy\" decoding=\"async\" width=\"1024\" height=\"683\" src=\"http:\/\/neukirch-sachsen.de\/wp-content\/uploads\/2020\/09\/2015.Erntedank.Neukirch.076.jpg\" alt=\"\" data-id=\"998\" data-full-url=\"http:\/\/neukirch-sachsen.de\/wp-content\/uploads\/2020\/09\/2015.Erntedank.Neukirch.076.jpg\" data-link=\"http:\/\/neukirch-sachsen.de\/?attachment_id=998\" class=\"wp-image-998\" srcset=\"https:\/\/neukirch-sachsen.de\/wp-content\/uploads\/2020\/09\/2015.Erntedank.Neukirch.076.jpg 1024w, https:\/\/neukirch-sachsen.de\/wp-content\/uploads\/2020\/09\/2015.Erntedank.Neukirch.076-300x200.jpg 300w, https:\/\/neukirch-sachsen.de\/wp-content\/uploads\/2020\/09\/2015.Erntedank.Neukirch.076-768x512.jpg 768w\" sizes=\"auto, (max-width: 1024px) 100vw, 1024px\" \/><\/figure><\/li><\/ul><\/figure>\n<!-- \/wp:gallery -->\n\n<!-- wp:paragraph -->\n<p>&#8222;Wir pfl\u00fcgen und wir streuen, den Samen auf das Land, <br>doch Wachstum und Gedeihen steht in des Himmels Hand &#8230;&#8220;<br>Mit diesen Worten beginnt ein altes Erntedanklied. Dieses Gewi\u00dfheit, das wir bei all unserer Arbeit, das Wachsen und Gedeihen nicht in der Hand haben ist uns heute oftmals verloren gegangen. An diesem Sonntag, den 13. September feiern wir um 10.30 Uhr Erntedankgottesdienst in unsere Kirche. Vielleicht ein guter Moment um innezuhalten und sich bewu\u00dft zu werden, wie viel in meinem Leben mir geschenkt ist. Herzliche Einladung, diesen Gottesdienst in unserer sch\u00f6n geschm\u00fcckten Kirche gemeinsam zu feiern.<\/p>\n<!-- \/wp:paragraph -->\n\n<!-- wp:paragraph -->\n<p>Au\u00dferdem ist an diesem Sonntag die Wahl unseres Kirchenvorstandes. Wahlberechtigt sind alle Gemeindeglieder. Die Wahl findet im Anschlu\u00df an den Gottesdienst statt.<\/p>\n<!-- \/wp:paragraph -->\n\n<!-- wp:paragraph -->\n<p><\/p>\n<!-- \/wp:paragraph --><\/div><\/li>\n<li><a class=\"wp-block-latest-posts__post-title\" href=\"https:\/\/neukirch-sachsen.de\/?p=986\">Kirchgemeinde aktuell<\/a><div class=\"wp-block-latest-posts__post-full-content\"><!-- wp:gallery {\"ids\":[987]} -->\n<figure class=\"wp-block-gallery columns-1 is-cropped\"><ul class=\"blocks-gallery-grid\"><li class=\"blocks-gallery-item\"><figure><img loading=\"lazy\" decoding=\"async\" width=\"1811\" height=\"2560\" src=\"http:\/\/neukirch-sachsen.de\/wp-content\/uploads\/2020\/09\/Titel-scaled.jpg\" alt=\"\" data-id=\"987\" class=\"wp-image-987\" srcset=\"https:\/\/neukirch-sachsen.de\/wp-content\/uploads\/2020\/09\/Titel-scaled.jpg 1811w, https:\/\/neukirch-sachsen.de\/wp-content\/uploads\/2020\/09\/Titel-212x300.jpg 212w, https:\/\/neukirch-sachsen.de\/wp-content\/uploads\/2020\/09\/Titel-1449x2048.jpg 1449w\" sizes=\"auto, (max-width: 1811px) 100vw, 1811px\" \/><\/figure><\/li><\/ul><\/figure>\n<!-- \/wp:gallery -->\n\n<!-- wp:file {\"id\":983,\"href\":\"http:\/\/neukirch-sachsen.de\/wp-content\/uploads\/2020\/09\/KB.20-04.web_.pdf\"} -->\n<div class=\"wp-block-file\"><a href=\"http:\/\/neukirch-sachsen.de\/wp-content\/uploads\/2020\/09\/KB.20-04.web_.pdf\">Kirchbrief August\/ September<\/a><a href=\"http:\/\/neukirch-sachsen.de\/wp-content\/uploads\/2020\/09\/KB.20-04.web_.pdf\" class=\"wp-block-file__button\" download>Herunterladen<\/a><\/div>\n<!-- \/wp:file -->\n\n<!-- wp:file {\"id\":984,\"href\":\"http:\/\/neukirch-sachsen.de\/wp-content\/uploads\/2020\/09\/KB.20-04.Mitte_.pdf\"} -->\n<div class=\"wp-block-file\"><a href=\"http:\/\/neukirch-sachsen.de\/wp-content\/uploads\/2020\/09\/KB.20-04.Mitte_.pdf\">Gottesdienst August\/ September<\/a><a href=\"http:\/\/neukirch-sachsen.de\/wp-content\/uploads\/2020\/09\/KB.20-04.Mitte_.pdf\" class=\"wp-block-file__button\" download>Herunterladen<\/a><\/div>\n<!-- \/wp:file --><\/div><\/li>\n<li><a class=\"wp-block-latest-posts__post-title\" href=\"https:\/\/neukirch-sachsen.de\/?p=938\">Der zweite Bauabschnitt des Burgenberg-Spielplatzes hat begonnen!<\/a><div class=\"wp-block-latest-posts__post-full-content\"><!-- wp:paragraph -->\n<p>Wie im Juni an <a href=\"https:\/\/neukirch-sachsen.de\/?p=854\" target=\"_blank\" rel=\"noreferrer noopener\">dieser Stelle <\/a>bereits verk\u00fcndet, k\u00f6nnen wir aus dem erhaltenen Geld der Aktion <a href=\"https:\/\/www.99funken.de\/burgenberg-spielplatz\" target=\"_blank\" rel=\"noreferrer noopener\">99 Funken<\/a>, sowie der LEADER\u00a0F\u00f6rderung des <a href=\"https:\/\/www.heidebogen.eu\/\" target=\"_blank\" rel=\"noreferrer noopener\">Dresdener Heidebogens <\/a>dieses Jahr komplett unseren zweiten Bauabschnitt realisieren. <\/p>\n<!-- \/wp:paragraph -->\n\n<!-- wp:paragraph -->\n<p>Wir haben uns erneut f\u00fcr einen Spielplatzbauer der Region entschieden, der dieses Mal aus Bischheim kommt. Die Firma <a href=\"http:\/\/www.holzdesign-naumann.de\" target=\"_blank\" rel=\"noreferrer noopener\">Holzdesign Naumann<\/a>\u00a0konnte sowohl vom Lieferumfang f\u00fcr unsere preislichen Vorstellungen \u00fcberzeugen, als auch\u00a0die terminliche Verbindlichkeit zusichern. Wir danken f\u00fcr das Vertrauen in die Elterninitiative.<\/p>\n<!-- \/wp:paragraph -->\n\n<!-- wp:paragraph -->\n<p>Da das Spielger\u00e4t schon am 30.09.2020 an Ort und Stelle stehen muss, haben wir in den letzten Wochen bereits die Grasnarbe\u00a0abgezogen und die ca. 200t Erdaushub ber\u00e4umt, sodass Baufreiheit f\u00fcr den Spielplatzbauer\u00a0herrscht. Danach wird wieder das Vlies eingebracht, der Fallschutzkies herbeigeholt sowie die Wege und Bepflanzung f\u00fcr BA2 realisiert, sodass wir zum Einen dem Versprechen gegen\u00fcber unseren Spendern bei 99 Funken nachkommen und zum Anderen die Basis f\u00fcr die Realisierung des BA3 schaffen.<\/p>\n<!-- \/wp:paragraph -->\n\n<!-- wp:paragraph -->\n<p>Wir danken ganz herzlich allen Helfern und Unterst\u00fctzern. <\/p>\n<!-- \/wp:paragraph -->\n\n<!-- wp:paragraph -->\n<p>Wenn auch ihr uns unterst\u00fctzen wollt, dann meldet euch unter: <br><a href=\"mailto:spielplatz_neukirch@gmx.de\">spielplatz_neukirch@gmx.de<\/a>; 015154769960<\/p>\n<!-- \/wp:paragraph --><\/div><\/li>\n<li><a class=\"wp-block-latest-posts__post-title\" href=\"https:\/\/neukirch-sachsen.de\/?p=914\">Tor; Toooor!!!!!!<\/a><div class=\"wp-block-latest-posts__post-full-content\"><!-- wp:image {\"id\":913,\"sizeSlug\":\"large\"} -->\n<figure class=\"wp-block-image size-large\"><img loading=\"lazy\" decoding=\"async\" width=\"451\" height=\"567\" src=\"http:\/\/neukirch-sachsen.de\/wp-content\/uploads\/2020\/07\/Unbenannt.jpg\" alt=\"\" class=\"wp-image-913\" srcset=\"https:\/\/neukirch-sachsen.de\/wp-content\/uploads\/2020\/07\/Unbenannt.jpg 451w, https:\/\/neukirch-sachsen.de\/wp-content\/uploads\/2020\/07\/Unbenannt-239x300.jpg 239w\" sizes=\"auto, (max-width: 451px) 100vw, 451px\" \/><\/figure>\n<!-- \/wp:image --><\/div><\/li>\n<li><a class=\"wp-block-latest-posts__post-title\" href=\"https:\/\/neukirch-sachsen.de\/?p=864\">Horch, der Glocke hellen Ton<\/a><div class=\"wp-block-latest-posts__post-full-content\"><!-- wp:core-embed\/youtube {\"url\":\"https:\/\/youtu.be\/ghXwrT621QI\",\"type\":\"video\",\"providerNameSlug\":\"youtube\",\"className\":\"wp-embed-aspect-16-9 wp-has-aspect-ratio\"} -->\n<figure class=\"wp-block-embed-youtube wp-block-embed is-type-video is-provider-youtube wp-embed-aspect-16-9 wp-has-aspect-ratio\"><div class=\"wp-block-embed__wrapper\">\nhttps:\/\/youtu.be\/ghXwrT621QI\n<\/div><figcaption><strong>Endlich sind sie wieder im Dorf zu h\u00f6ren. <br>Nach einer langen Reperaturzeit freuen wir uns, <\/strong><br><strong>das unsere L\u00e4uteanlage wieder funktionsf\u00e4hig ist.<br>Wir danken allen, die durch ihre Spenden dazu beigetragen haben.<\/strong><\/figcaption><\/figure>\n<!-- \/wp:core-embed\/youtube -->\n\n<!-- wp:paragraph -->\n<p><\/p>\n<!-- \/wp:paragraph --><\/div><\/li>\n<li><a class=\"wp-block-latest-posts__post-title\" href=\"https:\/\/neukirch-sachsen.de\/?p=854\">F\u00f6rderung genehmigt<\/a><div class=\"wp-block-latest-posts__post-full-content\"><!-- wp:image {\"id\":857,\"sizeSlug\":\"large\"} -->\n<figure class=\"wp-block-image size-large\"><img loading=\"lazy\" decoding=\"async\" width=\"423\" height=\"284\" src=\"https:\/\/neukirch-sachsen.de\/wp-content\/uploads\/2020\/06\/foerderung_genehmigt.jpg\" alt=\"\" class=\"wp-image-857\" srcset=\"https:\/\/neukirch-sachsen.de\/wp-content\/uploads\/2020\/06\/foerderung_genehmigt.jpg 423w, https:\/\/neukirch-sachsen.de\/wp-content\/uploads\/2020\/06\/foerderung_genehmigt-300x201.jpg 300w\" sizes=\"auto, (max-width: 423px) 100vw, 423px\" \/><\/figure>\n<!-- \/wp:image -->\n\n<!-- wp:paragraph -->\n<p>Ende Mai erhielten wir eine mehr als erfreuliche Nachricht vom <a href=\"https:\/\/www.heidebogen.eu\/\" target=\"_blank\" rel=\"noreferrer noopener\">Dresdner Heidebogen<\/a>.<br>Dieser beteiligt sich mit einer hohen 4-stelligen Summe am geplanten zweiten Bauabschnitt auf unserem letztj\u00e4hrig eingeweihten Burgenberg-Spielplatz.<\/p>\n<!-- \/wp:paragraph -->\n\n<!-- wp:paragraph -->\n<p>Den Zuschlag erhielten wir gemeinsam mit der Gemeinde Neukirch f\u00fcr die Unterst\u00fctzung eines Kleinprojektes aus dem Regionalbudget f\u00fcr das gro\u00dfe Spielger\u00e4t, welches bis zum 15.11.2020 abgerechnet sein muss, d.h. die Zeit sitzt uns wie so oft im Nacken und wir hoffen auf tatkr\u00e4ftige Unterst\u00fctzung aus dem Dorf.<\/p>\n<!-- \/wp:paragraph -->\n\n<!-- wp:paragraph -->\n<p>Lasst es uns mal wieder zusammen anpacken &#8211; Zeit solltet ihr euch f\u00fcr dieses guten Zweck allemal nehmen.<\/p>\n<!-- \/wp:paragraph -->\n\n<!-- wp:paragraph -->\n<p>Wenn auch ihr uns unterst\u00fctzen wollt, dann meldet euch unter:<br><a href=\"mailto:spielplatz_neukirch@gmx.de\">spielplatz_neukirch@gmx.de<\/a>; 015154769960<\/p>\n<!-- \/wp:paragraph -->\n\n<!-- wp:paragraph -->\n<p><\/p>\n<!-- \/wp:paragraph --><\/div><\/li>\n<li><a class=\"wp-block-latest-posts__post-title\" href=\"https:\/\/neukirch-sachsen.de\/?p=844\">&#8222;Dorffest&#8220; in Zeiten von Kontaktsperre<\/a><div class=\"wp-block-latest-posts__post-full-content\"><!-- wp:image {\"id\":845,\"sizeSlug\":\"large\",\"linkDestination\":\"media\"} -->\n<figure class=\"wp-block-image size-large\"><a href=\"https:\/\/neukirch-sachsen.de\/wp-content\/uploads\/2020\/05\/Flyer_Dfest.jpg\"><img loading=\"lazy\" decoding=\"async\" width=\"1024\" height=\"724\" src=\"https:\/\/neukirch-sachsen.de\/wp-content\/uploads\/2020\/05\/Flyer_Dfest-1024x724.jpg\" alt=\"\" class=\"wp-image-845\" srcset=\"https:\/\/neukirch-sachsen.de\/wp-content\/uploads\/2020\/05\/Flyer_Dfest-1024x724.jpg 1024w, https:\/\/neukirch-sachsen.de\/wp-content\/uploads\/2020\/05\/Flyer_Dfest-300x212.jpg 300w, https:\/\/neukirch-sachsen.de\/wp-content\/uploads\/2020\/05\/Flyer_Dfest-768x543.jpg 768w, https:\/\/neukirch-sachsen.de\/wp-content\/uploads\/2020\/05\/Flyer_Dfest-1536x1086.jpg 1536w, https:\/\/neukirch-sachsen.de\/wp-content\/uploads\/2020\/05\/Flyer_Dfest.jpg 1599w\" sizes=\"auto, (max-width: 1024px) 100vw, 1024px\" \/><\/a><\/figure>\n<!-- \/wp:image -->\n\n<!-- wp:paragraph -->\n<p>Auch wenn dieses Jahr kein gem\u00fctliches Beisammensein im Bachstadion m\u00f6glich ist, die notwendige Musik wird frei Haus geliefert !<\/p>\n<!-- \/wp:paragraph -->\n\n<!-- wp:paragraph -->\n<p>Livestream: <a rel=\"noreferrer noopener\" href=\"https:\/\/www.twitch.tv\/djmalooo\" target=\"_blank\">Link<\/a><\/p>\n<!-- \/wp:paragraph -->\n\n<!-- wp:paragraph -->\n<p>Um Bratwurst, Steak und Fassbier muss sich leider jeder eigenverantwortlich zu Hause k\u00fcmmern&#8230;.    Es darf auch getanzt werden \ud83d\ude09 <\/p>\n<!-- \/wp:paragraph --><\/div><\/li>\n<li><a class=\"wp-block-latest-posts__post-title\" href=\"https:\/\/neukirch-sachsen.de\/?p=831\">Ansichten von Neukirch<\/a><div class=\"wp-block-latest-posts__post-full-content\"><!-- wp:paragraph -->\n<p>Unten zwei Bilder aufgenommen von einer Drohne, die k\u00fcrzlich um bzw. \u00fcber Neukirch flog. Auch wenn die Drohnenaktivit\u00e4t m.M. nach grunds\u00e4tzlich etwas Be\u00e4ngstigendes hat, finde ich es sch\u00f6n wenn solche Bilder dabei rausspringen.<\/p>\n<!-- \/wp:paragraph -->\n\n<!-- wp:image {\"id\":830,\"width\":640,\"height\":360,\"sizeSlug\":\"full\",\"linkDestination\":\"media\"} -->\n<figure class=\"wp-block-image size-full is-resized\"><a href=\"https:\/\/neukirch-sachsen.de\/wp-content\/uploads\/2020\/05\/Neukirch2-scaled.jpg\"><img loading=\"lazy\" decoding=\"async\" src=\"https:\/\/neukirch-sachsen.de\/wp-content\/uploads\/2020\/05\/Neukirch2-scaled.jpg\" alt=\"\" class=\"wp-image-830\" width=\"640\" height=\"360\" srcset=\"https:\/\/neukirch-sachsen.de\/wp-content\/uploads\/2020\/05\/Neukirch2-scaled.jpg 2560w, https:\/\/neukirch-sachsen.de\/wp-content\/uploads\/2020\/05\/Neukirch2-300x169.jpg 300w, https:\/\/neukirch-sachsen.de\/wp-content\/uploads\/2020\/05\/Neukirch2-1024x576.jpg 1024w, https:\/\/neukirch-sachsen.de\/wp-content\/uploads\/2020\/05\/Neukirch2-768x432.jpg 768w, https:\/\/neukirch-sachsen.de\/wp-content\/uploads\/2020\/05\/Neukirch2-1536x863.jpg 1536w, https:\/\/neukirch-sachsen.de\/wp-content\/uploads\/2020\/05\/Neukirch2-2048x1151.jpg 2048w\" sizes=\"auto, (max-width: 640px) 100vw, 640px\" \/><\/a><figcaption>created by dji camera<\/figcaption><\/figure>\n<!-- \/wp:image -->\n\n<!-- wp:image {\"id\":829,\"width\":640,\"height\":360,\"sizeSlug\":\"full\",\"linkDestination\":\"media\"} -->\n<figure class=\"wp-block-image size-full is-resized\"><a href=\"https:\/\/neukirch-sachsen.de\/wp-content\/uploads\/2020\/05\/neukirch-scaled.jpg\"><img loading=\"lazy\" decoding=\"async\" src=\"https:\/\/neukirch-sachsen.de\/wp-content\/uploads\/2020\/05\/neukirch-scaled.jpg\" alt=\"\" class=\"wp-image-829\" width=\"640\" height=\"360\" srcset=\"https:\/\/neukirch-sachsen.de\/wp-content\/uploads\/2020\/05\/neukirch-scaled.jpg 2560w, https:\/\/neukirch-sachsen.de\/wp-content\/uploads\/2020\/05\/neukirch-300x169.jpg 300w, https:\/\/neukirch-sachsen.de\/wp-content\/uploads\/2020\/05\/neukirch-1024x576.jpg 1024w, https:\/\/neukirch-sachsen.de\/wp-content\/uploads\/2020\/05\/neukirch-768x432.jpg 768w, https:\/\/neukirch-sachsen.de\/wp-content\/uploads\/2020\/05\/neukirch-1536x863.jpg 1536w, https:\/\/neukirch-sachsen.de\/wp-content\/uploads\/2020\/05\/neukirch-2048x1151.jpg 2048w\" sizes=\"auto, (max-width: 640px) 100vw, 640px\" \/><\/a><figcaption>created by dji camera<\/figcaption><\/figure>\n<!-- \/wp:image --><\/div><\/li>\n<li><a class=\"wp-block-latest-posts__post-title\" href=\"https:\/\/neukirch-sachsen.de\/?p=821\">Geschenkidee &#8211; ein echter Neukircher Schwibbogen<\/a><div class=\"wp-block-latest-posts__post-full-content\"><!-- wp:paragraph -->\n<p>Liebe Neukircher und Neukirch-Verbundene,<br><br>auch wenn Weihnachten noch eine Weile hin ist, hier eine Idee f\u00fcr ein sch\u00f6nes Geschenk:<br>Durch pers\u00f6nlichen Kontakt zu einem Schwibbogenbauer kam mir der Gedanke, einen <strong>Schwibbogen<\/strong> von unserem sch\u00f6nen <strong>Neukirch<\/strong> zu entwerfen.<br>Das Ergebnis k\u00f6nnt ihr auf den Bildern sehen. Im Advent erstrahlen nun die<br>Kirche mit der davor angepflanzten Linde,<br>der Gasthof,<br>das Kriegerdenkmal,<br>die Silhouette von Spitz- und Breitenberg und Bestandteile des Wappens, wie die Burg, die V\u00f6gel und das Gew\u00e4sser.<br>Es w\u00fcrde mich sehr freuen, wenn sich viele von euch f\u00fcr den Schwibbogen begeistern k\u00f6nnen und einen k\u00e4uflich erwerben m\u00f6chten, damit er auch eure Fenster im Advent schm\u00fcckt. Es gibt zwei verschiedene Ausfertigungen: zum einen in Natur und zum anderen mit schneebedeckten Oberfl\u00e4chen.<br>Der Hersteller der Schwibb\u00f6gen ist Holzkunsthandwerker Konrad Noack aus Dubring bei Wittichenau.<br>Bei Fragen oder verbindlichem Interesse meldet euch gerne bei mir: Anne Lehmann, 0174\/7463270.<\/p>\n<!-- \/wp:paragraph -->\n\n<!-- wp:image {\"id\":822,\"width\":400,\"height\":242,\"sizeSlug\":\"full\",\"linkDestination\":\"media\"} -->\n<figure class=\"wp-block-image size-full is-resized\"><a href=\"https:\/\/neukirch-sachsen.de\/wp-content\/uploads\/2020\/05\/Schwibbogen-Neukirch-in-Natur-Preis-144\u20ac.jpg\" target=\"_blank\" rel=\"noopener noreferrer\"><img loading=\"lazy\" decoding=\"async\" src=\"https:\/\/neukirch-sachsen.de\/wp-content\/uploads\/2020\/05\/Schwibbogen-Neukirch-in-Natur-Preis-144\u20ac.jpg\" alt=\"\" class=\"wp-image-822\" width=\"400\" height=\"242\" srcset=\"https:\/\/neukirch-sachsen.de\/wp-content\/uploads\/2020\/05\/Schwibbogen-Neukirch-in-Natur-Preis-144\u20ac.jpg 1598w, https:\/\/neukirch-sachsen.de\/wp-content\/uploads\/2020\/05\/Schwibbogen-Neukirch-in-Natur-Preis-144\u20ac-300x182.jpg 300w, https:\/\/neukirch-sachsen.de\/wp-content\/uploads\/2020\/05\/Schwibbogen-Neukirch-in-Natur-Preis-144\u20ac-1024x620.jpg 1024w, https:\/\/neukirch-sachsen.de\/wp-content\/uploads\/2020\/05\/Schwibbogen-Neukirch-in-Natur-Preis-144\u20ac-768x465.jpg 768w, https:\/\/neukirch-sachsen.de\/wp-content\/uploads\/2020\/05\/Schwibbogen-Neukirch-in-Natur-Preis-144\u20ac-1536x929.jpg 1536w\" sizes=\"auto, (max-width: 400px) 100vw, 400px\" \/><\/a><figcaption>Schwibbogen Neukirch in Natur, Preis 144\u20ac<\/figcaption><\/figure>\n<!-- \/wp:image -->\n\n<!-- wp:image {\"id\":823,\"width\":331,\"height\":196,\"sizeSlug\":\"full\",\"linkDestination\":\"media\"} -->\n<figure class=\"wp-block-image size-full is-resized\"><a href=\"https:\/\/neukirch-sachsen.de\/wp-content\/uploads\/2020\/05\/Schwibbogen-mit-schneebedeckten-Oberfl\u00e4chen-Preis-163\u20ac.jpg\" target=\"_blank\" rel=\"noopener noreferrer\"><img loading=\"lazy\" decoding=\"async\" src=\"https:\/\/neukirch-sachsen.de\/wp-content\/uploads\/2020\/05\/Schwibbogen-mit-schneebedeckten-Oberfl\u00e4chen-Preis-163\u20ac.jpg\" alt=\"\" class=\"wp-image-823\" width=\"331\" height=\"196\" srcset=\"https:\/\/neukirch-sachsen.de\/wp-content\/uploads\/2020\/05\/Schwibbogen-mit-schneebedeckten-Oberfl\u00e4chen-Preis-163\u20ac.jpg 1322w, https:\/\/neukirch-sachsen.de\/wp-content\/uploads\/2020\/05\/Schwibbogen-mit-schneebedeckten-Oberfl\u00e4chen-Preis-163\u20ac-300x177.jpg 300w, https:\/\/neukirch-sachsen.de\/wp-content\/uploads\/2020\/05\/Schwibbogen-mit-schneebedeckten-Oberfl\u00e4chen-Preis-163\u20ac-1024x606.jpg 1024w, https:\/\/neukirch-sachsen.de\/wp-content\/uploads\/2020\/05\/Schwibbogen-mit-schneebedeckten-Oberfl\u00e4chen-Preis-163\u20ac-768x454.jpg 768w\" sizes=\"auto, (max-width: 331px) 100vw, 331px\" \/><\/a><figcaption>Schwibbogen mit schneebedeckten Oberfl\u00e4chen, Preis 163\u20ac<\/figcaption><\/figure>\n<!-- \/wp:image -->\n\n<!-- wp:image {\"id\":824,\"width\":374,\"height\":228,\"sizeSlug\":\"full\",\"linkDestination\":\"media\"} -->\n<figure class=\"wp-block-image size-full is-resized\"><a href=\"https:\/\/neukirch-sachsen.de\/wp-content\/uploads\/2020\/05\/beleuchteter-Schwibbogen.jpg\" target=\"_blank\" rel=\"noopener noreferrer\"><img loading=\"lazy\" decoding=\"async\" src=\"https:\/\/neukirch-sachsen.de\/wp-content\/uploads\/2020\/05\/beleuchteter-Schwibbogen.jpg\" alt=\"\" class=\"wp-image-824\" width=\"374\" height=\"228\" srcset=\"https:\/\/neukirch-sachsen.de\/wp-content\/uploads\/2020\/05\/beleuchteter-Schwibbogen.jpg 1497w, https:\/\/neukirch-sachsen.de\/wp-content\/uploads\/2020\/05\/beleuchteter-Schwibbogen-300x182.jpg 300w, https:\/\/neukirch-sachsen.de\/wp-content\/uploads\/2020\/05\/beleuchteter-Schwibbogen-1024x622.jpg 1024w, https:\/\/neukirch-sachsen.de\/wp-content\/uploads\/2020\/05\/beleuchteter-Schwibbogen-768x467.jpg 768w\" sizes=\"auto, (max-width: 374px) 100vw, 374px\" \/><\/a><figcaption>beleuchteter Schwibbogen<\/figcaption><\/figure>\n<!-- \/wp:image --><\/div><\/li>\n<li><a class=\"wp-block-latest-posts__post-title\" href=\"https:\/\/neukirch-sachsen.de\/?p=817\">Unterwegs mit dem Hirten<\/a><div class=\"wp-block-latest-posts__post-full-content\"><!-- wp:core-embed\/youtube {\"url\":\"https:\/\/www.youtube.com\/watch?v=dX5R60L63Ns\",\"type\":\"video\",\"providerNameSlug\":\"youtube\",\"className\":\"wp-embed-aspect-16-9 wp-has-aspect-ratio\"} -->\n<figure class=\"wp-block-embed-youtube wp-block-embed is-type-video is-provider-youtube wp-embed-aspect-16-9 wp-has-aspect-ratio\"><div class=\"wp-block-embed__wrapper\">\nhttps:\/\/www.youtube.com\/watch?v=dX5R60L63Ns\n<\/div><figcaption>Noch einmal gr\u00fc\u00dfen wir euch mit einer Andacht aus Neukirch. Nach den beschlossenen Lockerungen werden wir zu normalen Gottesdiensten zur\u00fcck kehren k\u00f6nnen. Wir werden daher unsere kleinen Andachten, die uns viel Freude und viel Arbeit gemacht haben wieder einstellen. Es hat uns erstaunt, wieviel Menschen wir damit erreicht haben. <br>Danke f\u00fcr alle R\u00fcckmeldung und euch allen einen gesegneten Sonntag.<br>Bleibt beh\u00fctet!<\/figcaption><\/figure>\n<!-- \/wp:core-embed\/youtube --><\/div><\/li>\n<li><a class=\"wp-block-latest-posts__post-title\" href=\"https:\/\/neukirch-sachsen.de\/?p=813\">Tanz in den Mai<\/a><div class=\"wp-block-latest-posts__post-full-content\"><!-- wp:columns -->\n<div class=\"wp-block-columns\"><!-- wp:column -->\n<div class=\"wp-block-column\"><!-- wp:image {\"id\":814,\"width\":225,\"height\":400,\"sizeSlug\":\"full\",\"linkDestination\":\"media\"} -->\n<figure class=\"wp-block-image size-full is-resized\"><a href=\"https:\/\/neukirch-sachsen.de\/wp-content\/uploads\/2020\/04\/IMG-20200429-WA0002.jpg\" target=\"_blank\" rel=\"noopener noreferrer\"><img loading=\"lazy\" decoding=\"async\" src=\"https:\/\/neukirch-sachsen.de\/wp-content\/uploads\/2020\/04\/IMG-20200429-WA0002.jpg\" alt=\"\" class=\"wp-image-814\" width=\"225\" height=\"400\" srcset=\"https:\/\/neukirch-sachsen.de\/wp-content\/uploads\/2020\/04\/IMG-20200429-WA0002.jpg 899w, https:\/\/neukirch-sachsen.de\/wp-content\/uploads\/2020\/04\/IMG-20200429-WA0002-169x300.jpg 169w, https:\/\/neukirch-sachsen.de\/wp-content\/uploads\/2020\/04\/IMG-20200429-WA0002-576x1024.jpg 576w, https:\/\/neukirch-sachsen.de\/wp-content\/uploads\/2020\/04\/IMG-20200429-WA0002-768x1366.jpg 768w, https:\/\/neukirch-sachsen.de\/wp-content\/uploads\/2020\/04\/IMG-20200429-WA0002-864x1536.jpg 864w\" sizes=\"auto, (max-width: 225px) 100vw, 225px\" \/><\/a><\/figure>\n<!-- \/wp:image --><\/div>\n<!-- \/wp:column -->\n\n<!-- wp:column -->\n<div class=\"wp-block-column\"><!-- wp:paragraph {\"fontSize\":\"medium\"} -->\n<p class=\"has-medium-font-size\">Tag der Arbeit ist auch immer Tag der Bewegung! <\/p>\n<!-- \/wp:paragraph -->\n\n<!-- wp:paragraph -->\n<p>Diesmal hat sich DJ MALO reichlich Unterst\u00fctzung geholt &#8211; und zusammen geben  gleich 4 DJs den Takt vor:<\/p>\n<!-- \/wp:paragraph -->\n\n<!-- wp:paragraph -->\n<p>Wann: 01. Mai ab 14:00 Uhr<\/p>\n<!-- \/wp:paragraph -->\n\n<!-- wp:paragraph -->\n<p>Wo: <a href=\"https:\/\/www.twitch.tv\/djmalooo\">Livestream<\/a> (wie mittlerweile bekannt auf Twitch)<\/p>\n<!-- \/wp:paragraph -->\n\n<!-- wp:paragraph -->\n<p><\/p>\n<!-- \/wp:paragraph --><\/div>\n<!-- \/wp:column --><\/div>\n<!-- \/wp:columns -->\n\n<!-- wp:paragraph -->\n<p><\/p>\n<!-- \/wp:paragraph -->\n\n<!-- wp:paragraph -->\n<p><\/p>\n<!-- \/wp:paragraph --><\/div><\/li>\n<li><a class=\"wp-block-latest-posts__post-title\" href=\"https:\/\/neukirch-sachsen.de\/?p=805\">Thomas &#8211; Jesus selbst erleben<\/a><div class=\"wp-block-latest-posts__post-full-content\"><!-- wp:core-embed\/youtube {\"url\":\"https:\/\/www.youtube.com\/watch?v=bs-d4Xvlp3c\",\"type\":\"video\",\"providerNameSlug\":\"youtube\",\"className\":\"wp-embed-aspect-16-9 wp-has-aspect-ratio\"} -->\n<figure class=\"wp-block-embed-youtube wp-block-embed is-type-video is-provider-youtube wp-embed-aspect-16-9 wp-has-aspect-ratio\"><div class=\"wp-block-embed__wrapper\">\nhttps:\/\/www.youtube.com\/watch?v=bs-d4Xvlp3c\n<\/div><\/figure>\n<!-- \/wp:core-embed\/youtube --><\/div><\/li>\n<li><a class=\"wp-block-latest-posts__post-title\" href=\"https:\/\/neukirch-sachsen.de\/?p=802\">Wie geht es weiter in der Kirchgemeinde?<\/a><div class=\"wp-block-latest-posts__post-full-content\"><!-- wp:image {\"id\":801,\"width\":768,\"height\":543,\"sizeSlug\":\"large\"} -->\n<figure class=\"wp-block-image size-large is-resized\"><img loading=\"lazy\" decoding=\"async\" src=\"http:\/\/neukirch-sachsen.de\/wp-content\/uploads\/2020\/04\/Gemeinde-in-Coronazeiten_4-1024x724.jpg\" alt=\"\" class=\"wp-image-801\" width=\"768\" height=\"543\" srcset=\"https:\/\/neukirch-sachsen.de\/wp-content\/uploads\/2020\/04\/Gemeinde-in-Coronazeiten_4-1024x724.jpg 1024w, https:\/\/neukirch-sachsen.de\/wp-content\/uploads\/2020\/04\/Gemeinde-in-Coronazeiten_4-300x212.jpg 300w, https:\/\/neukirch-sachsen.de\/wp-content\/uploads\/2020\/04\/Gemeinde-in-Coronazeiten_4-768x543.jpg 768w, https:\/\/neukirch-sachsen.de\/wp-content\/uploads\/2020\/04\/Gemeinde-in-Coronazeiten_4-1536x1086.jpg 1536w, https:\/\/neukirch-sachsen.de\/wp-content\/uploads\/2020\/04\/Gemeinde-in-Coronazeiten_4-2048x1449.jpg 2048w\" sizes=\"auto, (max-width: 768px) 100vw, 768px\" \/><\/figure>\n<!-- \/wp:image --><\/div><\/li>\n<li><a class=\"wp-block-latest-posts__post-title\" href=\"https:\/\/neukirch-sachsen.de\/?p=784\">Fr\u00fchmorgens, da die Sonn aufgeht &#8230;<\/a><div class=\"wp-block-latest-posts__post-full-content\"><!-- wp:paragraph -->\n<p>&#8230; so beginnt ein altes Osterlied. Es ist gute Tradition den Ostermorgen in der D\u00e4mmerung zu beginnen, als sichtbarer Ausdruck daf\u00fcr, dass das Licht die Finsternis \u00fcberwindet. Die Auferstehung Jesu ist wie ein Licht, das durch die Nacht des Todes bricht. Dies feiern wir in der Osternacht, daran wollten wir euch teilhaben lassen. Ein frohes Auferstehungsfest f\u00fcr alle!<\/p>\n<!-- \/wp:paragraph -->\n\n<!-- wp:core-embed\/youtube {\"url\":\"https:\/\/www.youtube.com\/watch?v=FN2eWODBmHA\",\"type\":\"video\",\"providerNameSlug\":\"youtube\",\"className\":\"wp-embed-aspect-16-9 wp-has-aspect-ratio\"} -->\n<figure class=\"wp-block-embed-youtube wp-block-embed is-type-video is-provider-youtube wp-embed-aspect-16-9 wp-has-aspect-ratio\"><div class=\"wp-block-embed__wrapper\">\nhttps:\/\/www.youtube.com\/watch?v=FN2eWODBmHA\n<\/div><\/figure>\n<!-- \/wp:core-embed\/youtube --><\/div><\/li>\n<li><a class=\"wp-block-latest-posts__post-title\" href=\"https:\/\/neukirch-sachsen.de\/?p=780\">Elektronischer Osterfr\u00fchshoppen<\/a><div class=\"wp-block-latest-posts__post-full-content\"><!-- wp:paragraph -->\n<p>Weil es am <a href=\"http:\/\/neukirch-sachsen.de\/?p=758\">Freitag Abend<\/a> so gute Resonanz gab, gibt es am Sonntag Vormittag gleich nochmal eine Zugabe.<\/p>\n<!-- \/wp:paragraph -->\n\n<!-- wp:paragraph -->\n<p><a href=\"https:\/\/www.twitch.tv\/djmalooo\">Livestream<\/a><\/p>\n<!-- \/wp:paragraph -->\n\n<!-- wp:paragraph -->\n<p>Diesmal das Ganze zus\u00e4tzlich auch Open Air. <\/p>\n<!-- \/wp:paragraph -->\n\n<!-- wp:paragraph -->\n<p>Also spitzt alle fein die Lauscher beim Eier suchen \ud83d\ude42<\/p>\n<!-- \/wp:paragraph -->\n\n<!-- wp:paragraph -->\n<p><\/p>\n<!-- \/wp:paragraph --><\/div><\/li>\n<li><a class=\"wp-block-latest-posts__post-title\" href=\"https:\/\/neukirch-sachsen.de\/?p=775\">Es ist vollbracht<\/a><div class=\"wp-block-latest-posts__post-full-content\"><!-- wp:core-embed\/youtube {\"url\":\"https:\/\/www.youtube.com\/watch?v=Mum3Uts3PPo\",\"type\":\"video\",\"providerNameSlug\":\"youtube\",\"className\":\"wp-embed-aspect-16-9 wp-has-aspect-ratio\"} -->\n<figure class=\"wp-block-embed-youtube wp-block-embed is-type-video is-provider-youtube wp-embed-aspect-16-9 wp-has-aspect-ratio\"><div class=\"wp-block-embed__wrapper\">\nhttps:\/\/www.youtube.com\/watch?v=Mum3Uts3PPo\n<\/div><\/figure>\n<!-- \/wp:core-embed\/youtube --><\/div><\/li>\n<li><a class=\"wp-block-latest-posts__post-title\" href=\"https:\/\/neukirch-sachsen.de\/?p=772\">Kreuz und quer &#8211; Wege kreuzen sich &#8211; Kreuzweg<\/a><div class=\"wp-block-latest-posts__post-full-content\"><!-- wp:paragraph -->\n<p>Wege gehen, allein oder gemeinsam, unterwegs sein durch die Landschft, oder durch das Leben.<br>Manche Wege gehen wir froh und heiter andere fallen uns schwer und wir w\u00fcrden gern auf sie verzichten.<br>Der Weg ans Kreuz, war so ein Weg. Trotz einer gro\u00dfen Menschenmenge war es ein einsamer Weg. <br>Es ist eine gute Tradition unserer katholischen Geschwister sich diesen Weg zu verdeutlichen und ihn in meditativer Betrachtung nachzuvollziehen.<\/p>\n<!-- \/wp:paragraph -->\n\n<!-- wp:paragraph -->\n<p>Auch wir laden ein, dies einmal zu tun. Wir haben einen kleinen Kreuzweg in der Kirche aufgebaut. Lassen sie sich ansprechen von den einfachen Bildern und den Texten.<\/p>\n<!-- \/wp:paragraph -->\n\n<!-- wp:paragraph -->\n<p>Unsere Kirche ist heute ab 10.00 Uhr f\u00fcr sie ge\u00f6ffnet.<\/p>\n<!-- \/wp:paragraph -->\n\n<!-- wp:paragraph -->\n<p>P.S.<br>Am Sonntagmorgen wird die erste im Turm h\u00e4ngende Glocke die Osterbotschaft verk\u00fcnden.<\/p>\n<!-- \/wp:paragraph -->\n\n<!-- wp:core-embed\/youtube {\"url\":\"https:\/\/www.youtube.com\/watch?v=vm53iBFoBOk\",\"type\":\"video\",\"providerNameSlug\":\"youtube\",\"className\":\"wp-embed-aspect-16-9 wp-has-aspect-ratio\"} -->\n<figure class=\"wp-block-embed-youtube wp-block-embed is-type-video is-provider-youtube wp-embed-aspect-16-9 wp-has-aspect-ratio\"><div class=\"wp-block-embed__wrapper\">\nhttps:\/\/www.youtube.com\/watch?v=vm53iBFoBOk\n<\/div><\/figure>\n<!-- \/wp:core-embed\/youtube --><\/div><\/li>\n<li><a class=\"wp-block-latest-posts__post-title\" href=\"https:\/\/neukirch-sachsen.de\/?p=768\">Ostern in Coronazeiten<\/a><div class=\"wp-block-latest-posts__post-full-content\"><!-- wp:image {\"id\":767,\"width\":768,\"height\":543,\"sizeSlug\":\"large\"} -->\n<figure class=\"wp-block-image size-large is-resized\"><img loading=\"lazy\" decoding=\"async\" src=\"http:\/\/neukirch-sachsen.de\/wp-content\/uploads\/2020\/04\/Ostern-in-Coronazeiten-1024x724.jpg\" alt=\"\" class=\"wp-image-767\" width=\"768\" height=\"543\" srcset=\"https:\/\/neukirch-sachsen.de\/wp-content\/uploads\/2020\/04\/Ostern-in-Coronazeiten-1024x724.jpg 1024w, https:\/\/neukirch-sachsen.de\/wp-content\/uploads\/2020\/04\/Ostern-in-Coronazeiten-300x212.jpg 300w, https:\/\/neukirch-sachsen.de\/wp-content\/uploads\/2020\/04\/Ostern-in-Coronazeiten-768x543.jpg 768w, https:\/\/neukirch-sachsen.de\/wp-content\/uploads\/2020\/04\/Ostern-in-Coronazeiten-1536x1086.jpg 1536w, https:\/\/neukirch-sachsen.de\/wp-content\/uploads\/2020\/04\/Ostern-in-Coronazeiten-2048x1449.jpg 2048w\" sizes=\"auto, (max-width: 768px) 100vw, 768px\" \/><\/figure>\n<!-- \/wp:image --><\/div><\/li>\n<li><a class=\"wp-block-latest-posts__post-title\" href=\"https:\/\/neukirch-sachsen.de\/?p=758\">Gemeinsam einsam&#8230; und zwar LAUT!<\/a><div class=\"wp-block-latest-posts__post-full-content\"><!-- wp:paragraph -->\n<p>Da in Anbetracht der aktuellen Situation das gesellschaftliche Leben doch enorm leidet, hat der Dorf-eigene DJ eine Idee, die Menschen trotzdem irgendwie zusammen zu bringen &#8211; und zwar musikalisch.<\/p>\n<!-- \/wp:paragraph -->\n\n<!-- wp:paragraph -->\n<p><strong>Denn: Musik verbindet!<\/strong><\/p>\n<!-- \/wp:paragraph -->\n\n<!-- wp:paragraph -->\n<p>Also, stellt am Karfreitag alle den Grill in den Garten, schnappt euch ein k\u00fchles Getr\u00e4nk und schaltet ein, wenn DJ MALO live die 80er und 90er zum Besten gibt!<\/p>\n<!-- \/wp:paragraph -->\n\n<!-- wp:paragraph -->\n<p>Wann: Karfreitag, ab 20 Uhr<\/p>\n<!-- \/wp:paragraph -->\n\n<!-- wp:paragraph -->\n<p>Wo: <a href=\"https:\/\/www.twitch.tv\/djmalooo\">Livestream im Internet<\/a><\/p>\n<!-- \/wp:paragraph -->\n\n<!-- wp:paragraph -->\n<p>Musikw\u00fcnsche werden wie immer gern entgegen genommen (diesmal per <a href=\"https:\/\/www.facebook.com\/maik.lotzmann.1\">Facebook<\/a>, Handy oder im Chat!)<\/p>\n<!-- \/wp:paragraph -->\n\n<!-- wp:image {\"id\":759,\"sizeSlug\":\"large\"} -->\n<figure class=\"wp-block-image size-large\"><img loading=\"lazy\" decoding=\"async\" width=\"640\" height=\"640\" src=\"https:\/\/neukirch-sachsen.de\/wp-content\/uploads\/2020\/04\/homeoffice_4.jpg\" alt=\"\" class=\"wp-image-759\" srcset=\"https:\/\/neukirch-sachsen.de\/wp-content\/uploads\/2020\/04\/homeoffice_4.jpg 640w, https:\/\/neukirch-sachsen.de\/wp-content\/uploads\/2020\/04\/homeoffice_4-300x300.jpg 300w, https:\/\/neukirch-sachsen.de\/wp-content\/uploads\/2020\/04\/homeoffice_4-150x150.jpg 150w, https:\/\/neukirch-sachsen.de\/wp-content\/uploads\/2020\/04\/homeoffice_4-600x600.jpg 600w\" sizes=\"auto, (max-width: 640px) 100vw, 640px\" \/><\/figure>\n<!-- \/wp:image -->\n\n<!-- wp:paragraph -->\n<p>In diesem Sinne, allen ein sch\u00f6nes, vor allem gesundes und wohl auch besonderes Osterfest!<\/p>\n<!-- \/wp:paragraph --><\/div><\/li>\n<li><a class=\"wp-block-latest-posts__post-title\" href=\"https:\/\/neukirch-sachsen.de\/?p=726\">Bepflanzung f\u00fcr den ersten Bauabschnitt des Burgenberg-Spielplatzes ist geschafft!<\/a><div class=\"wp-block-latest-posts__post-full-content\"><!-- wp:paragraph -->\n<p>W\u00e4hrend der Spielplatz derzeit aufgrund der bekannten Einschr\u00e4nkungen leider gesperrt ist, hat sich dennoch wieder etwas getan. Vielleicht recht unbemerkt f\u00fcr Spazierg\u00e4nger, da die Anzahl der Spielger\u00e4te gleichgeblieben ist, dennoch wichtig f\u00fcr das Wohlbefinden und die sp\u00e4tere Beschattung des Burgenberg-Spielplatzes ragen ca. 20 B\u00e4ume und Str\u00e4ucher aus dem Boden. Gepflanzt von den Eltern der Spielplatzinitiative zusammen mit Ina Bierwagen schm\u00fccken nun folgende Arten unseren Spielplatz:<\/p>\n<!-- \/wp:paragraph -->\n\n<!-- wp:list -->\n<ul><li>Johannisbeere<\/li><li>Himbeere<\/li><li>Preiselbeere<\/li><li>Heidelbeere<\/li><li>Holunder<\/li><li>Birne<\/li><li>Rose<\/li><li>Weide<\/li><li>Hagebutte<\/li><li>&#8230;<\/li><\/ul>\n<!-- \/wp:list -->\n\n<!-- wp:paragraph -->\n<p>Das hei\u00dft wir haben auch hier den Ursprungsgedanken aufnehmen und teilweise umsetzen k\u00f6nnen und sind dem Konzept eines Naschpfades sehr nahe gekommen.<\/p>\n<!-- \/wp:paragraph -->\n\n<!-- wp:paragraph -->\n<p>Wir bedanken uns recht herzlich bei dem Team um die Firma <strong><a href=\"https:\/\/www.moerbe-gruenanlagen.de\/index.html\" target=\"_blank\" rel=\"noreferrer noopener\">M\u00f6rbe &amp; Co. GmbH<\/a><\/strong> f\u00fcr diese \u00fcberaus wichtige und sch\u00f6n anzusehende Sachspende.<\/p>\n<!-- \/wp:paragraph -->\n\n<!-- wp:image {\"id\":727,\"width\":768,\"height\":599,\"sizeSlug\":\"large\"} -->\n<figure class=\"wp-block-image size-large is-resized\"><img loading=\"lazy\" decoding=\"async\" src=\"https:\/\/neukirch-sachsen.de\/wp-content\/uploads\/2020\/04\/P1080491-1024x798.jpg\" alt=\"\" class=\"wp-image-727\" width=\"768\" height=\"599\" srcset=\"https:\/\/neukirch-sachsen.de\/wp-content\/uploads\/2020\/04\/P1080491-1024x798.jpg 1024w, https:\/\/neukirch-sachsen.de\/wp-content\/uploads\/2020\/04\/P1080491-300x234.jpg 300w, https:\/\/neukirch-sachsen.de\/wp-content\/uploads\/2020\/04\/P1080491-768x598.jpg 768w, https:\/\/neukirch-sachsen.de\/wp-content\/uploads\/2020\/04\/P1080491-1536x1196.jpg 1536w, https:\/\/neukirch-sachsen.de\/wp-content\/uploads\/2020\/04\/P1080491-2048x1595.jpg 2048w\" sizes=\"auto, (max-width: 768px) 100vw, 768px\" \/><\/figure>\n<!-- \/wp:image -->\n\n<!-- wp:image {\"id\":728,\"width\":768,\"height\":576,\"sizeSlug\":\"large\"} -->\n<figure class=\"wp-block-image size-large is-resized\"><img loading=\"lazy\" decoding=\"async\" src=\"https:\/\/neukirch-sachsen.de\/wp-content\/uploads\/2020\/04\/P1080494-1024x768.jpg\" alt=\"\" class=\"wp-image-728\" width=\"768\" height=\"576\" srcset=\"https:\/\/neukirch-sachsen.de\/wp-content\/uploads\/2020\/04\/P1080494-1024x768.jpg 1024w, https:\/\/neukirch-sachsen.de\/wp-content\/uploads\/2020\/04\/P1080494-300x225.jpg 300w, https:\/\/neukirch-sachsen.de\/wp-content\/uploads\/2020\/04\/P1080494-768x576.jpg 768w, https:\/\/neukirch-sachsen.de\/wp-content\/uploads\/2020\/04\/P1080494-1536x1152.jpg 1536w, https:\/\/neukirch-sachsen.de\/wp-content\/uploads\/2020\/04\/P1080494-2048x1536.jpg 2048w\" sizes=\"auto, (max-width: 768px) 100vw, 768px\" \/><\/figure>\n<!-- \/wp:image -->\n\n<!-- wp:image {\"id\":729,\"width\":768,\"height\":576,\"sizeSlug\":\"large\"} -->\n<figure class=\"wp-block-image size-large is-resized\"><img loading=\"lazy\" decoding=\"async\" src=\"https:\/\/neukirch-sachsen.de\/wp-content\/uploads\/2020\/04\/P1080495-1024x768.jpg\" alt=\"\" class=\"wp-image-729\" width=\"768\" height=\"576\" srcset=\"https:\/\/neukirch-sachsen.de\/wp-content\/uploads\/2020\/04\/P1080495-1024x768.jpg 1024w, https:\/\/neukirch-sachsen.de\/wp-content\/uploads\/2020\/04\/P1080495-300x225.jpg 300w, https:\/\/neukirch-sachsen.de\/wp-content\/uploads\/2020\/04\/P1080495-768x576.jpg 768w, https:\/\/neukirch-sachsen.de\/wp-content\/uploads\/2020\/04\/P1080495-1536x1152.jpg 1536w, https:\/\/neukirch-sachsen.de\/wp-content\/uploads\/2020\/04\/P1080495-2048x1536.jpg 2048w\" sizes=\"auto, (max-width: 768px) 100vw, 768px\" \/><\/figure>\n<!-- \/wp:image -->\n\n<!-- wp:paragraph -->\n<p><\/p>\n<!-- \/wp:paragraph --><\/div><\/li>\n<li><a class=\"wp-block-latest-posts__post-title\" href=\"https:\/\/neukirch-sachsen.de\/?p=717\">Kreatives und notwendiges N\u00e4hen in und um Neukirch<\/a><div class=\"wp-block-latest-posts__post-full-content\"><!-- wp:image {\"id\":719,\"width\":454,\"height\":352,\"sizeSlug\":\"large\"} -->\n<figure class=\"wp-block-image size-large is-resized\"><img loading=\"lazy\" decoding=\"async\" src=\"https:\/\/neukirch-sachsen.de\/wp-content\/uploads\/2020\/04\/IMG_9128.png\" alt=\"\" class=\"wp-image-719\" width=\"454\" height=\"352\" srcset=\"https:\/\/neukirch-sachsen.de\/wp-content\/uploads\/2020\/04\/IMG_9128.png 745w, https:\/\/neukirch-sachsen.de\/wp-content\/uploads\/2020\/04\/IMG_9128-300x232.png 300w\" sizes=\"auto, (max-width: 454px) 100vw, 454px\" \/><\/figure>\n<!-- \/wp:image -->\n\n<!-- wp:image {\"id\":720,\"width\":453,\"height\":386,\"sizeSlug\":\"large\"} -->\n<figure class=\"wp-block-image size-large is-resized\"><img loading=\"lazy\" decoding=\"async\" src=\"https:\/\/neukirch-sachsen.de\/wp-content\/uploads\/2020\/04\/Bildschirmfoto-2020-03-25-um-22.01.09.png\" alt=\"\" class=\"wp-image-720\" width=\"453\" height=\"386\" srcset=\"https:\/\/neukirch-sachsen.de\/wp-content\/uploads\/2020\/04\/Bildschirmfoto-2020-03-25-um-22.01.09.png 745w, https:\/\/neukirch-sachsen.de\/wp-content\/uploads\/2020\/04\/Bildschirmfoto-2020-03-25-um-22.01.09-300x256.png 300w\" sizes=\"auto, (max-width: 453px) 100vw, 453px\" \/><\/figure>\n<!-- \/wp:image -->\n\n<!-- wp:image {\"id\":723,\"width\":454,\"height\":458,\"sizeSlug\":\"large\"} -->\n<figure class=\"wp-block-image size-large is-resized\"><img loading=\"lazy\" decoding=\"async\" src=\"https:\/\/neukirch-sachsen.de\/wp-content\/uploads\/2020\/04\/8fe74cf2-3aba-4a47-8514-b9a2afeab364-1013x1024.jpg\" alt=\"\" class=\"wp-image-723\" width=\"454\" height=\"458\" srcset=\"https:\/\/neukirch-sachsen.de\/wp-content\/uploads\/2020\/04\/8fe74cf2-3aba-4a47-8514-b9a2afeab364-1013x1024.jpg 1013w, https:\/\/neukirch-sachsen.de\/wp-content\/uploads\/2020\/04\/8fe74cf2-3aba-4a47-8514-b9a2afeab364-297x300.jpg 297w, https:\/\/neukirch-sachsen.de\/wp-content\/uploads\/2020\/04\/8fe74cf2-3aba-4a47-8514-b9a2afeab364-150x150.jpg 150w, https:\/\/neukirch-sachsen.de\/wp-content\/uploads\/2020\/04\/8fe74cf2-3aba-4a47-8514-b9a2afeab364-768x777.jpg 768w, https:\/\/neukirch-sachsen.de\/wp-content\/uploads\/2020\/04\/8fe74cf2-3aba-4a47-8514-b9a2afeab364.jpg 1500w\" sizes=\"auto, (max-width: 454px) 100vw, 454px\" \/><\/figure>\n<!-- \/wp:image -->\n\n<!-- wp:paragraph -->\n<p>Wer weitere Bilder hat kann diese gern hinzuf\u00fcgen.<\/p>\n<!-- \/wp:paragraph --><\/div><\/li>\n<li><a class=\"wp-block-latest-posts__post-title\" href=\"https:\/\/neukirch-sachsen.de\/?p=713\">Palmsonntagsgru\u00df aus Neukirch<\/a><div class=\"wp-block-latest-posts__post-full-content\"><!-- wp:paragraph -->\n<p>Wieder kommt ein kleiner Sonntagsgru\u00df aus unserer Kirche in Neukirch. Trotz Kontaktsperre und Coronakrise k\u00f6nnen wir miteinander verbunden sein. <br>Auch heute ist unsere Kirche ab 10.00 Uhr wieder f\u00fcr Andacht und Gebet ge\u00f6ffnet. <br>Herzlich Willkommen!<\/p>\n<!-- \/wp:paragraph -->\n\n<!-- wp:core-embed\/youtube {\"url\":\"https:\/\/www.youtube.com\/watch?v=mBqydMSih34\",\"type\":\"video\",\"providerNameSlug\":\"youtube\",\"className\":\"wp-embed-aspect-16-9 wp-has-aspect-ratio\"} -->\n<figure class=\"wp-block-embed-youtube wp-block-embed is-type-video is-provider-youtube wp-embed-aspect-16-9 wp-has-aspect-ratio\"><div class=\"wp-block-embed__wrapper\">\nhttps:\/\/www.youtube.com\/watch?v=mBqydMSih34\n<\/div><\/figure>\n<!-- \/wp:core-embed\/youtube --><\/div><\/li>\n<li><a class=\"wp-block-latest-posts__post-title\" href=\"https:\/\/neukirch-sachsen.de\/?p=711\">Hauskirche &#8211; ein altes Modell<\/a><div class=\"wp-block-latest-posts__post-full-content\"><!-- wp:paragraph -->\n<p>In der fr\u00fchen Christenheit, traffen sich die Menschen in ihren H\u00e4usern um Gottesdienst zu feiern.<br>In den heutigen Zeiten m\u00fcssen wir wieder darauf zur\u00fcck greifen. Wir stellen hier einen Gottesdienstentwurf daf\u00fcr zur Verf\u00fcgung.<\/p>\n<!-- \/wp:paragraph -->\n\n<!-- wp:file {\"id\":710,\"href\":\"http:\/\/neukirch-sachsen.de\/wp-content\/uploads\/2020\/04\/Leseangottesdienst-Sonntag-Palmsonntag-05042020.pdf\"} -->\n<div class=\"wp-block-file\"><a href=\"http:\/\/neukirch-sachsen.de\/wp-content\/uploads\/2020\/04\/Leseangottesdienst-Sonntag-Palmsonntag-05042020.pdf\">Leseangottesdienst Sonntag Palmsonntag <\/a><a href=\"http:\/\/neukirch-sachsen.de\/wp-content\/uploads\/2020\/04\/Leseangottesdienst-Sonntag-Palmsonntag-05042020.pdf\" class=\"wp-block-file__button\" download>Herunterladen<\/a><\/div>\n<!-- \/wp:file -->\n\n<!-- wp:paragraph -->\n<p><\/p>\n<!-- \/wp:paragraph --><\/div><\/li>\n<li><a class=\"wp-block-latest-posts__post-title\" href=\"https:\/\/neukirch-sachsen.de\/?p=694\">Absage der diesj\u00e4hrigen Hexenfeuer<\/a><div class=\"wp-block-latest-posts__post-full-content\"><!-- wp:paragraph -->\n<p>Laut offizieller Facebook-Seite der Feuerwehr Schmorkau (<a rel=\"noreferrer noopener\" href=\"https:\/\/www.facebook.com\/FFSchmorkau\/?tn-str=k*F\" target=\"_blank\">https:\/\/www.facebook.com\/FFSchmorkau\/<\/a> ) wird es dieses Jahr in der Gemeinde Neukirch kein Hexenfeuer geben. Bitte haltet euch an die Aufforderung der Feuerwehr und legt kein Reisig oder \u00e4hnliches Brennmaterial an den Feuerpl\u00e4tzen ab.<\/p>\n<!-- \/wp:paragraph -->\n\n<!-- wp:image {\"id\":695,\"sizeSlug\":\"large\"} -->\n<figure class=\"wp-block-image size-large\"><img loading=\"lazy\" decoding=\"async\" width=\"1024\" height=\"768\" src=\"https:\/\/neukirch-sachsen.de\/wp-content\/uploads\/2020\/04\/91457365_2474977056047347_5621286135108993024_o-1024x768.jpg\" alt=\"\" class=\"wp-image-695\" srcset=\"https:\/\/neukirch-sachsen.de\/wp-content\/uploads\/2020\/04\/91457365_2474977056047347_5621286135108993024_o-1024x768.jpg 1024w, https:\/\/neukirch-sachsen.de\/wp-content\/uploads\/2020\/04\/91457365_2474977056047347_5621286135108993024_o-300x225.jpg 300w, https:\/\/neukirch-sachsen.de\/wp-content\/uploads\/2020\/04\/91457365_2474977056047347_5621286135108993024_o-768x576.jpg 768w, https:\/\/neukirch-sachsen.de\/wp-content\/uploads\/2020\/04\/91457365_2474977056047347_5621286135108993024_o.jpg 1440w\" sizes=\"auto, (max-width: 1024px) 100vw, 1024px\" \/><figcaption>leider kein Hexenfeuer in 2020 in der Gemeinde Neukirch<\/figcaption><\/figure>\n<!-- \/wp:image -->\n\n<!-- wp:paragraph -->\n<p><\/p>\n<!-- \/wp:paragraph --><\/div><\/li>\n<li><a class=\"wp-block-latest-posts__post-title\" href=\"https:\/\/neukirch-sachsen.de\/?p=690\">Sonntagsgru\u00df in Coronazeiten<\/a><div class=\"wp-block-latest-posts__post-full-content\"><!-- wp:core-embed\/youtube {\"url\":\"https:\/\/www.youtube.com\/watch?v=-1T1d3C_29E\",\"type\":\"video\",\"providerNameSlug\":\"youtube\",\"className\":\"wp-embed-aspect-16-9 wp-has-aspect-ratio\"} -->\n<figure class=\"wp-block-embed-youtube wp-block-embed is-type-video is-provider-youtube wp-embed-aspect-16-9 wp-has-aspect-ratio\"><div class=\"wp-block-embed__wrapper\">\nhttps:\/\/www.youtube.com\/watch?v=-1T1d3C_29E\n<\/div><\/figure>\n<!-- \/wp:core-embed\/youtube --><\/div><\/li>\n<li><a class=\"wp-block-latest-posts__post-title\" href=\"https:\/\/neukirch-sachsen.de\/?p=679\">Mit Gottes Segen in die kommendeWoche<\/a><div class=\"wp-block-latest-posts__post-full-content\"><!-- wp:file {\"id\":677,\"href\":\"http:\/\/neukirch-sachsen.de\/wp-content\/uploads\/2020\/03\/Sonntagssegen.FB_.mp4\"} -->\n<div class=\"wp-block-file\"><a href=\"http:\/\/neukirch-sachsen.de\/wp-content\/uploads\/2020\/03\/Sonntagssegen.FB_.mp4\">Sonntagssegen<\/a><a href=\"http:\/\/neukirch-sachsen.de\/wp-content\/uploads\/2020\/03\/Sonntagssegen.FB_.mp4\" class=\"wp-block-file__button\" download>Herunterladen<\/a><\/div>\n<!-- \/wp:file --><\/div><\/li>\n<li><a class=\"wp-block-latest-posts__post-title\" href=\"https:\/\/neukirch-sachsen.de\/?p=673\">Offene Kirche am Sonntag<\/a><div class=\"wp-block-latest-posts__post-full-content\"><!-- wp:image {\"id\":672,\"sizeSlug\":\"large\"} -->\n<figure class=\"wp-block-image size-large\"><img loading=\"lazy\" decoding=\"async\" width=\"1024\" height=\"724\" src=\"http:\/\/neukirch-sachsen.de\/wp-content\/uploads\/2020\/03\/Gemeinde-in-Coronazeiten-1024x724.jpg\" alt=\"\" class=\"wp-image-672\" srcset=\"https:\/\/neukirch-sachsen.de\/wp-content\/uploads\/2020\/03\/Gemeinde-in-Coronazeiten-1024x724.jpg 1024w, https:\/\/neukirch-sachsen.de\/wp-content\/uploads\/2020\/03\/Gemeinde-in-Coronazeiten-300x212.jpg 300w, https:\/\/neukirch-sachsen.de\/wp-content\/uploads\/2020\/03\/Gemeinde-in-Coronazeiten-768x543.jpg 768w, https:\/\/neukirch-sachsen.de\/wp-content\/uploads\/2020\/03\/Gemeinde-in-Coronazeiten-1536x1086.jpg 1536w, https:\/\/neukirch-sachsen.de\/wp-content\/uploads\/2020\/03\/Gemeinde-in-Coronazeiten-2048x1449.jpg 2048w\" sizes=\"auto, (max-width: 1024px) 100vw, 1024px\" \/><\/figure>\n<!-- \/wp:image --><\/div><\/li>\n<li><a class=\"wp-block-latest-posts__post-title\" href=\"https:\/\/neukirch-sachsen.de\/?p=600\">Fasching 2020 in Neukirch<\/a><div class=\"wp-block-latest-posts__post-full-content\"><!-- wp:paragraph {\"fontSize\":\"medium\"} -->\n<p class=\"has-medium-font-size\">  <strong>Es waren einmal \u2026 40 Jahre DDR und diese sind nun 30 Jahre her. <\/strong>  <\/p>\n<!-- \/wp:paragraph -->\n\n<!-- wp:columns -->\n<div class=\"wp-block-columns\"><!-- wp:column {\"width\":43} -->\n<div class=\"wp-block-column\" style=\"flex-basis:43%\"><!-- wp:paragraph {\"textColor\":\"white\"} -->\n<p class=\"has-white-color has-text-color\">  .<\/p>\n<!-- \/wp:paragraph -->\n\n<!-- wp:paragraph {\"textColor\":\"white\"} -->\n<p class=\"has-white-color has-text-color\">   .<\/p>\n<!-- \/wp:paragraph -->\n\n<!-- wp:paragraph {\"dropCap\":true,\"style\":{\"typography\":{\"fontSize\":18}}} -->\n<p class=\"has-drop-cap\" style=\"font-size:18px\">  Doch er war wieder hier, der \u201eHoni\u201c in seinem Revier. Mit Margot, den treuen FDJ&#8217;lern und nat\u00fcrlich den Grenzsoldaten. Und er wollte nicht wieder weg, er liebte diesen Dreck.  Mit diesem turbulenten Traum von Udo Struutz begann unser Faschingsprogramm am 6. und 7. M\u00e4rz im Gasthof Piwarz.    <\/p>\n<!-- \/wp:paragraph --><\/div>\n<!-- \/wp:column -->\n\n<!-- wp:column {\"width\":57} -->\n<div class=\"wp-block-column\" style=\"flex-basis:57%\"><!-- wp:image {\"align\":\"right\",\"id\":606,\"sizeSlug\":\"medium\"} -->\n<div class=\"wp-block-image\"><figure class=\"alignright size-medium\"><img loading=\"lazy\" decoding=\"async\" width=\"300\" height=\"183\" src=\"https:\/\/neukirch-sachsen.de\/wp-content\/uploads\/2020\/03\/Honi-300x183.png\" alt=\"\" class=\"wp-image-606\" srcset=\"https:\/\/neukirch-sachsen.de\/wp-content\/uploads\/2020\/03\/Honi-300x183.png 300w, https:\/\/neukirch-sachsen.de\/wp-content\/uploads\/2020\/03\/Honi-1024x625.png 1024w, https:\/\/neukirch-sachsen.de\/wp-content\/uploads\/2020\/03\/Honi-768x469.png 768w, https:\/\/neukirch-sachsen.de\/wp-content\/uploads\/2020\/03\/Honi-1536x938.png 1536w, https:\/\/neukirch-sachsen.de\/wp-content\/uploads\/2020\/03\/Honi-2048x1250.png 2048w\" sizes=\"auto, (max-width: 300px) 100vw, 300px\" \/><\/figure><\/div>\n<!-- \/wp:image --><\/div>\n<!-- \/wp:column --><\/div>\n<!-- \/wp:columns -->\n\n<!-- wp:columns -->\n<div class=\"wp-block-columns\"><!-- wp:column {\"width\":49} -->\n<div class=\"wp-block-column\" style=\"flex-basis:49%\"><!-- wp:image {\"align\":\"center\",\"id\":605,\"sizeSlug\":\"medium\"} -->\n<div class=\"wp-block-image\"><figure class=\"aligncenter size-medium\"><img loading=\"lazy\" decoding=\"async\" width=\"300\" height=\"225\" src=\"https:\/\/neukirch-sachsen.de\/wp-content\/uploads\/2020\/03\/SAM_3357-300x225.jpg\" alt=\"\" class=\"wp-image-605\" srcset=\"https:\/\/neukirch-sachsen.de\/wp-content\/uploads\/2020\/03\/SAM_3357-300x225.jpg 300w, https:\/\/neukirch-sachsen.de\/wp-content\/uploads\/2020\/03\/SAM_3357-1024x769.jpg 1024w, https:\/\/neukirch-sachsen.de\/wp-content\/uploads\/2020\/03\/SAM_3357-768x577.jpg 768w, https:\/\/neukirch-sachsen.de\/wp-content\/uploads\/2020\/03\/SAM_3357-1536x1154.jpg 1536w, https:\/\/neukirch-sachsen.de\/wp-content\/uploads\/2020\/03\/SAM_3357-2048x1538.jpg 2048w\" sizes=\"auto, (max-width: 300px) 100vw, 300px\" \/><\/figure><\/div>\n<!-- \/wp:image -->\n\n<!-- wp:paragraph {\"textColor\":\"white\"} -->\n<p class=\"has-white-color has-text-color\"> .<\/p>\n<!-- \/wp:paragraph -->\n\n<!-- wp:paragraph {\"textColor\":\"white\"} -->\n<p class=\"has-white-color has-text-color\">.<\/p>\n<!-- \/wp:paragraph -->\n\n<!-- wp:paragraph {\"dropCap\":true,\"style\":{\"typography\":{\"fontSize\":18}}} -->\n<p class=\"has-drop-cap\" style=\"font-size:18px\">Da mussten Udo und Rita nat\u00fcrlich erstmal einkaufen, aber was setzt man der Westverwandtschaft vor? Bananen gab es nur auf Zuteilung. Das Radeberger nur unterm Ladentisch, auch den guten Schinken. Aber Udo hatte so seine Gegenargumente. Plautz lie\u00df sich von der Grenzkontrolle nicht beirren und hatte am Ende noch Geschenke in der Tasche. Die Br\u00fcder hatten sich dann viel zu erz\u00e4hlen und machten es sich gem\u00fctlich vor dem Fernseher, beim Live Auftritt von Herbert Roth mit seiner Waltraud und dem politischen Fr\u00fchschoppen von Gustav und Erich. Die Tochter durfte zum ersten Mal zur Disko und Mama ging mit. <\/p>\n<!-- \/wp:paragraph -->\n\n<!-- wp:paragraph -->\n<p> <\/p>\n<!-- \/wp:paragraph -->\n\n<!-- wp:image {\"id\":609,\"sizeSlug\":\"medium\"} -->\n<figure class=\"wp-block-image size-medium\"><img loading=\"lazy\" decoding=\"async\" width=\"232\" height=\"300\" src=\"https:\/\/neukirch-sachsen.de\/wp-content\/uploads\/2020\/03\/gustav-232x300.png\" alt=\"\" class=\"wp-image-609\" srcset=\"https:\/\/neukirch-sachsen.de\/wp-content\/uploads\/2020\/03\/gustav-232x300.png 232w, https:\/\/neukirch-sachsen.de\/wp-content\/uploads\/2020\/03\/gustav-791x1024.png 791w, https:\/\/neukirch-sachsen.de\/wp-content\/uploads\/2020\/03\/gustav-768x994.png 768w, https:\/\/neukirch-sachsen.de\/wp-content\/uploads\/2020\/03\/gustav-1186x1536.png 1186w, https:\/\/neukirch-sachsen.de\/wp-content\/uploads\/2020\/03\/gustav-1582x2048.png 1582w\" sizes=\"auto, (max-width: 232px) 100vw, 232px\" \/><\/figure>\n<!-- \/wp:image -->\n\n<!-- wp:paragraph {\"textColor\":\"white\"} -->\n<p class=\"has-white-color has-text-color\">.<\/p>\n<!-- \/wp:paragraph -->\n\n<!-- wp:image {\"id\":611,\"sizeSlug\":\"medium\"} -->\n<figure class=\"wp-block-image size-medium\"><img loading=\"lazy\" decoding=\"async\" width=\"244\" height=\"300\" src=\"https:\/\/neukirch-sachsen.de\/wp-content\/uploads\/2020\/03\/nina-244x300.png\" alt=\"\" class=\"wp-image-611\" srcset=\"https:\/\/neukirch-sachsen.de\/wp-content\/uploads\/2020\/03\/nina-244x300.png 244w, https:\/\/neukirch-sachsen.de\/wp-content\/uploads\/2020\/03\/nina-832x1024.png 832w, https:\/\/neukirch-sachsen.de\/wp-content\/uploads\/2020\/03\/nina-768x946.png 768w, https:\/\/neukirch-sachsen.de\/wp-content\/uploads\/2020\/03\/nina-1247x1536.png 1247w, https:\/\/neukirch-sachsen.de\/wp-content\/uploads\/2020\/03\/nina-1663x2048.png 1663w, https:\/\/neukirch-sachsen.de\/wp-content\/uploads\/2020\/03\/nina.png 2005w\" sizes=\"auto, (max-width: 244px) 100vw, 244px\" \/><\/figure>\n<!-- \/wp:image --><\/div>\n<!-- \/wp:column -->\n\n<!-- wp:column {\"width\":51} -->\n<div class=\"wp-block-column\" style=\"flex-basis:51%\"><!-- wp:paragraph {\"align\":\"left\",\"dropCap\":true,\"style\":{\"typography\":{\"fontSize\":18}}} -->\n<p class=\"has-drop-cap has-text-align-left\" style=\"font-size:18px\"> Mit seiner Frau\u00a0 Rita und Tochter Jacqueline erlebte er noch einmal den Mauerbau, obwohl Walter Ulbricht in seiner Pressekonferenz eben noch verk\u00fcndete, dass er nie die Absicht hatte, eine Mauer zu bauen. Es war nicht leicht f\u00fcr unsere jungen Darsteller, sich in die Ossi-Zeit zu versetzen. Aber einmal an der Berliner Mauer abh\u00e4ngen war cool, mit Rekorder und Musik von Udo Lindenberg. Dann bekam die Familie Struutz den Brief von Plautz, dem Bruder von Udo, den er beim Mauerbau verloren hatte. Zum 16. Geburtstag von Jacqueline wollte er kommen, von dr\u00fcben, der gute Wessi-Onkel.<\/p>\n<!-- \/wp:paragraph -->\n\n<!-- wp:image {\"align\":\"center\",\"id\":603,\"sizeSlug\":\"medium\"} -->\n<div class=\"wp-block-image\"><figure class=\"aligncenter size-medium\"><img loading=\"lazy\" decoding=\"async\" width=\"300\" height=\"225\" src=\"https:\/\/neukirch-sachsen.de\/wp-content\/uploads\/2020\/03\/SAM_3350-300x225.jpg\" alt=\"\" class=\"wp-image-603\" srcset=\"https:\/\/neukirch-sachsen.de\/wp-content\/uploads\/2020\/03\/SAM_3350-300x225.jpg 300w, https:\/\/neukirch-sachsen.de\/wp-content\/uploads\/2020\/03\/SAM_3350-1024x768.jpg 1024w, https:\/\/neukirch-sachsen.de\/wp-content\/uploads\/2020\/03\/SAM_3350-768x576.jpg 768w, https:\/\/neukirch-sachsen.de\/wp-content\/uploads\/2020\/03\/SAM_3350-1536x1152.jpg 1536w, https:\/\/neukirch-sachsen.de\/wp-content\/uploads\/2020\/03\/SAM_3350-2048x1536.jpg 2048w\" sizes=\"auto, (max-width: 300px) 100vw, 300px\" \/><\/figure><\/div>\n<!-- \/wp:image -->\n\n<!-- wp:image {\"id\":608,\"width\":512,\"height\":330,\"sizeSlug\":\"large\"} -->\n<figure class=\"wp-block-image size-large is-resized\"><img loading=\"lazy\" decoding=\"async\" src=\"https:\/\/neukirch-sachsen.de\/wp-content\/uploads\/2020\/03\/Einkauf-1024x660.png\" alt=\"\" class=\"wp-image-608\" width=\"512\" height=\"330\" srcset=\"https:\/\/neukirch-sachsen.de\/wp-content\/uploads\/2020\/03\/Einkauf-1024x660.png 1024w, https:\/\/neukirch-sachsen.de\/wp-content\/uploads\/2020\/03\/Einkauf-300x193.png 300w, https:\/\/neukirch-sachsen.de\/wp-content\/uploads\/2020\/03\/Einkauf-768x495.png 768w, https:\/\/neukirch-sachsen.de\/wp-content\/uploads\/2020\/03\/Einkauf-1536x990.png 1536w, https:\/\/neukirch-sachsen.de\/wp-content\/uploads\/2020\/03\/Einkauf-2048x1320.png 2048w\" sizes=\"auto, (max-width: 512px) 100vw, 512px\" \/><\/figure>\n<!-- \/wp:image -->\n\n<!-- wp:paragraph {\"textColor\":\"white\"} -->\n<p class=\"has-white-color has-text-color\"> .<\/p>\n<!-- \/wp:paragraph -->\n\n<!-- wp:paragraph {\"textColor\":\"white\"} -->\n<p class=\"has-white-color has-text-color\"> .<\/p>\n<!-- \/wp:paragraph -->\n\n<!-- wp:paragraph {\"dropCap\":true,\"style\":{\"typography\":{\"fontSize\":18}}} -->\n<p class=\"has-drop-cap\" style=\"font-size:18px\">Doch die gr\u00f6\u00dfte \u00dcberraschung f\u00fcr die Familie \u2013 der Wessi Onkel lud sie zu einem Ausflug an die Ostsee ein. Udo wollte es sich nicht nehmen lassen und mit seinem guten alten Trabi Schorsch fahren. Doch es kam wie es nicht kommen sollte, der Motor versagte. Zum Gl\u00fcck kam da der Bus und alle fuhren an den FKK. Da gab es nat\u00fcrlich \u201eNackte\u201c zu sehen. Es gab aber auch ein Konzert f\u00fcr Jedermann. Nina Hagen hatte den Farbfilm vergessen, Helga die S\u00fc\u00dfe kam und f\u00fcr Jacqueline sang ihr ersehnter Udo Lindenberg. Danach ging es zur\u00fcck an die Berliner Mauer. Hier war schon Tumult. \u201eWir sind das Volk\u201c und \u201eDie Mauer muss weg\u201c schallte es durch den Saal. Knight Rider kam und fuhr sie einfach um, die Mauer. David Hasselhoff sang dann sein \u201eLooking for Freedom\u201c und unser Programm hatte wie vor 30 Jahren, ein gutes Ende.<\/p>\n<!-- \/wp:paragraph -->\n\n<!-- wp:paragraph {\"textColor\":\"white\"} -->\n<p class=\"has-white-color has-text-color\">.<\/p>\n<!-- \/wp:paragraph -->\n\n<!-- wp:image {\"id\":610,\"width\":447,\"height\":512,\"sizeSlug\":\"large\"} -->\n<figure class=\"wp-block-image size-large is-resized\"><img loading=\"lazy\" decoding=\"async\" src=\"https:\/\/neukirch-sachsen.de\/wp-content\/uploads\/2020\/03\/trabi-894x1024.png\" alt=\"\" class=\"wp-image-610\" width=\"447\" height=\"512\" srcset=\"https:\/\/neukirch-sachsen.de\/wp-content\/uploads\/2020\/03\/trabi-894x1024.png 894w, https:\/\/neukirch-sachsen.de\/wp-content\/uploads\/2020\/03\/trabi-262x300.png 262w, https:\/\/neukirch-sachsen.de\/wp-content\/uploads\/2020\/03\/trabi-768x879.png 768w, https:\/\/neukirch-sachsen.de\/wp-content\/uploads\/2020\/03\/trabi-1342x1536.png 1342w, https:\/\/neukirch-sachsen.de\/wp-content\/uploads\/2020\/03\/trabi.png 1353w\" sizes=\"auto, (max-width: 447px) 100vw, 447px\" \/><\/figure>\n<!-- \/wp:image --><\/div>\n<!-- \/wp:column --><\/div>\n<!-- \/wp:columns -->\n\n<!-- wp:image {\"id\":612,\"width\":945,\"height\":708,\"sizeSlug\":\"large\"} -->\n<figure class=\"wp-block-image size-large is-resized\"><img loading=\"lazy\" decoding=\"async\" src=\"https:\/\/neukirch-sachsen.de\/wp-content\/uploads\/2020\/03\/SAM_3326-1024x768.jpg\" alt=\"\" class=\"wp-image-612\" width=\"945\" height=\"708\" srcset=\"https:\/\/neukirch-sachsen.de\/wp-content\/uploads\/2020\/03\/SAM_3326-1024x768.jpg 1024w, https:\/\/neukirch-sachsen.de\/wp-content\/uploads\/2020\/03\/SAM_3326-300x225.jpg 300w, https:\/\/neukirch-sachsen.de\/wp-content\/uploads\/2020\/03\/SAM_3326-768x576.jpg 768w, https:\/\/neukirch-sachsen.de\/wp-content\/uploads\/2020\/03\/SAM_3326-1536x1152.jpg 1536w, https:\/\/neukirch-sachsen.de\/wp-content\/uploads\/2020\/03\/SAM_3326-2048x1536.jpg 2048w\" sizes=\"auto, (max-width: 945px) 100vw, 945px\" \/><\/figure>\n<!-- \/wp:image -->\n\n<!-- wp:paragraph {\"align\":\"right\"} -->\n<p class=\"has-text-align-right\"> <\/p>\n<!-- \/wp:paragraph -->\n\n<!-- wp:paragraph {\"style\":{\"typography\":{\"fontSize\":18}}} -->\n<p style=\"font-size:18px\">Wir hatten viel Spa\u00df bei der Ausgestaltung des Programmes, der Gestaltung der Kulissen, beim \u00dcben und vor allem bei der Auff\u00fchrung. Daf\u00fcr erhielten wir viel Beifall und Lob. <\/p>\n<!-- \/wp:paragraph -->\n\n<!-- wp:paragraph {\"style\":{\"typography\":{\"fontSize\":18}}} -->\n<p style=\"font-size:18px\">Wir danken allen G\u00e4sten, die unsere Veranstaltungen besuchten. <\/p>\n<!-- \/wp:paragraph -->\n\n<!-- wp:paragraph {\"style\":{\"typography\":{\"fontSize\":18}}} -->\n<p style=\"font-size:18px\">Wir bedanken uns sehr herzlich bei Kathrin und Bernd\nPiwarz f\u00fcr die gute Zusammenarbeit.<\/p>\n<!-- \/wp:paragraph -->\n\n<!-- wp:paragraph {\"style\":{\"typography\":{\"fontSize\":18}}} -->\n<p style=\"font-size:18px\">Nun bereiten wir uns auf die 36. Saison vor und freuen\nuns auf ein Wiedersehen mit Euch am 27.2.2021. <\/p>\n<!-- \/wp:paragraph -->\n\n<!-- wp:paragraph {\"style\":{\"typography\":{\"fontSize\":24}}} -->\n<p style=\"font-size:24px\"><strong>Neuki Hellau<\/strong> <strong>!<\/strong><\/p>\n<!-- \/wp:paragraph -->\n\n<!-- wp:paragraph {\"textColor\":\"white\"} -->\n<p class=\"has-white-color has-text-color\"> .<\/p>\n<!-- \/wp:paragraph -->\n\n<!-- wp:paragraph {\"textColor\":\"white\"} -->\n<p class=\"has-white-color has-text-color\"> .<\/p>\n<!-- \/wp:paragraph -->\n\n<!-- wp:paragraph {\"style\":{\"typography\":{\"fontSize\":18}}} -->\n<p style=\"font-size:18px\">Bildergalerie<\/p>\n<!-- \/wp:paragraph -->\n\n<!-- wp:gallery {\"ids\":[616,617,618,619,620,636,622,638,659,625,626,628,656,657,633,629,631,635],\"columns\":4,\"linkTo\":\"media\"} -->\n<figure class=\"wp-block-gallery columns-4 is-cropped\"><ul class=\"blocks-gallery-grid\"><li class=\"blocks-gallery-item\"><figure><a href=\"https:\/\/neukirch-sachsen.de\/wp-content\/uploads\/2020\/03\/SAM_3253-1-912x1024.jpg\"><img loading=\"lazy\" decoding=\"async\" width=\"912\" height=\"1024\" src=\"https:\/\/neukirch-sachsen.de\/wp-content\/uploads\/2020\/03\/SAM_3253-1-912x1024.jpg\" alt=\"\" data-id=\"616\" data-link=\"https:\/\/neukirch-sachsen.de\/?attachment_id=616\" class=\"wp-image-616\" srcset=\"https:\/\/neukirch-sachsen.de\/wp-content\/uploads\/2020\/03\/SAM_3253-1-912x1024.jpg 912w, https:\/\/neukirch-sachsen.de\/wp-content\/uploads\/2020\/03\/SAM_3253-1-267x300.jpg 267w, https:\/\/neukirch-sachsen.de\/wp-content\/uploads\/2020\/03\/SAM_3253-1-768x863.jpg 768w, https:\/\/neukirch-sachsen.de\/wp-content\/uploads\/2020\/03\/SAM_3253-1-1367x1536.jpg 1367w, https:\/\/neukirch-sachsen.de\/wp-content\/uploads\/2020\/03\/SAM_3253-1-1823x2048.jpg 1823w\" sizes=\"auto, (max-width: 912px) 100vw, 912px\" \/><\/a><\/figure><\/li><li class=\"blocks-gallery-item\"><figure><a href=\"https:\/\/neukirch-sachsen.de\/wp-content\/uploads\/2020\/03\/SAM_3357-1-1024x769.jpg\"><img loading=\"lazy\" decoding=\"async\" width=\"1024\" height=\"769\" src=\"https:\/\/neukirch-sachsen.de\/wp-content\/uploads\/2020\/03\/SAM_3357-1-1024x769.jpg\" alt=\"\" data-id=\"617\" data-link=\"https:\/\/neukirch-sachsen.de\/?attachment_id=617\" class=\"wp-image-617\" srcset=\"https:\/\/neukirch-sachsen.de\/wp-content\/uploads\/2020\/03\/SAM_3357-1-1024x769.jpg 1024w, https:\/\/neukirch-sachsen.de\/wp-content\/uploads\/2020\/03\/SAM_3357-1-300x225.jpg 300w, https:\/\/neukirch-sachsen.de\/wp-content\/uploads\/2020\/03\/SAM_3357-1-768x577.jpg 768w, https:\/\/neukirch-sachsen.de\/wp-content\/uploads\/2020\/03\/SAM_3357-1-1536x1154.jpg 1536w, https:\/\/neukirch-sachsen.de\/wp-content\/uploads\/2020\/03\/SAM_3357-1-2048x1538.jpg 2048w\" sizes=\"auto, (max-width: 1024px) 100vw, 1024px\" \/><\/a><\/figure><\/li><li class=\"blocks-gallery-item\"><figure><a href=\"https:\/\/neukirch-sachsen.de\/wp-content\/uploads\/2020\/03\/SAM_3259-1024x962.jpg\"><img loading=\"lazy\" decoding=\"async\" width=\"1024\" height=\"962\" src=\"https:\/\/neukirch-sachsen.de\/wp-content\/uploads\/2020\/03\/SAM_3259-1024x962.jpg\" alt=\"\" data-id=\"618\" data-link=\"https:\/\/neukirch-sachsen.de\/?attachment_id=618\" class=\"wp-image-618\" srcset=\"https:\/\/neukirch-sachsen.de\/wp-content\/uploads\/2020\/03\/SAM_3259-1024x962.jpg 1024w, https:\/\/neukirch-sachsen.de\/wp-content\/uploads\/2020\/03\/SAM_3259-300x282.jpg 300w, https:\/\/neukirch-sachsen.de\/wp-content\/uploads\/2020\/03\/SAM_3259-768x721.jpg 768w, https:\/\/neukirch-sachsen.de\/wp-content\/uploads\/2020\/03\/SAM_3259-1536x1443.jpg 1536w, https:\/\/neukirch-sachsen.de\/wp-content\/uploads\/2020\/03\/SAM_3259-2048x1923.jpg 2048w\" sizes=\"auto, (max-width: 1024px) 100vw, 1024px\" \/><\/a><\/figure><\/li><li class=\"blocks-gallery-item\"><figure><a href=\"https:\/\/neukirch-sachsen.de\/wp-content\/uploads\/2020\/03\/SAM_3260-948x1024.jpg\"><img loading=\"lazy\" decoding=\"async\" width=\"948\" height=\"1024\" src=\"https:\/\/neukirch-sachsen.de\/wp-content\/uploads\/2020\/03\/SAM_3260-948x1024.jpg\" alt=\"\" data-id=\"619\" data-link=\"https:\/\/neukirch-sachsen.de\/?attachment_id=619\" class=\"wp-image-619\" srcset=\"https:\/\/neukirch-sachsen.de\/wp-content\/uploads\/2020\/03\/SAM_3260-948x1024.jpg 948w, https:\/\/neukirch-sachsen.de\/wp-content\/uploads\/2020\/03\/SAM_3260-278x300.jpg 278w, https:\/\/neukirch-sachsen.de\/wp-content\/uploads\/2020\/03\/SAM_3260-768x829.jpg 768w, https:\/\/neukirch-sachsen.de\/wp-content\/uploads\/2020\/03\/SAM_3260-1423x1536.jpg 1423w, https:\/\/neukirch-sachsen.de\/wp-content\/uploads\/2020\/03\/SAM_3260-1897x2048.jpg 1897w\" sizes=\"auto, (max-width: 948px) 100vw, 948px\" \/><\/a><\/figure><\/li><li class=\"blocks-gallery-item\"><figure><a href=\"https:\/\/neukirch-sachsen.de\/wp-content\/uploads\/2020\/03\/SAM_3261-926x1024.jpg\"><img loading=\"lazy\" decoding=\"async\" width=\"926\" height=\"1024\" src=\"https:\/\/neukirch-sachsen.de\/wp-content\/uploads\/2020\/03\/SAM_3261-926x1024.jpg\" alt=\"\" data-id=\"620\" data-link=\"https:\/\/neukirch-sachsen.de\/?attachment_id=620\" class=\"wp-image-620\" srcset=\"https:\/\/neukirch-sachsen.de\/wp-content\/uploads\/2020\/03\/SAM_3261-926x1024.jpg 926w, https:\/\/neukirch-sachsen.de\/wp-content\/uploads\/2020\/03\/SAM_3261-271x300.jpg 271w, https:\/\/neukirch-sachsen.de\/wp-content\/uploads\/2020\/03\/SAM_3261-768x849.jpg 768w, https:\/\/neukirch-sachsen.de\/wp-content\/uploads\/2020\/03\/SAM_3261-1389x1536.jpg 1389w, https:\/\/neukirch-sachsen.de\/wp-content\/uploads\/2020\/03\/SAM_3261-1853x2048.jpg 1853w\" sizes=\"auto, (max-width: 926px) 100vw, 926px\" \/><\/a><\/figure><\/li><li class=\"blocks-gallery-item\"><figure><a href=\"https:\/\/neukirch-sachsen.de\/wp-content\/uploads\/2020\/03\/SAM_3264-1-1024x1002.jpg\"><img loading=\"lazy\" decoding=\"async\" width=\"1024\" height=\"1002\" src=\"https:\/\/neukirch-sachsen.de\/wp-content\/uploads\/2020\/03\/SAM_3264-1-1024x1002.jpg\" alt=\"\" data-id=\"636\" data-link=\"https:\/\/neukirch-sachsen.de\/?attachment_id=636\" class=\"wp-image-636\" srcset=\"https:\/\/neukirch-sachsen.de\/wp-content\/uploads\/2020\/03\/SAM_3264-1-1024x1002.jpg 1024w, https:\/\/neukirch-sachsen.de\/wp-content\/uploads\/2020\/03\/SAM_3264-1-300x294.jpg 300w, https:\/\/neukirch-sachsen.de\/wp-content\/uploads\/2020\/03\/SAM_3264-1-768x751.jpg 768w, https:\/\/neukirch-sachsen.de\/wp-content\/uploads\/2020\/03\/SAM_3264-1-1536x1503.jpg 1536w, https:\/\/neukirch-sachsen.de\/wp-content\/uploads\/2020\/03\/SAM_3264-1-2048x2004.jpg 2048w\" sizes=\"auto, (max-width: 1024px) 100vw, 1024px\" \/><\/a><\/figure><\/li><li class=\"blocks-gallery-item\"><figure><a href=\"https:\/\/neukirch-sachsen.de\/wp-content\/uploads\/2020\/03\/SAM_3267-898x1024.jpg\"><img loading=\"lazy\" decoding=\"async\" width=\"898\" height=\"1024\" src=\"https:\/\/neukirch-sachsen.de\/wp-content\/uploads\/2020\/03\/SAM_3267-898x1024.jpg\" alt=\"\" data-id=\"622\" data-link=\"https:\/\/neukirch-sachsen.de\/?attachment_id=622\" class=\"wp-image-622\" srcset=\"https:\/\/neukirch-sachsen.de\/wp-content\/uploads\/2020\/03\/SAM_3267-898x1024.jpg 898w, https:\/\/neukirch-sachsen.de\/wp-content\/uploads\/2020\/03\/SAM_3267-263x300.jpg 263w, https:\/\/neukirch-sachsen.de\/wp-content\/uploads\/2020\/03\/SAM_3267-768x875.jpg 768w, https:\/\/neukirch-sachsen.de\/wp-content\/uploads\/2020\/03\/SAM_3267-1348x1536.jpg 1348w, https:\/\/neukirch-sachsen.de\/wp-content\/uploads\/2020\/03\/SAM_3267-1797x2048.jpg 1797w\" sizes=\"auto, (max-width: 898px) 100vw, 898px\" \/><\/a><\/figure><\/li><li class=\"blocks-gallery-item\"><figure><a href=\"https:\/\/neukirch-sachsen.de\/wp-content\/uploads\/2020\/03\/SAM_3271-1-1024x768.jpg\"><img loading=\"lazy\" decoding=\"async\" width=\"1024\" height=\"768\" src=\"https:\/\/neukirch-sachsen.de\/wp-content\/uploads\/2020\/03\/SAM_3271-1-1024x768.jpg\" alt=\"\" data-id=\"638\" data-link=\"https:\/\/neukirch-sachsen.de\/?attachment_id=638\" class=\"wp-image-638\" srcset=\"https:\/\/neukirch-sachsen.de\/wp-content\/uploads\/2020\/03\/SAM_3271-1-1024x768.jpg 1024w, https:\/\/neukirch-sachsen.de\/wp-content\/uploads\/2020\/03\/SAM_3271-1-300x225.jpg 300w, https:\/\/neukirch-sachsen.de\/wp-content\/uploads\/2020\/03\/SAM_3271-1-768x576.jpg 768w, https:\/\/neukirch-sachsen.de\/wp-content\/uploads\/2020\/03\/SAM_3271-1-1536x1152.jpg 1536w, https:\/\/neukirch-sachsen.de\/wp-content\/uploads\/2020\/03\/SAM_3271-1-2048x1536.jpg 2048w\" sizes=\"auto, (max-width: 1024px) 100vw, 1024px\" \/><\/a><\/figure><\/li><li class=\"blocks-gallery-item\"><figure><a href=\"https:\/\/neukirch-sachsen.de\/wp-content\/uploads\/2020\/03\/SAM_3278-1-scaled.jpg\"><img loading=\"lazy\" decoding=\"async\" width=\"1024\" height=\"768\" src=\"https:\/\/neukirch-sachsen.de\/wp-content\/uploads\/2020\/03\/SAM_3278-1-1024x768.jpg\" alt=\"\" data-id=\"659\" data-full-url=\"https:\/\/neukirch-sachsen.de\/wp-content\/uploads\/2020\/03\/SAM_3278-1-scaled.jpg\" data-link=\"https:\/\/neukirch-sachsen.de\/?attachment_id=659\" class=\"wp-image-659\" srcset=\"https:\/\/neukirch-sachsen.de\/wp-content\/uploads\/2020\/03\/SAM_3278-1-1024x768.jpg 1024w, https:\/\/neukirch-sachsen.de\/wp-content\/uploads\/2020\/03\/SAM_3278-1-300x225.jpg 300w, https:\/\/neukirch-sachsen.de\/wp-content\/uploads\/2020\/03\/SAM_3278-1-768x576.jpg 768w, https:\/\/neukirch-sachsen.de\/wp-content\/uploads\/2020\/03\/SAM_3278-1-1536x1152.jpg 1536w, https:\/\/neukirch-sachsen.de\/wp-content\/uploads\/2020\/03\/SAM_3278-1-2048x1536.jpg 2048w\" sizes=\"auto, (max-width: 1024px) 100vw, 1024px\" \/><\/a><\/figure><\/li><li class=\"blocks-gallery-item\"><figure><a href=\"https:\/\/neukirch-sachsen.de\/wp-content\/uploads\/2020\/03\/SAM_3281-1024x768.jpg\"><img loading=\"lazy\" decoding=\"async\" width=\"1024\" height=\"768\" src=\"https:\/\/neukirch-sachsen.de\/wp-content\/uploads\/2020\/03\/SAM_3281-1024x768.jpg\" alt=\"\" data-id=\"625\" data-link=\"https:\/\/neukirch-sachsen.de\/?attachment_id=625\" class=\"wp-image-625\" srcset=\"https:\/\/neukirch-sachsen.de\/wp-content\/uploads\/2020\/03\/SAM_3281-1024x768.jpg 1024w, https:\/\/neukirch-sachsen.de\/wp-content\/uploads\/2020\/03\/SAM_3281-300x225.jpg 300w, https:\/\/neukirch-sachsen.de\/wp-content\/uploads\/2020\/03\/SAM_3281-768x576.jpg 768w, https:\/\/neukirch-sachsen.de\/wp-content\/uploads\/2020\/03\/SAM_3281-1536x1152.jpg 1536w, https:\/\/neukirch-sachsen.de\/wp-content\/uploads\/2020\/03\/SAM_3281-2048x1536.jpg 2048w\" sizes=\"auto, (max-width: 1024px) 100vw, 1024px\" \/><\/a><\/figure><\/li><li class=\"blocks-gallery-item\"><figure><a href=\"https:\/\/neukirch-sachsen.de\/wp-content\/uploads\/2020\/03\/SAM_3344-1024x762.jpg\"><img loading=\"lazy\" decoding=\"async\" width=\"1024\" height=\"762\" src=\"https:\/\/neukirch-sachsen.de\/wp-content\/uploads\/2020\/03\/SAM_3344-1024x762.jpg\" alt=\"\" data-id=\"626\" data-link=\"https:\/\/neukirch-sachsen.de\/?attachment_id=626\" class=\"wp-image-626\" srcset=\"https:\/\/neukirch-sachsen.de\/wp-content\/uploads\/2020\/03\/SAM_3344-1024x762.jpg 1024w, https:\/\/neukirch-sachsen.de\/wp-content\/uploads\/2020\/03\/SAM_3344-300x223.jpg 300w, https:\/\/neukirch-sachsen.de\/wp-content\/uploads\/2020\/03\/SAM_3344-768x572.jpg 768w, https:\/\/neukirch-sachsen.de\/wp-content\/uploads\/2020\/03\/SAM_3344-1536x1144.jpg 1536w, https:\/\/neukirch-sachsen.de\/wp-content\/uploads\/2020\/03\/SAM_3344-2048x1525.jpg 2048w\" sizes=\"auto, (max-width: 1024px) 100vw, 1024px\" \/><\/a><\/figure><\/li><li class=\"blocks-gallery-item\"><figure><a href=\"https:\/\/neukirch-sachsen.de\/wp-content\/uploads\/2020\/03\/SAM_3304-1024x768.jpg\"><img loading=\"lazy\" decoding=\"async\" width=\"1024\" height=\"768\" src=\"https:\/\/neukirch-sachsen.de\/wp-content\/uploads\/2020\/03\/SAM_3304-1024x768.jpg\" alt=\"\" data-id=\"628\" data-link=\"https:\/\/neukirch-sachsen.de\/?attachment_id=628\" class=\"wp-image-628\" srcset=\"https:\/\/neukirch-sachsen.de\/wp-content\/uploads\/2020\/03\/SAM_3304-1024x768.jpg 1024w, https:\/\/neukirch-sachsen.de\/wp-content\/uploads\/2020\/03\/SAM_3304-300x225.jpg 300w, https:\/\/neukirch-sachsen.de\/wp-content\/uploads\/2020\/03\/SAM_3304-768x576.jpg 768w, https:\/\/neukirch-sachsen.de\/wp-content\/uploads\/2020\/03\/SAM_3304-1536x1152.jpg 1536w, https:\/\/neukirch-sachsen.de\/wp-content\/uploads\/2020\/03\/SAM_3304-2048x1536.jpg 2048w\" sizes=\"auto, (max-width: 1024px) 100vw, 1024px\" \/><\/a><\/figure><\/li><li class=\"blocks-gallery-item\"><figure><a href=\"https:\/\/neukirch-sachsen.de\/wp-content\/uploads\/2020\/03\/SAM_3305-1024x768.jpg\"><img loading=\"lazy\" decoding=\"async\" width=\"1024\" height=\"768\" src=\"https:\/\/neukirch-sachsen.de\/wp-content\/uploads\/2020\/03\/SAM_3305-1024x768.jpg\" alt=\"\" data-id=\"656\" data-link=\"https:\/\/neukirch-sachsen.de\/?attachment_id=656\" class=\"wp-image-656\" srcset=\"https:\/\/neukirch-sachsen.de\/wp-content\/uploads\/2020\/03\/SAM_3305-1024x768.jpg 1024w, https:\/\/neukirch-sachsen.de\/wp-content\/uploads\/2020\/03\/SAM_3305-300x225.jpg 300w, https:\/\/neukirch-sachsen.de\/wp-content\/uploads\/2020\/03\/SAM_3305-768x576.jpg 768w, https:\/\/neukirch-sachsen.de\/wp-content\/uploads\/2020\/03\/SAM_3305-1536x1152.jpg 1536w, https:\/\/neukirch-sachsen.de\/wp-content\/uploads\/2020\/03\/SAM_3305-2048x1536.jpg 2048w\" sizes=\"auto, (max-width: 1024px) 100vw, 1024px\" \/><\/a><\/figure><\/li><li class=\"blocks-gallery-item\"><figure><a href=\"https:\/\/neukirch-sachsen.de\/wp-content\/uploads\/2020\/03\/SAM_3312-1024x969.jpg\"><img loading=\"lazy\" decoding=\"async\" width=\"1024\" height=\"969\" src=\"https:\/\/neukirch-sachsen.de\/wp-content\/uploads\/2020\/03\/SAM_3312-1024x969.jpg\" alt=\"\" data-id=\"657\" data-link=\"https:\/\/neukirch-sachsen.de\/?attachment_id=657\" class=\"wp-image-657\" srcset=\"https:\/\/neukirch-sachsen.de\/wp-content\/uploads\/2020\/03\/SAM_3312-1024x969.jpg 1024w, https:\/\/neukirch-sachsen.de\/wp-content\/uploads\/2020\/03\/SAM_3312-300x284.jpg 300w, https:\/\/neukirch-sachsen.de\/wp-content\/uploads\/2020\/03\/SAM_3312-768x727.jpg 768w, https:\/\/neukirch-sachsen.de\/wp-content\/uploads\/2020\/03\/SAM_3312-1536x1453.jpg 1536w, https:\/\/neukirch-sachsen.de\/wp-content\/uploads\/2020\/03\/SAM_3312-2048x1938.jpg 2048w\" sizes=\"auto, (max-width: 1024px) 100vw, 1024px\" \/><\/a><\/figure><\/li><li class=\"blocks-gallery-item\"><figure><a href=\"https:\/\/neukirch-sachsen.de\/wp-content\/uploads\/2020\/03\/SAM_3345-1-1024x768.jpg\"><img loading=\"lazy\" decoding=\"async\" width=\"1024\" height=\"768\" src=\"https:\/\/neukirch-sachsen.de\/wp-content\/uploads\/2020\/03\/SAM_3345-1-1024x768.jpg\" alt=\"\" data-id=\"633\" data-link=\"https:\/\/neukirch-sachsen.de\/?attachment_id=633\" class=\"wp-image-633\" srcset=\"https:\/\/neukirch-sachsen.de\/wp-content\/uploads\/2020\/03\/SAM_3345-1-1024x768.jpg 1024w, https:\/\/neukirch-sachsen.de\/wp-content\/uploads\/2020\/03\/SAM_3345-1-300x225.jpg 300w, https:\/\/neukirch-sachsen.de\/wp-content\/uploads\/2020\/03\/SAM_3345-1-768x576.jpg 768w, https:\/\/neukirch-sachsen.de\/wp-content\/uploads\/2020\/03\/SAM_3345-1-1536x1152.jpg 1536w, https:\/\/neukirch-sachsen.de\/wp-content\/uploads\/2020\/03\/SAM_3345-1-2048x1536.jpg 2048w\" sizes=\"auto, (max-width: 1024px) 100vw, 1024px\" \/><\/a><\/figure><\/li><li class=\"blocks-gallery-item\"><figure><a href=\"https:\/\/neukirch-sachsen.de\/wp-content\/uploads\/2020\/03\/SAM_3326-1-1024x768.jpg\"><img loading=\"lazy\" decoding=\"async\" width=\"1024\" height=\"768\" src=\"https:\/\/neukirch-sachsen.de\/wp-content\/uploads\/2020\/03\/SAM_3326-1-1024x768.jpg\" alt=\"\" data-id=\"629\" data-link=\"https:\/\/neukirch-sachsen.de\/?attachment_id=629\" class=\"wp-image-629\" srcset=\"https:\/\/neukirch-sachsen.de\/wp-content\/uploads\/2020\/03\/SAM_3326-1-1024x768.jpg 1024w, https:\/\/neukirch-sachsen.de\/wp-content\/uploads\/2020\/03\/SAM_3326-1-300x225.jpg 300w, https:\/\/neukirch-sachsen.de\/wp-content\/uploads\/2020\/03\/SAM_3326-1-768x576.jpg 768w, https:\/\/neukirch-sachsen.de\/wp-content\/uploads\/2020\/03\/SAM_3326-1-1536x1152.jpg 1536w, https:\/\/neukirch-sachsen.de\/wp-content\/uploads\/2020\/03\/SAM_3326-1-2048x1536.jpg 2048w\" sizes=\"auto, (max-width: 1024px) 100vw, 1024px\" \/><\/a><\/figure><\/li><li class=\"blocks-gallery-item\"><figure><a href=\"https:\/\/neukirch-sachsen.de\/wp-content\/uploads\/2020\/03\/SAM_3339-1024x984.jpg\"><img loading=\"lazy\" decoding=\"async\" width=\"1024\" height=\"984\" src=\"https:\/\/neukirch-sachsen.de\/wp-content\/uploads\/2020\/03\/SAM_3339-1024x984.jpg\" alt=\"\" data-id=\"631\" data-link=\"https:\/\/neukirch-sachsen.de\/?attachment_id=631\" class=\"wp-image-631\" srcset=\"https:\/\/neukirch-sachsen.de\/wp-content\/uploads\/2020\/03\/SAM_3339-1024x984.jpg 1024w, https:\/\/neukirch-sachsen.de\/wp-content\/uploads\/2020\/03\/SAM_3339-300x288.jpg 300w, https:\/\/neukirch-sachsen.de\/wp-content\/uploads\/2020\/03\/SAM_3339-768x738.jpg 768w, https:\/\/neukirch-sachsen.de\/wp-content\/uploads\/2020\/03\/SAM_3339-1536x1477.jpg 1536w, https:\/\/neukirch-sachsen.de\/wp-content\/uploads\/2020\/03\/SAM_3339-2048x1969.jpg 2048w\" sizes=\"auto, (max-width: 1024px) 100vw, 1024px\" \/><\/a><\/figure><\/li><li class=\"blocks-gallery-item\"><figure><a href=\"https:\/\/neukirch-sachsen.de\/wp-content\/uploads\/2020\/03\/SAM_3331-1-1024x768.jpg\"><img loading=\"lazy\" decoding=\"async\" width=\"1024\" height=\"768\" src=\"https:\/\/neukirch-sachsen.de\/wp-content\/uploads\/2020\/03\/SAM_3331-1-1024x768.jpg\" alt=\"\" data-id=\"635\" data-link=\"https:\/\/neukirch-sachsen.de\/?attachment_id=635\" class=\"wp-image-635\" srcset=\"https:\/\/neukirch-sachsen.de\/wp-content\/uploads\/2020\/03\/SAM_3331-1-1024x768.jpg 1024w, https:\/\/neukirch-sachsen.de\/wp-content\/uploads\/2020\/03\/SAM_3331-1-300x225.jpg 300w, https:\/\/neukirch-sachsen.de\/wp-content\/uploads\/2020\/03\/SAM_3331-1-768x576.jpg 768w, https:\/\/neukirch-sachsen.de\/wp-content\/uploads\/2020\/03\/SAM_3331-1-1536x1152.jpg 1536w, https:\/\/neukirch-sachsen.de\/wp-content\/uploads\/2020\/03\/SAM_3331-1-2048x1536.jpg 2048w\" sizes=\"auto, (max-width: 1024px) 100vw, 1024px\" \/><\/a><\/figure><\/li><\/ul><\/figure>\n<!-- \/wp:gallery -->\n\n<!-- wp:paragraph -->\n<p><\/p>\n<!-- \/wp:paragraph -->\n\n<!-- wp:paragraph -->\n<p><\/p>\n<!-- \/wp:paragraph -->\n\n<!-- wp:paragraph -->\n<p> <\/p>\n<!-- \/wp:paragraph -->\n\n<!-- wp:paragraph -->\n<p><\/p>\n<!-- \/wp:paragraph -->\n\n<!-- wp:paragraph -->\n<p><\/p>\n<!-- \/wp:paragraph -->\n\n<!-- wp:paragraph -->\n<p><\/p>\n<!-- \/wp:paragraph -->\n\n<!-- wp:paragraph -->\n<p><\/p>\n<!-- \/wp:paragraph -->\n\n<!-- wp:paragraph -->\n<p><\/p>\n<!-- \/wp:paragraph -->\n\n<!-- wp:paragraph -->\n<p><\/p>\n<!-- \/wp:paragraph -->\n\n<!-- wp:paragraph {\"align\":\"right\"} -->\n<p class=\"has-text-align-right\">   <\/p>\n<!-- \/wp:paragraph --><\/div><\/li>\n<\/ul>","protected":false},"excerpt":{"rendered":"","protected":false},"author":1,"featured_media":0,"parent":48,"menu_order":0,"comment_status":"closed","ping_status":"closed","template":"","meta":{"_uag_custom_page_level_css":"","ngg_post_thumbnail":0,"footnotes":""},"class_list":["post-841","page","type-page","status-publish","hentry"],"uagb_featured_image_src":{"full":false,"thumbnail":false,"medium":false,"medium_large":false,"large":false,"1536x1536":false,"2048x2048":false,"ultp_layout_landscape_large":false,"ultp_layout_landscape":false,"ultp_layout_portrait":false,"ultp_layout_square":false,"post-thumbnail":false},"uagb_author_info":{"display_name":"Neukircher","author_link":"https:\/\/neukirch-sachsen.de\/?author=1"},"uagb_comment_info":0,"uagb_excerpt":null,"_links":{"self":[{"href":"https:\/\/neukirch-sachsen.de\/index.php?rest_route=\/wp\/v2\/pages\/841","targetHints":{"allow":["GET"]}}],"collection":[{"href":"https:\/\/neukirch-sachsen.de\/index.php?rest_route=\/wp\/v2\/pages"}],"about":[{"href":"https:\/\/neukirch-sachsen.de\/index.php?rest_route=\/wp\/v2\/types\/page"}],"author":[{"embeddable":true,"href":"https:\/\/neukirch-sachsen.de\/index.php?rest_route=\/wp\/v2\/users\/1"}],"replies":[{"embeddable":true,"href":"https:\/\/neukirch-sachsen.de\/index.php?rest_route=%2Fwp%2Fv2%2Fcomments&post=841"}],"version-history":[{"count":1,"href":"https:\/\/neukirch-sachsen.de\/index.php?rest_route=\/wp\/v2\/pages\/841\/revisions"}],"predecessor-version":[{"id":842,"href":"https:\/\/neukirch-sachsen.de\/index.php?rest_route=\/wp\/v2\/pages\/841\/revisions\/842"}],"up":[{"embeddable":true,"href":"https:\/\/neukirch-sachsen.de\/index.php?rest_route=\/wp\/v2\/pages\/48"}],"wp:attachment":[{"href":"https:\/\/neukirch-sachsen.de\/index.php?rest_route=%2Fwp%2Fv2%2Fmedia&parent=841"}],"curies":[{"name":"wp","href":"https:\/\/api.w.org\/{rel}","templated":true}]}}